{"id":135,"date":"2017-12-07T16:30:48","date_gmt":"2017-12-07T15:30:48","guid":{"rendered":"http:\/\/jagd-im-mittelalter.de\/?page_id=135"},"modified":"2023-01-13T13:11:28","modified_gmt":"2023-01-13T12:11:28","slug":"zur-person","status":"publish","type":"page","link":"http:\/\/jagd-im-mittelalter.de\/?page_id=135","title":{"rendered":"Zur Person"},"content":{"rendered":"<p style=\"text-align: justify;\"><span style=\"font-size: 12pt;\"><img decoding=\"async\" loading=\"lazy\" class=\"alignleft wp-image-78\" src=\"http:\/\/jagd-im-mittelalter.de\/wp-content\/uploads\/2017\/12\/IMG_9326-e1495804379905-225x300-225x300.jpg\" alt=\"\" width=\"200\" height=\"267\" \/><\/span><\/p>\n<table style=\"width: 74.04761904761905%; height: 1800px;\">\n<tbody>\n<tr>\n<td style=\"width: 24.278438%;\">\n<p style=\"font-size: 16px;\">seit 04\/2022<\/p>\n<\/td>\n<td style=\"width: 79.787056%; text-align: justify;\">\n<p style=\"font-size: 16px;\">Ernennung zur W3-Professorin f\u00fcr Geschichte der deutschen Sprache und der \u00e4lteren deutschen Literatur an der Martin-Luther-Universit\u00e4t Halle-Wittenberg<\/p>\n<\/td>\n<\/tr>\n<tr>\n<td style=\"width: 24.278438%;\">\n<p style=\"font-size: 16px;\">10\/2021 &#8211; 3\/2022<\/p>\n<\/td>\n<td style=\"width: 79.787056%; text-align: justify;\">\n<p style=\"font-size: 16px;\">Vertretung der Professur f\u00fcr Geschichte der deutschen Sprache und der \u00e4lteren deutschen Literatur an der Martin-Luther-Universit\u00e4t Halle-Wittenberg<\/p>\n<\/td>\n<\/tr>\n<tr>\n<td style=\"width: 24.27843803056027%;\">\n<p style=\"font-size: 16px;\">10\/2020 &#8211; 9\/2021<\/p>\n<\/td>\n<td style=\"width: 79.7870564875831%; text-align: justify;\">\n<p style=\"font-size: 16px;\">Wiederaufnahme des Heisenberg-Stipendiums (DFG) an der Rheinischen Friedrich-Wilhelms-Universit\u00e4t Bonn<\/p>\n<\/td>\n<\/tr>\n<tr>\n<td style=\"width: 24.27843803056027%;\">\n<p style=\"font-size: 16px;\">4 &#8211; 9\/2020<\/p>\n<\/td>\n<td style=\"width: 79.7870564875831%; text-align: justify;\">\n<p style=\"font-size: 16px;\">Vertretung des Lehrstuhls f\u00fcr \u00c4ltere Germanistik mit bes. Ber\u00fccksichtigung der deutschen Literatur des Mittelalters (Prof.in Dr. Elke Br\u00fcggen) an der Rheinischen Friedrich-Wilhelms-Universit\u00e4t Bonn<\/p>\n<\/td>\n<\/tr>\n<tr>\n<td style=\"width: 24.27843803056027%;\">\n<p style=\"font-size: 16px;\">4\/2018 &#8211; 3\/2020<\/p>\n<\/td>\n<td style=\"width: 79.7870564875831%; text-align: justify;\">\n<p style=\"font-size: 16px;\">Heisenberg-Stipendiatin (DFG) an der Rheinischen Friedrich-Wilhelms-Universit\u00e4t Bonn<\/p>\n<\/td>\n<\/tr>\n<tr>\n<td style=\"width: 24.27843803056027%;\">\n<p style=\"font-size: 16px;\">4\/2017 &#8211; 3\/2018<\/p>\n<\/td>\n<td style=\"width: 79.7870564875831%; text-align: justify;\">\n<p style=\"font-size: 16px;\">Vertretung des Lehrstuhls f\u00fcr deutsche Sprach- und Literaturgeschichte des Sp\u00e4tmittel\u00adalters im medien- und kulturgeschichtlichen Kontext an der Universi\u00adt\u00e4t Rostock (Prof. Dr. Franz-Josef Holznagel)<\/p>\n<\/td>\n<\/tr>\n<tr>\n<td style=\"width: 24.27843803056027%;\">\n<p style=\"font-size: 16px;\">1\/2017 &#8211; 3\/2017<\/p>\n<\/td>\n<td style=\"width: 79.7870564875831%; text-align: justify;\">\n<p style=\"font-size: 16px;\">Heisenberg-Stipendiatin (DFG) an der Rheinischen Friedrich-Wilhelms-Universi\u00adt\u00e4t Bonn<\/p>\n<\/td>\n<\/tr>\n<tr>\n<td style=\"width: 24.27843803056027%;\">\n<p style=\"font-size: 16px;\">10 &#8211; 12\/2016<\/p>\n<\/td>\n<td style=\"width: 79.7870564875831%; text-align: justify;\">\n<p style=\"font-size: 16px;\">Gastdozentur an der University of Oxford f\u00fcr den Bereich \u201aSprachgeschichte des Deutschen\u2018<\/p>\n<\/td>\n<\/tr>\n<tr>\n<td style=\"width: 24.27843803056027%;\">\n<p style=\"font-size: 16px;\">7 &#8211; 12\/2016<\/p>\n<\/td>\n<td style=\"width: 79.7870564875831%; text-align: justify;\">\n<p style=\"font-size: 16px;\">Stipendiatin der Gerda-Henkel-Stiftung, Projekt \u201aNetzwerke der Nonnen. Edition und Erschlie\u00dfung der Briefsammlung aus Kloster L\u00fcne (ca. 1460-1555)\u2018 (Prof. Dr. Eva Schlotheuber\/\u00a0Heinrich-Heine-Universit\u00e4t D\u00fcsseldorf, Prof. Dr. Henrike L\u00e4hne\u00admann\/\u00a0University of Oxford)<\/p>\n<\/td>\n<\/tr>\n<tr>\n<td style=\"width: 24.27843803056027%;\">\n<p style=\"font-size: 16px;\">4 &#8211; 7\/2016<\/p>\n<\/td>\n<td style=\"width: 79.7870564875831%; text-align: justify;\">\n<p style=\"font-size: 16px;\">Lehrbeauftragte f\u00fcr Germanistische Medi\u00e4vistik, Ruhr-Universit\u00e4t Bochum<\/p>\n<\/td>\n<\/tr>\n<tr>\n<td style=\"width: 24.27843803056027%;\">\n<p style=\"font-size: 16px;\">12\/2015<\/p>\n<\/td>\n<td style=\"width: 79.7870564875831%; text-align: justify;\">\n<p style=\"font-size: 16px;\">Habilitation an der Ruhr-Universit\u00e4t Bochum\/ Fakult\u00e4t f\u00fcr Philologie (Vertrauensdozent Prof. Dr. Klaus-Peter Wegera) mit der Habilitationsschrift \u201aVon triuwe und Treue. Wissen, Konzept und Diskurs in deutschsprachigen Texten bis 1350\u2018 und dem Fachvortrag mit Kolloquium \u201aAn den R\u00e4ndern und zwischen den Zeilen: Spuren kl\u00f6sterlicher Textarbeit. Marginale Textformen in Sammelhandschriften des sp\u00e4ten Mittelalters\u2018<\/p>\n<p style=\"font-size: 16px;\">Venia legendi: \u201aDeutsche Philologie\u2018<\/p>\n<\/td>\n<\/tr>\n<tr>\n<td style=\"width: 24.27843803056027%;\">\n<p style=\"font-size: 16px;\">10\/2015 &#8211; 3\/2016<\/p>\n<\/td>\n<td style=\"width: 79.7870564875831%; text-align: justify;\">\n<p style=\"font-size: 16px;\">Vertretung Juniorprofessur Medi\u00e4vistik (Ruhr-Universit\u00e4t Bochum, Germanisti\u00adsches Institut)<\/p>\n<\/td>\n<\/tr>\n<tr>\n<td style=\"width: 24.27843803056027%;\">\n<p style=\"font-size: 16px;\">9\/2009 &#8211; 8\/2015<\/p>\n<\/td>\n<td style=\"width: 79.7870564875831%; text-align: justify;\">\n<p style=\"font-size: 16px;\">Akademische R\u00e4tin a.Z. f\u00fcr Germanistische Medi\u00e4vistik (Ruhr-Universit\u00e4t Bochum, Germanistisches Institut)<\/p>\n<\/td>\n<\/tr>\n<tr>\n<td style=\"width: 24.27843803056027%;\">\n<p style=\"font-size: 16px;\">12\/2008 \u2013 8\/2009<\/p>\n<\/td>\n<td style=\"width: 79.7870564875831%; text-align: justify;\">\n<p style=\"font-size: 16px;\">Wiss. Mitarbeiterin im DFG-Projekt \u201aAnnotiertes Referenzkorpus Mittelhoch\u00addeutsch (1050-1350)\u2019 (Ruhr-Universit\u00e4t Bochum, Germanistisches Institut, Lehr\u00adstuhl Altgermanis\u00adtik I, Prof. Dr. Klaus-Peter Wegera)<\/p>\n<\/td>\n<\/tr>\n<tr>\n<td style=\"width: 24.27843803056027%;\">\n<p style=\"font-size: 16px;\">9\/2006 &#8211; 8\/2009<\/p>\n<\/td>\n<td style=\"width: 79.7870564875831%; text-align: justify;\">\n<p style=\"font-size: 16px;\">Wiss. Assistentin an der Ruhr-Universit\u00e4t Bochum, Lehrstuhl Altgermanistik I (Prof. Dr. Klaus-Peter Wegera), insbesondere Geschichte der deutschen Sprache<\/p>\n<\/td>\n<\/tr>\n<tr>\n<td style=\"width: 24.27843803056027%;\">\n<p style=\"font-size: 16px;\">8\/2004<\/p>\n<\/td>\n<td style=\"width: 79.7870564875831%; text-align: justify;\">\n<p style=\"font-size: 16px;\">Abschluss des Promotionsverfahrens an der Universit\u00e4t Duisburg\/Essen, Standort Essen, Fachbereich 3 Literatur- und Sprachwissenschaften, Germanistik\/ Medi\u00e4vis\u00adtik (Prof. Dr. R\u00fcdiger Brandt\/\u00a0Prof. Dr. Kurt Otto Seidel)<\/p>\n<\/td>\n<\/tr>\n<tr>\n<td style=\"width: 24.27843803056027%;\">\n<p style=\"font-size: 16px;\">11\/2003 \u2013 11\/2008<\/p>\n<\/td>\n<td style=\"width: 79.7870564875831%; text-align: justify;\">\n<p style=\"font-size: 16px;\">Wiss. Mitarbeiterin im DFG-Projekt \u201aMittelhochdeutsche Grammatik\u2019 (Ruhr-Universi\u00adt\u00e4t Bochum, Germanistisches Institut, Lehrstuhl Altgermanistik I, Prof. Dr. Klaus-Peter Wegera)<\/p>\n<\/td>\n<\/tr>\n<tr>\n<td style=\"width: 24.27843803056027%;\">\n<p style=\"font-size: 16px;\">2\/2003 \u2013 11\/2003<\/p>\n<\/td>\n<td style=\"width: 79.7870564875831%; text-align: justify;\">\n<p style=\"font-size: 16px;\">Abschluss-Stipendium Promotion, Universit\u00e4t Duisburg\/Essen, Standort Essen, Fachbereich 3 Literatur- und Sprachwissenschaften, Germanistik\/ Medi\u00e4vistik (Prof. Dr. R\u00fcdiger Brandt\/\u00a0Prof. Dr. Kurt Otto Seidel)<\/p>\n<\/td>\n<\/tr>\n<tr>\n<td style=\"width: 24.27843803056027%;\">\n<p style=\"font-size: 16px;\">11\/2000<\/p>\n<\/td>\n<td style=\"width: 79.7870564875831%; text-align: justify;\">\n<p style=\"font-size: 16px;\">Abschluss Magister Artium an der Ruhr-Universit\u00e4t Bochum (Germanistische Medi\u00e4vis\u00adtik, Neuere Deutsche Literaturwissenschaft, Geschichte des Mittel\u00adalters)<\/p>\n<\/td>\n<\/tr>\n<tr>\n<td style=\"width: 24.27843803056027%;\">\n<p style=\"font-size: 16px;\">6\/2000<\/p>\n<\/td>\n<td style=\"width: 79.7870564875831%; text-align: justify;\">\n<p style=\"font-size: 16px;\">Abschluss 1. Staatsexamen an der Ruhr-Universit\u00e4t Bochum (Unterrichtsf\u00e4\u00adcher Deutsch und Geschichte)<\/p>\n<\/td>\n<\/tr>\n<tr>\n<td style=\"width: 24.27843803056027%;\">\n<p style=\"font-size: 16px;\">1994 &#8211; 1999<\/p>\n<\/td>\n<td style=\"width: 79.7870564875831%; text-align: justify;\">\n<p style=\"font-size: 16px;\">Studium der Germanistik, Geschichte und Philosophie an der Ruhr-Universi\u00adt\u00e4t Bochum<\/p>\n<\/td>\n<\/tr>\n<\/tbody>\n<\/table>\n","protected":false},"excerpt":{"rendered":"<p>seit 04\/2022 Ernennung zur W3-Professorin f\u00fcr Geschichte der deutschen Sprache und der \u00e4lteren deutschen Literatur an der Martin-Luther-Universit\u00e4t Halle-Wittenberg 10\/2021 &#8211; 3\/2022 Vertretung der Professur f\u00fcr Geschichte der deutschen Sprache und der \u00e4lteren deutschen Literatur an der Martin-Luther-Universit\u00e4t Halle-Wittenberg 10\/2020 &#8211; 9\/2021 Wiederaufnahme des Heisenberg-Stipendiums (DFG) an der Rheinischen Friedrich-Wilhelms-Universit\u00e4t Bonn 4 &#8211; 9\/2020 Vertretung&#8230;<\/p>\n","protected":false},"author":1,"featured_media":0,"parent":59,"menu_order":0,"comment_status":"closed","ping_status":"closed","template":"","meta":{"_links_to":"","_links_to_target":""},"_links":{"self":[{"href":"http:\/\/jagd-im-mittelalter.de\/index.php?rest_route=\/wp\/v2\/pages\/135"}],"collection":[{"href":"http:\/\/jagd-im-mittelalter.de\/index.php?rest_route=\/wp\/v2\/pages"}],"about":[{"href":"http:\/\/jagd-im-mittelalter.de\/index.php?rest_route=\/wp\/v2\/types\/page"}],"author":[{"embeddable":true,"href":"http:\/\/jagd-im-mittelalter.de\/index.php?rest_route=\/wp\/v2\/users\/1"}],"replies":[{"embeddable":true,"href":"http:\/\/jagd-im-mittelalter.de\/index.php?rest_route=%2Fwp%2Fv2%2Fcomments&post=135"}],"version-history":[{"count":42,"href":"http:\/\/jagd-im-mittelalter.de\/index.php?rest_route=\/wp\/v2\/pages\/135\/revisions"}],"predecessor-version":[{"id":1377,"href":"http:\/\/jagd-im-mittelalter.de\/index.php?rest_route=\/wp\/v2\/pages\/135\/revisions\/1377"}],"up":[{"embeddable":true,"href":"http:\/\/jagd-im-mittelalter.de\/index.php?rest_route=\/wp\/v2\/pages\/59"}],"wp:attachment":[{"href":"http:\/\/jagd-im-mittelalter.de\/index.php?rest_route=%2Fwp%2Fv2%2Fmedia&parent=135"}],"curies":[{"name":"wp","href":"https:\/\/api.w.org\/{rel}","templated":true}]}}