{"id":1242,"date":"2021-05-20T09:46:10","date_gmt":"2021-05-20T07:46:10","guid":{"rendered":"http:\/\/jagd-im-mittelalter.de\/?page_id=1242"},"modified":"2023-01-30T12:40:12","modified_gmt":"2023-01-30T11:40:12","slug":"anais-george-b-a","status":"publish","type":"page","link":"http:\/\/jagd-im-mittelalter.de\/?page_id=1242","title":{"rendered":"Ana\u00efs George, M.A."},"content":{"rendered":"\n<p><img decoding=\"async\" loading=\"lazy\" class=\"wp-image-1259 alignleft\" src=\"http:\/\/jagd-im-mittelalter.de\/wp-content\/uploads\/2021\/06\/Unbenannt.png\" alt=\"\" width=\"200\" height=\"306\" srcset=\"http:\/\/jagd-im-mittelalter.de\/wp-content\/uploads\/2021\/06\/Unbenannt.png 345w, http:\/\/jagd-im-mittelalter.de\/wp-content\/uploads\/2021\/06\/Unbenannt-196x300.png 196w\" sizes=\"(max-width: 200px) 100vw, 200px\" \/><\/p>\n\n\n<p><!-- \/wp:columns --><\/p>\n<table style=\"width: 74.047619%; height: 80px;\">\n<tbody>\n<tr style=\"height: 120px;\">\n<td style=\"height: 10px; width: 20.238095238095237%;\" width=\"126\">\n<p style=\"font-size: 16px;\">09\/2022<\/p>\n<\/td>\n<td style=\"text-align: justify; width: 78.809524%; height: 10px;\">\n<p style=\"font-size: 16px;\">Erlangung des Grades \u201aMaster of Arts\u2018 an der Rheinischen Friedrich-Wilhelms-Universit\u00e4t Bonn mit der Arbeit: \u201aDie Verehrung des heiligen Alexander als Schutzpatron des Klosters Wienhausen in sp\u00e4tmittelalterlichen und fr\u00fchneuzeitlichen Schrift- und Bildzeugnissen\u2018<\/p>\n<\/td>\n<\/tr>\n<tr style=\"height: 120px;\">\n<td style=\"height: 10px; width: 20.238095238095237%;\" width=\"126\">\n<p style=\"font-size: 16px;\">seit 10\/2020<\/p>\n<\/td>\n<td style=\"text-align: justify; height: 10px; width: 78.80952380952382%;\" width=\"439\">\n<p style=\"font-size: 16px;\">Wissenschaftliche Hilfskraft im DFG-Forschungsprojekt \u201aDie Jagd in deutschsprachigen Fachtexten des Mittelalters und der fr\u00fchen Neuzeit\u2018 (Martin-Luther-Universit\u00e4t Halle-Wittenberg, Prof. Dr. Simone Schultz-Balluff)<\/p>\n<\/td>\n<\/tr>\n<tr style=\"height: 120px;\">\n<td style=\"height: 10px; width: 20.238095238095237%;\" width=\"126\">\n<p style=\"font-size: 16px;\">10\/2019 \u2013 10\/2022<\/p>\n<\/td>\n<td style=\"text-align: justify; height: 10px; width: 78.80952380952382%;\" width=\"439\">\n<p style=\"font-size: 16px;\">Master-Studium Mittelalterstudien an der Rheinischen Friedrich-Wilhelms-Universit\u00e4t Bonn&nbsp;(Schwerpunkte in der germanistischen Medi\u00e4vistik und Kunstgeschichte des Mittelalters)<\/p>\n<\/td>\n<\/tr>\n<tr style=\"height: 120px;\">\n<td style=\"height: 10px; width: 20.238095238095237%;\" width=\"126\">\n<p style=\"font-size: 16px;\">10\/2018 \u2013 09\/2019<\/p>\n<\/td>\n<td style=\"text-align: justify; height: 10px; width: 78.80952380952382%;\" width=\"439\">\n<p style=\"font-size: 16px;\">Wissenschaftliche Hilfskraft im DFG-Forschungsprojekt zur \u201aDigitalisierung und Erschlie\u00dfung von Handschriften in italienischer Sprache der S\u00e4chsischen Landesbibliothek \u2013 Staats- und Universit\u00e4tsbibliothek Dresden (SLUB)\u2018<\/p>\n<\/td>\n<\/tr>\n<tr style=\"height: 120px;\">\n<td style=\"height: 10px; width: 20.238095238095237%;\" width=\"126\">\n<p style=\"font-size: 16px;\">seit 10\/2018<\/p>\n<\/td>\n<td style=\"text-align: justify; height: 10px; width: 78.80952380952382%;\" width=\"439\">\n<p style=\"font-size: 16px;\">Nebent\u00e4tigkeit als \u00dcbersetzerin von Kupferstichbeschreibungen aus Dresdner Galeriewerken des 18. Jahrhunderts vom Franz\u00f6sischen ins Deutsche<\/p>\n<\/td>\n<\/tr>\n<tr style=\"height: 120px;\">\n<td style=\"height: 10px; width: 20.238095238095237%;\" width=\"126\">\n<p style=\"font-size: 16px;\">07\/2019<\/p>\n<\/td>\n<td style=\"text-align: justify; height: 10px; width: 78.80952380952382%;\" width=\"439\">\n<p style=\"font-size: 16px;\">Erlangung des Grades Bachelor of Arts mit der Arbeit: \u201aDie Miniaturen der vier apokalyptischen Reiter in der Dresdner Apokalypse-Handschrift Mscr.Dresd.Oc.50\u2018<\/p>\n<\/td>\n<\/tr>\n<tr style=\"height: 120px;\">\n<td style=\"height: 10px; width: 20.238095238095237%;\" width=\"126\">\n<p style=\"font-size: 16px;\">10\/2015 \u2013 07\/2019&nbsp;&nbsp;<\/p>\n<\/td>\n<td style=\"text-align: justify; height: 10px; width: 78.80952380952382%;\" width=\"439\">\n<p style=\"font-size: 16px;\">2-Fach-Bachelor-Studium der Kunstgeschichte und Romanistik (Franz\u00f6sisch) an der Technischen Universit\u00e4t Dresden<\/p>\n<\/td>\n<\/tr>\n<tr style=\"height: 120px;\">\n<td style=\"height: 10px; width: 20.238095238095237%;\" width=\"126\">\n<p style=\"font-size: 16px;\"><strong>Stipendien<\/strong><\/p>\n<\/td>\n<td style=\"text-align: justify; width: 78.809524%; height: 10px;\">\n<p style=\"font-size: 16px;\">Deutschlandstipendiatin an der Technischen Universit\u00e4t Dresden von Oktober 2017 bis M\u00e4rz 2019<\/p>\n<p style=\"font-size: 16px;\">Teilnahme am 7. Sommerkurs Pal\u00e4ographie. Lateinische Schrift an der Universit\u00e4t Heidelberg vom 30.VIII. \u2013 10.IX.2021 unter der Leitung von Prof. Dr. Tino Licht<\/p>\n<\/td>\n<\/tr>\n<\/tbody>\n<\/table>","protected":false},"excerpt":{"rendered":"<p>09\/2022 Erlangung des Grades \u201aMaster of Arts\u2018 an der Rheinischen Friedrich-Wilhelms-Universit\u00e4t Bonn mit der Arbeit: \u201aDie Verehrung des heiligen Alexander als Schutzpatron des Klosters Wienhausen in sp\u00e4tmittelalterlichen und fr\u00fchneuzeitlichen Schrift- und Bildzeugnissen\u2018 seit 10\/2020 Wissenschaftliche Hilfskraft im DFG-Forschungsprojekt \u201aDie Jagd in deutschsprachigen Fachtexten des Mittelalters und der fr\u00fchen Neuzeit\u2018 (Martin-Luther-Universit\u00e4t Halle-Wittenberg, Prof. Dr. Simone Schultz-Balluff)&#8230;<\/p>\n","protected":false},"author":1,"featured_media":0,"parent":0,"menu_order":0,"comment_status":"closed","ping_status":"closed","template":"","meta":{"_links_to":"","_links_to_target":""},"_links":{"self":[{"href":"http:\/\/jagd-im-mittelalter.de\/index.php?rest_route=\/wp\/v2\/pages\/1242"}],"collection":[{"href":"http:\/\/jagd-im-mittelalter.de\/index.php?rest_route=\/wp\/v2\/pages"}],"about":[{"href":"http:\/\/jagd-im-mittelalter.de\/index.php?rest_route=\/wp\/v2\/types\/page"}],"author":[{"embeddable":true,"href":"http:\/\/jagd-im-mittelalter.de\/index.php?rest_route=\/wp\/v2\/users\/1"}],"replies":[{"embeddable":true,"href":"http:\/\/jagd-im-mittelalter.de\/index.php?rest_route=%2Fwp%2Fv2%2Fcomments&post=1242"}],"version-history":[{"count":51,"href":"http:\/\/jagd-im-mittelalter.de\/index.php?rest_route=\/wp\/v2\/pages\/1242\/revisions"}],"predecessor-version":[{"id":1417,"href":"http:\/\/jagd-im-mittelalter.de\/index.php?rest_route=\/wp\/v2\/pages\/1242\/revisions\/1417"}],"wp:attachment":[{"href":"http:\/\/jagd-im-mittelalter.de\/index.php?rest_route=%2Fwp%2Fv2%2Fmedia&parent=1242"}],"curies":[{"name":"wp","href":"https:\/\/api.w.org\/{rel}","templated":true}]}}