{"id":1061,"date":"2021-05-06T14:59:09","date_gmt":"2021-05-06T12:59:09","guid":{"rendered":"http:\/\/jagd-im-mittelalter.de\/?page_id=1061"},"modified":"2021-05-20T09:49:12","modified_gmt":"2021-05-20T07:49:12","slug":"bibliographie","status":"publish","type":"page","link":"http:\/\/jagd-im-mittelalter.de\/?page_id=1061","title":{"rendered":"Bibliographie"},"content":{"rendered":"\n<p style=\"font-size: 17px; text-align: justify;\">Die Literaturverzeichnisse zu den Beitr\u00e4gen<\/p>\n<ul>\n<li>\n<p style=\"font-size: 17px; text-align: justify;\">Schultz-Balluff, Simone: Hoppa waidman, frisch und hayl, so wirt dir auch dein tayl! Tipps aus der Satteltasche? Ein handliches Jagdbuch aus dem 15. Jahrhundert im Einsatz. In: HALALI, 1\/2021, S. 144-151,<\/p>\n<\/li>\n<li>\n<p style=\"font-size: 17px; text-align: justify;\">Schultz-Balluff, Simone: Es sint dreyerley ha\u00dfen. Von herabh\u00e4ngenden L\u00f6ffeln, erstarrten Hasen und dem Klopfen auf den Busch. In: HALALI, 2\/2021, S. 143-149<\/p>\n<\/li>\n<\/ul>\n<p style=\"font-size: 17px; text-align: justify;\">finden Sie hier: <a href=\"http:\/\/jagd-im-mittelalter.de\/wp-content\/uploads\/2021\/05\/Hoppa-waidman-Literaturverzeichnis.pdf\">HALALI, 1\/2021<\/a>;&nbsp;<a href=\"http:\/\/jagd-im-mittelalter.de\/wp-content\/uploads\/2021\/05\/Es-sint-dreyerley-hassen-Literaturverzeichnis.pdf\">HALALI, 2\/2021<\/a>.<\/p>\n<hr>\n<h3>Sekund\u00e4rliteratur zu Jagd und Jagdliteratur in Mittelalter und fr\u00fcher Neuzeit<\/h3>\n<p style=\"font-size: 17px; text-align: justify;\">Die folgende Bibliographie listet die bisher erschienene Forschungsliteratur und wird laufend aktualisiert. Die Eintr\u00e4ge lassen sich mithilfe der Suchfunktion gezielt nach Titelstichw\u00f6rten durchsuchen. Editionen zu den im Projekt erfassten Jagdtexten sind \u00fcber die jeweiligen Eintr\u00e4ge im <a href=\"https:\/\/www.artesliteratur.de\/wiki\/Kategorie:Jagd\">Artesliteratur-Wiki<\/a> recherchierbar.<\/p>\n<p>&nbsp;<\/p>\n\n\n\n<table id=\"tablepress-5\" class=\"tablepress tablepress-id-5\">\n<thead>\n<tr class=\"row-1 odd\">\n\t<th class=\"column-1\">Forschungsliteratur zu Jagd und Jagdliteratur in Mittelalter und fr\u00fcher Neuzeit<\/th>\n<\/tr>\n<\/thead>\n<tbody class=\"row-hover\">\n<tr class=\"row-2 even\">\n\t<td class=\"column-1\">Abeele, Baudouin van den: La Fauconnerie au Moyen \u00c2ge: Connaissance, affaitage et m\u00e9decine des oiseaux de chasse d'apr\u00e8s les trait\u00e9s latins. Paris 1994.<\/td>\n<\/tr>\n<tr class=\"row-3 odd\">\n\t<td class=\"column-1\">Abeele, Baudouin van den: Inspirations orientales et destin\u00e9es occidentales du De arte venandi cum avibus de Fr\u00e9d\u00e9ric II. In: Federico II e le nuove culture: Atti del XXXI Convegno storico internazionale, Todi, 9-12 ottobre 1994 (= Atti dei convegni del Centro Italiano di Studi sul Basso Medioevo. Accademia Tudertina e del Centro di Studi sulla Spiritualit\u00e0 NS 8). Spoleto 1995, S. 363-391.<\/td>\n<\/tr>\n<tr class=\"row-4 even\">\n\t<td class=\"column-1\">Abeele, Baudouin van den: La litt\u00e9rature cyn\u00e9g\u00e9tique (= Typologie des sources du Moyen \u00c2ge occidental 75). Turnhout 1996.<\/td>\n<\/tr>\n<tr class=\"row-5 odd\">\n\t<td class=\"column-1\">Abeele, Baudouin van den: Zum Ph\u00e4nomen der \"Relatinisierung\" in der mittelalterlichen Fachliteratur: Die Entstehungsgeschichte der \"J\u00fcngeren Deutschen Habichtslehre\". In: Sudhoffs Archiv: Zeitschrift f\u00fcr Wissenschaftsgeschichte 81 (1997), S. 105-119.<\/td>\n<\/tr>\n<tr class=\"row-6 even\">\n\t<td class=\"column-1\">Abeele, Baudouin van den: Le faucon sur la main: Un parcours iconographique m\u00e9di\u00e9val. In: La Chasse au Moyen Age: Soci\u00e9t\u00e9, trait\u00e9s, symboles, herausgegeben von Agostino Paravicini Bagliani und Baudouin Van den Abeele (= Micrologus' library 5). Florenz 2000, S. 87-109.<\/td>\n<\/tr>\n<tr class=\"row-7 odd\">\n\t<td class=\"column-1\">Ahlrichs, Richard: Ostfriesland lieferte gute Falken: Falknerei und Beizjagd waren im ausgehenden Mittelalter sehr beliebt. In: Heimatkunde und Heimatgeschichte (Aurich) 3 (1966) S. 10-11.<\/td>\n<\/tr>\n<tr class=\"row-8 even\">\n\t<td class=\"column-1\">Aletsee, Rudolf: Geschichten aus der Pfrontener Jagd. In: Rund um den Falkenstein: Mitteilungsblatt des Heimatvereins Pfronten u. Umgebung e. V. 3 (2000), S. 141-146.<\/td>\n<\/tr>\n<tr class=\"row-9 odd\">\n\t<td class=\"column-1\">Amacher, Urs; Z\u00fcricher Fischerei im Sp\u00e4tmittelalter: Realienkunde, Sozial- und Wirtschaftsgeschichte der Fischerei im Z\u00fcricher Gebiet (= Mitteilungen der Antiquarischen Gesellschaft in Z\u00fcrich 63). Z\u00fcrich 1996. [auch Diss. Universit\u00e4t Z\u00fcrich 1994\/1995]<\/td>\n<\/tr>\n<tr class=\"row-10 even\">\n\t<td class=\"column-1\">Amacher, Urs: Geschichte der Fischer und der Fischerei im Mittelalter. In: Fisch und Fischer aus zwei Jahrtausenden: eine fischereiwirtschaftliche Zeitreise durch die Nordwestschweiz, herausgegeben von Heidemarie H\u00fcster Plogmann (= Forschungen in Augst 39). Augst 2006, S. 95-106.<\/td>\n<\/tr>\n<tr class=\"row-11 odd\">\n\t<td class=\"column-1\">Amacher, Urs: Mit Garnen, Netzen, B\u00e4ren und Schn\u00fcren: Die Ger\u00e4te und Fangmethoden der Fischer im Mittelalter. In: Fisch und Fischer aus zwei Jahrtausenden: eine fischereiwirtschaftliche Zeitreise durch die Nordwestschweiz, herausgegeben von Heidemarie H\u00fcster Plogmann (= Forschungen in Augst 39). Augst 2006, S. 123-130.<\/td>\n<\/tr>\n<tr class=\"row-12 even\">\n\t<td class=\"column-1\">Amatuccio, Giovanni: La caccia con l'arco nel Medioevo: De arte bersandi. Bologna 2001.<\/td>\n<\/tr>\n<tr class=\"row-13 odd\">\n\t<td class=\"column-1\">Ament, Hermann: Bemerkungen zu Jagdmotiven auf fr\u00fchmittelalterlichen Spangenhelmen. In: Acta praehistorica et archaeologica 35 (2003), S. 63.<\/td>\n<\/tr>\n<tr class=\"row-14 even\">\n\t<td class=\"column-1\">Ammer, Jessica: Fischfangb\u00fccher von der Antike bis zur fr\u00fchen Neuzeit. In: \"In vriuntschaft als es was ged\u00e2ht\": Freundschaftsschrift f\u00fcr Hans-Joachim Solms, herausgegeben von Jessica Ammer, Gerhard Meiser und Heike Link. Berlin 2020, S. 231-251.<\/td>\n<\/tr>\n<tr class=\"row-15 odd\">\n\t<td class=\"column-1\">Anderluh, Gerhard: Jagdg\u00f6ttinnen und J\u00e4gerheilige - Religion, Brauchtum und jagdliche Ethik. In: alles jagd ... eine kulturgeschichte: K\u00e4rtner Landesausstellung Ferlach 1997; Katalogbuch, herausgegeben vom Land K\u00e4rnten, Kulturabteilung - K\u00e4rtner Landesausstellung, unter der Leitung von G\u00fcnther H\u00f6dl und Hartwig Pucker [Gesamtredaktion: Gabriele Guntsche-Liessmann und Daniela Schurian]. Klagenfurt 1997, S. 303-307. <\/td>\n<\/tr>\n<tr class=\"row-16 even\">\n\t<td class=\"column-1\">Appuhn, Horst: Die Jagd als Sinnbild in der norddeutschen Kunst des Mittelalters (= Die Jagd in der Kunst). Hamburg\/Berlin 1964.<\/td>\n<\/tr>\n<tr class=\"row-17 odd\">\n\t<td class=\"column-1\">Aspernig, Walter: Der K\u00fcrnberg als kaiserliches Jagdgebiet. In: Amtliche Linzer Zeitung. Amtsblatt f\u00fcr Ober\u00f6sterreich 347\/12 (1977), S. 307-309.<\/td>\n<\/tr>\n<tr class=\"row-18 even\">\n\t<td class=\"column-1\">Ausserer, Karl: Jagd und Wild in der Heraldik. In: Neues Jahrbuch der Heraldisch-Genealogischen Gesellschaft \"Adler\" 1 (1947), S. 83-112.<\/td>\n<\/tr>\n<tr class=\"row-19 odd\">\n\t<td class=\"column-1\">Ausserer, Karl: Ein \"Tiroler Jagdbuch Kaiser Maximilians I.\". In: Mitteilungen des Instituts f\u00fcr \u00d6sterreichische Geschichtsforschung 56 (1948), S. 385-417. <\/td>\n<\/tr>\n<tr class=\"row-20 even\">\n\t<td class=\"column-1\">Auer, Gisela: Die Jagdgebiete Kaiser Maximilians I. in den Herrschaften Scharfeneck, Hornstein und Eisenstadt. In: Burgenl\u00e4ndische Heimatbl\u00e4tter: Mitteilungen des Burgenl\u00e4ndischen Heimat- und Naturschutzvereins; Nachrichten der Landessammlungen der Landesvolksbildungsstelle und der Landesfachstelle f\u00fcr Naturschutz 43 (1981), S. 185-189.<\/td>\n<\/tr>\n<tr class=\"row-21 odd\">\n\t<td class=\"column-1\">Azzola, Friedrich Karl: Die beiden Steinkreuze bei Buch nahe Amorbach und in der Stadt Langen: zugleich ein Beitrag zu Spie\u00df und Horn als Zeichen sp\u00e4tmittelalterlicher Denkmale der J\u00e4ger, Jagdgehilfen. In: Der Odenwald: Zeitschrift des Breuberg-Bundes 45 (1998), S. 160-163.<\/td>\n<\/tr>\n<tr class=\"row-22 even\">\n\t<td class=\"column-1\">Bachofen-Echt, Reinhart\/Hoffer, Wilhelm: Materialien zur Geschichte des steirischen Jagdrechtes und der Jagdverfassung (= Quellen zur Verfassungs- und Verwaltungsgeschichte der Steiermark 2). Graz 1926.<\/td>\n<\/tr>\n<tr class=\"row-23 odd\">\n\t<td class=\"column-1\">Bachofen-Echt, Reinhart\/Hoffer, Wilhelm: Jagdgeschichte Steiermarks, Bd. 1-4. Graz 1928-1931.<\/td>\n<\/tr>\n<tr class=\"row-24 even\">\n\t<td class=\"column-1\">Baisch, Martin: \u201aman sol hunde umbe ebers houbet gebn' (Parzival, v. 150,22): Gabe, zorn und Anerkennung bei Wolfram von Eschenbach. In: Anerkennung und die M\u00f6glichkeiten der Gabe: Literaturwissenschaftliche Beitr\u00e4ge, unter Mitarbeit von Malena Ratzke und Britta Wittchow, herausgegeben von Martin Baisch (= Hamburger Beitr\u00e4ge zur Germanistik, Bd. 58). Frankfurt am Main 2017, S. 263-285.<\/td>\n<\/tr>\n<tr class=\"row-25 odd\">\n\t<td class=\"column-1\">Bartel, Martin: Jagd im fr\u00fchen Minnesang - Zur Wandlungsf\u00e4higkeit eines Motivkomplexes. In: Zeitschrift f\u00fcr deutsche Philologie 134\/3 (2015), S. 369-393.<\/td>\n<\/tr>\n<tr class=\"row-26 even\">\n\t<td class=\"column-1\">Barth, Wolf-Eberhard: Der Hannoversche Schwei\u00dfhund als Beispiel der Entwicklung eines deutschen Jagdhundes (Dissertation zur Erlangung des Doktorgrades der Forstlichen Fakult\u00e4t der Georg-August-Universit\u00e4t G\u00f6ttingen in Hann-M\u00fcnden). G\u00f6ttingen 1969.<\/td>\n<\/tr>\n<tr class=\"row-27 odd\">\n\t<td class=\"column-1\">Bauer, Matthias Johannes: Saufeder-Traktate: Der Schweinespie\u00df als Jagd- und Zweikampfwaffe in der deutschsprachigen Fachprosa des Sp\u00e4tmittelalters und der Renaissance. In: Medium Aevum Quotidianum 66 (2013), S. 38-57.<\/td>\n<\/tr>\n<tr class=\"row-28 even\">\n\t<td class=\"column-1\">Beck, Corinne: Chasses et \u00e9quipages de chasse en Bourgogne ducale (vers 1360-1420). In: La Chasse au Moyen Age: Soci\u00e9t\u00e9, trait\u00e9s, symboles, herausgegeben von Agostino Paravicini Bagliani und Baudouin Van den Abeele (= Micrologus' library 5). Florenz 2000, S. 151-174.<\/td>\n<\/tr>\n<tr class=\"row-29 odd\">\n\t<td class=\"column-1\">Becker, Philipp August: Zur Jagd im Odenwalde. In: Beitr\u00e4ge zur Geschichte der deutschen Sprache und Literatur 70 (1948), S. 420-431.<\/td>\n<\/tr>\n<tr class=\"row-30 even\">\n\t<td class=\"column-1\">Beckers, Alfred: Kurk\u00f6lnische und kurpf\u00e4lzische Falknerei im Raum Neuss-Dormagen. In: Zeitspr\u00fcnge: Historische Zeitschrift des Geschichtsvereins f\u00fcr Dormagen, Nievenheim und Zons; Dormagen von der Steinzeit bis zur Gegenwart 2 (2004), S. 43-47.<\/td>\n<\/tr>\n<tr class=\"row-31 odd\">\n\t<td class=\"column-1\">Begiebing, Heinrich: Die k\u00f6niglichen Pfalzen als Jagdaufenthalte der salischen Kaiser. Bonn 1904.<\/td>\n<\/tr>\n<tr class=\"row-32 even\">\n\t<td class=\"column-1\">Begiebing, Heinrich: Die Jagd im Leben der salischen Kaiser. Bonn 1905.<\/td>\n<\/tr>\n<tr class=\"row-33 odd\">\n\t<td class=\"column-1\">Below, Stefan von\/Breit, Stefan: Wald: Von der Gottesgabe zum Privateigentum; Gerichtliche Konflikte zwischen Landesherren und Untertanen um den Wald in der fr\u00fchen Neuzeit (= Quellen und Forschungen zur Agrargeschichte 43). Stuttgart 1998.<\/td>\n<\/tr>\n<tr class=\"row-34 even\">\n\t<td class=\"column-1\">Benecke, Norbert: Zur Haustierhaltung und Jagd in der Niederlausitz w\u00e4hrend der r\u00f6mischen Kaiserzeit und des Mittelalters nach arch\u00e4ozoologischen Befunden. In: Beitr\u00e4ge zur Arch\u00e4ozoologie und Pr\u00e4historischen Anthropologie 4 (2003), S. 75-85.<\/td>\n<\/tr>\n<tr class=\"row-35 odd\">\n\t<td class=\"column-1\">Bergemann, Ulrich: Die Geschichte der landesherrlichen Jagdhoheit in der Grafschaft Zollern: Mit einer kritischen \u00dcbersicht \u00fcber die deutsche Jagd- und Forstgeschichte bis zum Anfang des 14. Jahrhunderts; Ein Beitrag zum deutschen Jagdrecht. In: Hohenzollerische Jahreshefte 24 (1964), S. 133-296.<\/td>\n<\/tr>\n<tr class=\"row-36 even\">\n\t<td class=\"column-1\">Bernhard, Wilhelm: Forst- und Jagdwesen in Bodman. In: Bodman: Dorf, Kaiserpfalz, Adel, Tl. 2, herausgegeben von Herbert Berner (= Bodensee-Bibliothek. Monographien zur Kunstgeschichte des Bodenseeraumes 13\/2; Hegau-Bibliothek 32). Sigmaringen 1985, S. 573-590.<\/td>\n<\/tr>\n<tr class=\"row-37 odd\">\n\t<td class=\"column-1\">Bernhardt, Walter: Der Streit des Christoph von Venningen mit dem Markgrafen von Baden um die niedere Jagd auf K\u00f6nigsbacher Markung 1532-1541: Geiselnahme - ein aktuelles Problem - als Mittel des Schw\u00e4cheren zur Durchsetzung von Rechtsanspr\u00fcchen. In: Festschrift f\u00fcr Ferdinand Elsener zum 65. Geburtstag, herausgegeben von Louis Carlen und Friedrich Ebel. Sigmaringen 1977, S. 39-51.<\/td>\n<\/tr>\n<tr class=\"row-38 even\">\n\t<td class=\"column-1\">Besamusca, Bart: Tyolet, Lanceloet und Lanzarote auf der Jagd nach dem Hirsch mit dem wei\u00dfen Fu\u00df. In: Vom Verstehen deutscher Texte des Mittelalters aus der europ\u00e4ischen Kultur: Hommage \u00e0 Elisabeth Schmid, herausgegeben von Dorothea Klein (= W\u00fcrzburger Beitr\u00e4ge zur deutschen Philologie, Bd. 35). W\u00fcrzburg 2011, S. 359-374.<\/td>\n<\/tr>\n<tr class=\"row-39 odd\">\n\t<td class=\"column-1\">Beyschlag, Siegfried: Oswalds von Wolkenstein Jagdlied, \u201aWolauff, gesell! Wer jagen well' KL52. In: Oswald von Wolkenstein: Beitr\u00e4ge der philologisch-musikwissenschaftlichen Tagung in Neustift bei Brixen 1973, herausgegeben von Egon K\u00fchebacher (= Innsbrucker Beitr\u00e4ge zur Kulturwissenschaft. Germanistische Reihe 1). Innsbruck 1974, S. 37-50.<\/td>\n<\/tr>\n<tr class=\"row-40 even\">\n\t<td class=\"column-1\">Birkhan, Helmut: Wie kam die Falknerei nach Europa? In: Zeitschrift f\u00fcr Jagdwissenschaft 18 (1972), S. 152-166.<\/td>\n<\/tr>\n<tr class=\"row-41 odd\">\n\t<td class=\"column-1\">Blank, Walter: Art. \"Jagdallegorie\". In: Verfasserlexikon, Tl. 4. 21983, Sp. 468-469.<\/td>\n<\/tr>\n<tr class=\"row-42 even\">\n\t<td class=\"column-1\">Blusch, J\u00fcrgen: Humanist und Fachschriftsteller: Konrad Heresbach \u00fcber Jagd und Landwirtschaft. In: Der Niederrhein im Zeitalter des Humanismus: Konrad Heresbach und sein Kreis; Referate der 9. Niederrhein-Tagung des Arbeitskreises niederrheinischer Kommunalarchive f\u00fcr Regionalgeschichte, herausgegeben von Meinhard Pohl (= Schriften der Heresbach-Stiftung Kalkar 5). Bielefeld 1997, S. 147-164.<\/td>\n<\/tr>\n<tr class=\"row-43 odd\">\n\t<td class=\"column-1\">B\u00f6hme, Klaus: Von der freien Jagd zum k\u00f6niglichen Bannforst. In: alles jagd ... eine kulturgeschichte: K\u00e4rtner Landesausstellung Ferlach 1997; Katalogbuch, herausgegeben vom Land K\u00e4rnten, Kulturabteilung - K\u00e4rtner Landesausstellung, unter der Leitung von G\u00fcnther H\u00f6dl und Hartwig Pucker [Gesamtredaktion: Gabriele Guntsche-Liessmann und Daniela Schurian]. Klagenfurt 1997, S. 121-130.<\/td>\n<\/tr>\n<tr class=\"row-44 even\">\n\t<td class=\"column-1\">B\u00f6sch, Hans: Jagdscenen aus der 2. H\u00e4lfte des 15.Jahrhunderts. In: Mitteilungen aus dem Germanischen Nationalmuseum (1899), S. 61-64.<\/td>\n<\/tr>\n<tr class=\"row-45 odd\">\n\t<td class=\"column-1\">Bormuth, Heinz: Herrschaftliche Jagd, Wilddieberei und b\u00e4uerliche Not: zur Geschichte der Jagd und des Jagdfrevels im Odenwald. In: Der Odenwald: Zeitschrift des Breuberg-Bundes 46 (1999), S. 3-31.<\/td>\n<\/tr>\n<tr class=\"row-46 even\">\n\t<td class=\"column-1\">Born, Eberhard: Geschichte der Jagd und Fischerei von Lengefeld am M\u00fchlh\u00e4user Landgraben 1335-2011. Bad Langensalza 2011.<\/td>\n<\/tr>\n<tr class=\"row-47 odd\">\n\t<td class=\"column-1\">Bossart, Julia\/Fl\u00fcck, Matthias: \"... dass auch die visch fe\u00fcchter und kalter natur sind\". Arch\u00e4ologische und historische Spurensuche durch ein Jahr im Mittelalter. In: Fisch und Fischer aus zwei Jahrtausenden: eine fischereiwirtschaftliche Zeitreise durch die Nordwestschweiz, herausgegeben von Heidemarie H\u00fcster Plogmann (= Forschungen in Augst 39). Augst 2006, S. 131-140.<\/td>\n<\/tr>\n<tr class=\"row-48 even\">\n\t<td class=\"column-1\">Brackert, Helmut\/Kleffens, Cora van: Von Hunden und Menschen: Geschichte einer Lebensgemeinschaft. M\u00fcnchen 1989.<\/td>\n<\/tr>\n<tr class=\"row-49 odd\">\n\t<td class=\"column-1\">Brackert, Helmut: \"deist rehtiu jeger\u00eee\": H\u00f6fische Jagddarstellungen in der deutschen Epik des Hochmittelalters. In: Jagd und h\u00f6fische Kultur im Mittelalter, herausgegeben von Werner R\u00f6sener (= Ver\u00f6ffentlichungen des Max-Planck-Instituts f\u00fcr Geschichte, Bd. 135). G\u00f6ttingen 1997, S. 365-406.<\/td>\n<\/tr>\n<tr class=\"row-50 even\">\n\t<td class=\"column-1\">Brednich, Rolf Wilhelm: Der Vogelherd: Flugbl\u00e4tter als Quellen zur Ikonographie der Jagd. In: Rheinisch-westf\u00e4lische Zeitschrift f\u00fcr Volkskunde 24 (1978), S. 14-29.<\/td>\n<\/tr>\n<tr class=\"row-51 odd\">\n\t<td class=\"column-1\">Brehmer, Wilhelm: Die Aus\u00fcbung der Jagd um die Wende des 16. Jahrhunderts. In: Mitteilungen des Vereins f\u00fcr L\u00fcbeckische Geschichte und Altertumskunde 5 (1891\/92), S. 151-157.<\/td>\n<\/tr>\n<tr class=\"row-52 even\">\n\t<td class=\"column-1\">Brenner, E.: Die Inschrift auf der Scheide des sogenannten Jagdmessers Karls des Gro\u00dfen. In: Korrespondenzblatt des Gesamtvereins der Deutschen Geschichts- und Alterthums-Vereine 58 (1910), S. 468-469.<\/td>\n<\/tr>\n<tr class=\"row-53 odd\">\n\t<td class=\"column-1\">Br\u00fcning, Wilhelm: Jagdwesen im Aachener Reich. In: Aus Aachens Vorzeit 14 (1901), S. 53-60.<\/td>\n<\/tr>\n<tr class=\"row-54 even\">\n\t<td class=\"column-1\">Br\u00fcnneck, Wilhelm von: Zur Geschichte des altpreu\u00dfischen Jagd- und Fischereirechts. In: Zeitschrift der Savigny-Stiftung f\u00fcr Rechtsgeschichte: Germanistische Abteilung 39 (1918), S. 88-144.<\/td>\n<\/tr>\n<tr class=\"row-55 odd\">\n\t<td class=\"column-1\">Brusewitz, Gunnar: Hunting - Hunters, game, weapons and hunting methods from the remote past to the present day. New York, NY 1969.<\/td>\n<\/tr>\n<tr class=\"row-56 even\">\n\t<td class=\"column-1\">Bucher-H\u00e4fliger, Josef: Das Jagdwesen in der ehemaligen Abtei St. Urban. In: Heimatkunde des Wiggertales 60 (2002), S. 164-181.<\/td>\n<\/tr>\n<tr class=\"row-57 odd\">\n\t<td class=\"column-1\">B\u00fcchner, Robert: Schattenseiten der h\u00f6fischen Jagd: Maximilians \u00fcbertriebene Wildhege und schonungslose Greifvogelvernichtung. In: Maximilian I. (1459 - 1519): Wahrnehmung, \u00dcbersetzungen, Gender, herausgegeben von Heinz Noflatscher, Michael S. Chisholm und Bertrand Schnerb, unter Mitarbeit von Daniela Unterholzner und Silvia Erber (= Innsbrucker historische Studien 27). Innsbruck [u.a.] 2011, S. 411-440.<\/td>\n<\/tr>\n<tr class=\"row-58 even\">\n\t<td class=\"column-1\">Bulang, Tobias: Minne und Jagd - Metaphorische \u00dcbertragungen und konzeptionelle Konkurrenzen zwischen Liedern und Miniaturen im Codex Manesse. In: \u00dcbertragung - Bedeutungspraxis und \u201aBildlichkeit' in Literatur und Kunst des Mittelalters, herausgegeben von Franziska Wenzel und Pia Selmayr (= Imagines Medii Aevi: Interdisziplin\u00e4re Beitr\u00e4ge zur Mittelalterforschung, Bd. 39). Wiesbaden 2017, S. 125-147. <\/td>\n<\/tr>\n<tr class=\"row-59 odd\">\n\t<td class=\"column-1\">Burger, Daniel: K\u00f6niglicher Bannwald, Rodung und Landesausbau im Mittelalter. In: WaldGeschichten: Forst und Jagd in Bayern 811-2011; Ausstellung des Bayerischen Hauptstaatsarchivs, M\u00fcnchen, 31. M\u00e4rz bis 31. Mai 2011 und Freilichtmuseum Glentleiten, 3. Juli bis 11. November 2011, herausgegeben von Christian Kruse (= Ausstellungskataloge der staatlichen Archive Bayerns 54). M\u00fcnchen 2011, S. 13-36.<\/td>\n<\/tr>\n<tr class=\"row-60 even\">\n\t<td class=\"column-1\">Burger, Daniel: Das Jagdrecht im Wei\u00dfenburger Wald vom Mittelalter bis 1850. In: Perspektiven einer europ\u00e4ischen Regionengeschichte: Festschrift f\u00fcr Wolfgang W\u00fcst zum 60. Geburtstag, herausgegeben von Christof Paulus (= Zeitschrift des Historischen Vereins f\u00fcr Schwaben 106). Augsburg 2014, S. 145-160.<\/td>\n<\/tr>\n<tr class=\"row-61 odd\">\n\t<td class=\"column-1\">Bus, Erhard: Zur Jagdgeschichte der Hanauer Grafen: Bemerkungen zu einem fast vergessenen Aspekt der Vergangenheit. In: Hanau: 700 Jahre Stadtrecht, 400 Jahre Judenst\u00e4ttigkeit, herausgegeben von Richard Schaffer-Hartmann und Lars-Oliver Renftel (= Stadtzeit 6). S. 123-127 [auch in: Mitteilungsblatt. Heimatstelle, Main-Kinzig: Beitr\u00e4ge zur Heimatgeschichte; Kreisausschu\u00df des Main-Kinzig-Kreises, Amt f\u00fcr Bildung, Kultur und Sport 28 (2003), S. 25-30].<\/td>\n<\/tr>\n<tr class=\"row-62 even\">\n\t<td class=\"column-1\">Cahn, Ernst: Das Recht der Binnenfischerei im deutschen Kulturgebiet von den Anf\u00e4ngen bis zum Ausgang des 18. Jahrhunderts, herausgegeben von Ekkehard Kaufmann. Frankfurt a.M. 1956.<\/td>\n<\/tr>\n<tr class=\"row-63 odd\">\n\t<td class=\"column-1\">Capsk\u00fd, Martin: Jagd als Privileg, h\u00f6fisches Vergn\u00fcgen und Pflicht: Jagdforste schlesischer F\u00fcrsten w\u00e4hrend des Hoch- und Sp\u00e4tmittelalters. In: Krivokl\u00e1t - P\u00fcrglitz: Jagd, Wald, Herrscherrepr\u00e4sentation, herausgegeben von Jir\u00ed Fajt, Markus H\u00f6rsch und Vladislav Raz\u00edm (= Studia Jagellonica Lipsiensia, Bd. 17). Ostfildern 2014, S. 275-288.<\/td>\n<\/tr>\n<tr class=\"row-64 even\">\n\t<td class=\"column-1\">Cartmill, Matt: A View to a Death in the Morning - Hunting and Nature through History. Cambridge, Mass. [u.a.] 1993.<\/td>\n<\/tr>\n<tr class=\"row-65 odd\">\n\t<td class=\"column-1\">Cerwinka, G\u00fcnther: Die salzburgischen J\u00e4germeister im Sausal w\u00e4hrend des Mittelalters. In: Bl\u00e4tter f\u00fcr Heimatkunde (Steiermark) 44 (1970), S. 155-159.<\/td>\n<\/tr>\n<tr class=\"row-66 even\">\n\t<td class=\"column-1\">Chalmers, Patrick: The History of Hunting. London 1943.<\/td>\n<\/tr>\n<tr class=\"row-67 odd\">\n\t<td class=\"column-1\">Cheaur\u00e9, Constantin: Vom Adelsprivileg zum immateriellen Kulturerbe: Falknerei in \u00d6sterreich - eine rechtshistorische Darstellung (Diplomarbeit) Graz 2018.<\/td>\n<\/tr>\n<tr class=\"row-68 even\">\n\t<td class=\"column-1\">Christmann, Ernst: Vom \"Lerchenstrich\" zum \"Vogelsang\": der Vogelfang hinterlie\u00df in pf\u00e4lzischen Flurnamen seine Spuren. In: Pf\u00e4lzische Heimatbl\u00e4tter 2 (1954), S. 2.<\/td>\n<\/tr>\n<tr class=\"row-69 odd\">\n\t<td class=\"column-1\">Cummins, John: The Hound and the Hawk: the Art of Medieval Hunting. London 1988.<\/td>\n<\/tr>\n<tr class=\"row-70 even\">\n\t<td class=\"column-1\">Cunz, Michael Lothar: 700 Jahre F\u00f6rster Cuntz: Die Geschichte einer Forstmannsfamilie, zugleich eine Forst-, Jagd- und Fischereigeschichte, aus dem Wasgenwald. In: Deutsches Familienarchiv: Ein genealogisches Sammelwerk 15 (1960), S. 1-179.<\/td>\n<\/tr>\n<tr class=\"row-71 odd\">\n\t<td class=\"column-1\">Cunz, Michael Lothar: Der Wasgenwald: Eine Forst-, Jagd- und Fischereigeschichte, Bd. 1: Das untere Elsa\u00df, Bd. 2: Der Pf\u00e4lzer Wasgau: Eine Geschichte des Dahner Tales unter besonderer Ber\u00fccksichtigung des Forst-, Jagd- und Fischereiwesens. Neustadt a. d. Aisch\/Dahn 1961-1967.<\/td>\n<\/tr>\n<tr class=\"row-72 even\">\n\t<td class=\"column-1\">Czoppelt, Helmut: Wild und Jagd um Ingolstadt. In: Sammelblatt des Historischen Vereins Ingolstadt 69 (1960), S. 3-42.<\/td>\n<\/tr>\n<tr class=\"row-73 odd\">\n\t<td class=\"column-1\">D\u00e4umer, Wilhelm: Die Jagdgerechtsame der Herscheider Markenerben. In: Der M\u00e4rker: Landeskundliche Zeitschrift f\u00fcr den Bereich der ehem. Grafschaft Mark und den M\u00e4rkischen Kreis 5 (1956), S. 92-95.<\/td>\n<\/tr>\n<tr class=\"row-74 even\">\n\t<td class=\"column-1\">Dalby, David: Lexicon of the Mediaeval German Hunt. A Lexicon of Middle High German terms (1050-1500), associated with the Chase, Hunting with Bows, Falconry, Trapping and Fowling. Berlin 1965.<\/td>\n<\/tr>\n<tr class=\"row-75 odd\">\n\t<td class=\"column-1\">Dalby, David: Language and the Hunt. In: Et multum et multa: Beitr\u00e4ge zur Literatur, Geschichte und Kultur der Jagd; Festgabe f\u00fcr Kurt Lindner zum 27. November 1971, herausgegeben von Sigrid Schwenk, Gunnar Tilander und Carl Arnold Willemsen. Berlin\/New York 1971, S. 39-46.<\/td>\n<\/tr>\n<tr class=\"row-76 even\">\n\t<td class=\"column-1\">Dasler, Clemens: Forst- und Wildbann im fr\u00fchen deutschen Reich: Die k\u00f6niglichen Privilegien f\u00fcr die Reichskirche vom 9. bis zum 12. Jahrhundert (= Dissertationen zur mittelalterlichen Geschichte 10). K\u00f6ln 2001.<\/td>\n<\/tr>\n<tr class=\"row-77 odd\">\n\t<td class=\"column-1\">Dasler, Clemens: Funktionen und Ertr\u00e4ge der Jagd im Hochmittelalter, unter besonderer Ber\u00fccksichtigung der Pelztierjagd. In: Vierteljahrschrift f\u00fcr Sozial- und Wirtschaftsgeschichte 91 (2004), S. 1-19.<\/td>\n<\/tr>\n<tr class=\"row-78 even\">\n\t<td class=\"column-1\">Dasler, Clemens: Grundelemente der mittelalterlichen Jagd in einer quellenkritischen Perspektive: Naturr\u00e4umliche Voraussetzungen, herrschaftliche Bez\u00fcge, Funktionen. In: Der Wald im Mittelalter: Funktion - Nutzung - Deutung, herausgegeben von Elisabeth Vavra (= Das Mittelalter: Perspektiven medi\u00e4vistischer Forschung 13, 2). Berlin 2008, S. 107-121. <\/td>\n<\/tr>\n<tr class=\"row-79 odd\">\n\t<td class=\"column-1\">Delfs, J\u00fcrgen: Jagdarten. In: Jagd in der L\u00fcneburger Heide: Beitr\u00e4ge zur Jagdgeschichte; Begleitpublikation zur Ausstellung, herausgegeben vom Bomann-Museum Celle (= Ver\u00f6ffentlichungen des Landwirtschaftsmuseums L\u00fcneburger Heide 15). Celle 2006, S. 25-50.<\/td>\n<\/tr>\n<tr class=\"row-80 even\">\n\t<td class=\"column-1\">Demandt, Karl Ernst: Falknerei und Jagd der letzten Katzenelnboger Grafen: Eine kulturgeschichtliche Studie. In: Nassauische Annalen: Jahrbuch des Vereins f\u00fcr Nassauische Altertumskunde und Geschichtsforschung 57 (1937), S. 131-155.<\/td>\n<\/tr>\n<tr class=\"row-81 odd\">\n\t<td class=\"column-1\">Demmel, Richard: Von der Jagd in der ehemaligen Herrschaft Wald a. d. Alz. In: Oettinger Land: Eine heimatkundliche Schriftenreihe f\u00fcr den gesamten Landkreis Alt\u00f6tting 2 (1982), S. 77-78.<\/td>\n<\/tr>\n<tr class=\"row-82 even\">\n\t<td class=\"column-1\">Dettling, Alois: Geschichtliches \u00fcber das Schwyzer Jagdwesen. In: Mitteilungen des Historischen Vereins des Kantons Schwyz 14 (1904), S. 69-194.<\/td>\n<\/tr>\n<tr class=\"row-83 odd\">\n\t<td class=\"column-1\">Diederich, Toni: Rheinische Siegel 5: Das Jagdsiegel der Mechthild von Molenark. In: Rheinische Heimatpflege: Mitteilungen des Rheinischen Vereins f\u00fcr Denkmalpflege und Landschaftsschutz e.V. u. des Versch\u00f6nerungs-Vereins f\u00fcr das Siebengebirge, Ser. NF 13 (1976), S. 34-35.<\/td>\n<\/tr>\n<tr class=\"row-84 even\">\n\t<td class=\"column-1\">Dietz, Josef: Jagdrecht des kaiserlichen Hochstifts Bamberg mit Ber\u00fccksichtigung der deutschen Jagdrechtsentwicklung. Diss. Universit\u00e4t Erlangen 1922.<\/td>\n<\/tr>\n<tr class=\"row-85 odd\">\n\t<td class=\"column-1\">Diringer, Oskar: Jagd in Herzogenweiler. In: Herzogenweiler 1208-2008: Auf der Suche nach Geschichte und Geschichten, herausgegeben vom Stadtarchiv Villingen-Schwenningen und der Ortsverwaltung Herzogenweiler (= Schriftenreihe der Stadt Villingen-Schwenningen 11). Villingen-Schwenningen 2008, S. 76-83.<\/td>\n<\/tr>\n<tr class=\"row-86 even\">\n\t<td class=\"column-1\">Dobiat, Claus: Zur Herkunft der Falknerei aus arch\u00e4ologisch-historischer Sicht. In: Alma mater Philippina (1995), S. 10ff.<\/td>\n<\/tr>\n<tr class=\"row-87 odd\">\n\t<td class=\"column-1\">Dobiat, Claus: Die Jagd in merowingischer Zeit. In: Die Franken, Wegbereiter Europas: Vor 1500 Jahren; K\u00f6nig Chlodwig und seine Erben, Bd. 2, herausgegeben vom Reiss-Museum Mannheim. Mainz 1996, S. 720-722.<\/td>\n<\/tr>\n<tr class=\"row-88 even\">\n\t<td class=\"column-1\">Dobiat, Claus: \"Cervus domesticus\": Die Jagd mit dem Lockhirsch im Fr\u00fchen Mittelalter. In: Reliquiae gentium: Festschrift f\u00fcr Horst Wolfgang B\u00f6hme zum 65. Geburtstag, herausgegeben von Claus Dobiat (= Internationale Arch\u00e4ologie. Studia honoraria 23). Rahden, Westf. 2005, S. 79-101.<\/td>\n<\/tr>\n<tr class=\"row-89 odd\">\n\t<td class=\"column-1\">D\u00f6ltl, Ferdinand: Die historische Entwicklung des Jagdrechtes in \u00d6sterreich. In: Jagd einst und jetzt: Nieder\u00f6sterreichische Landesausstellung im Schlo\u00df Marchegg vom 29. April bis 15. November 1978; Katalog, herausgegeben vom Amt d. Nieder\u00f6sterr. Landesregierung, Abt. III\/2, Kulturabteilung, bearbeitet von Gerhard Winkler (= Katalog des Nieder\u00f6sterreichischen Landesmuseums NF 77). Wien 1978, S. 43-49.<\/td>\n<\/tr>\n<tr class=\"row-90 even\">\n\t<td class=\"column-1\">Doll, Ludwig Anton: Vogelfang im Mittelalter: eine kleine Erg\u00e4nzung zum Beitrag von E. Christmann (Vom \"Lerchenstrich\" zum \"Vogelsang\"). In: Pf\u00e4lzische Heimatbl\u00e4tter 2 (1954), S. 29.<\/td>\n<\/tr>\n<tr class=\"row-91 odd\">\n\t<td class=\"column-1\">Dombrowski, Ernst von (Hg.): Meister Eberhard Hicfelt's Aucupatorium Herodiorum: Eine deutsche Abhandlung \u00fcber die Beizjagd aus der ersten H\u00e4lfte des 15. Jahrhunderts; nach der einzigen erhaltenen Handschrift, dem Cod. ms. Nr. 2457 der k. k. Hofbibliothek zu Wien zum erstenmale im Urtexte hg., eingeleitet und commentiert von Ernst von Dombrowski (= Altdeutsches Weidwerk 1). Wien 1886.<\/td>\n<\/tr>\n<tr class=\"row-92 even\">\n\t<td class=\"column-1\">Dombrowski, Ernst von: Deutsche Waidmannssprache. Neudamm 41939.<\/td>\n<\/tr>\n<tr class=\"row-93 odd\">\n\t<td class=\"column-1\">Donath, Matthias: Die Entwicklung des Jagdrechts in Sachsen. In: S\u00e4chsische Heimatbl\u00e4tter 62 (2016), S. 188-197.<\/td>\n<\/tr>\n<tr class=\"row-94 even\">\n\t<td class=\"column-1\">Dreger, Moriz: Das sogenannte Jagdmesser Karls des Gro\u00dfen zu Aachen. In: Zeitschrift f\u00fcr historische Waffen- und Kost\u00fcmkunde 10 (1925), S. 81-88.<\/td>\n<\/tr>\n<tr class=\"row-95 odd\">\n\t<td class=\"column-1\">Dresbach, Ewald: Ein Jagdproze\u00df vor dem Freistuhl in Halver am 2. Mai 1430. In: Hagener Heimatbl\u00e4tter (1933), S. 68-70.<\/td>\n<\/tr>\n<tr class=\"row-96 even\">\n\t<td class=\"column-1\">Driesch, Angela von den\/Boessneck, Joachim: Haustierhaltung, Jagd und Fischfang bei den Bajuwaren. In: Die Bajuwaren: Von Severin bis Tassilo 488-788; Gemeinsame Landesausstellung des Freistaates Bayern und des Landes Salzburg Rosenheim\/Bayern, Mattsee\/Salzburg, 19. Mai bis 6. November 1988, herausgegeben von Hermann Dannheimer. M\u00fcnchen 1988, S. 198-207.<\/td>\n<\/tr>\n<tr class=\"row-97 odd\">\n\t<td class=\"column-1\">Duchartre, Pierre-Louis: Histoire des armes de chasse et de leurs emplois. Paris 1955. [\u00dcbersetzung: Das gro\u00dfe Buch der Jagdwaffen: Eine Kulturgeschichte der Jagd, der J\u00e4ger und ihrer Waffen, aus dem Franz\u00f6sischen \u00fcbersetzt von Katharina M\u00fchletaler. Bern\/M\u00fcnchen 1979.]<\/td>\n<\/tr>\n<tr class=\"row-98 even\">\n\t<td class=\"column-1\">D\u00fcrnwirth, R.: Jagdschreie und Weidspr\u00fcche. In: Zeitschrift f\u00fcr den deutschen Unterricht 17\/8 (1903), S.465-480.<\/td>\n<\/tr>\n<tr class=\"row-99 odd\">\n\t<td class=\"column-1\">Duntze, Oliver\/Rautenberg, Ursula: Der Neufund eines Inkunabel-Einblattdrucks mit einem Fischkalender und Fischgleichnis (Stra\u00dfburg: Johann Gr\u00fcninger, um 1493) in der Stadtbibliothek Trier: Bestimmung und Einordnung in die \u00dcberlieferung. In: Der wissenschaftliche Bibliothekar: Festschrift f\u00fcr Werner Arnold, herausgegeben von Detlev Hellfaier u.a. (Wolfenb\u00fctteler Schriften zur Geschichte des Buchwesens 44). Wiesbaden 2009, S. 489-505.<\/td>\n<\/tr>\n<tr class=\"row-100 even\">\n\t<td class=\"column-1\">Durd\u00edk, Tom\u00e1\u0161: Arch\u00e4ologische Jagdbelege aus b\u00f6hmischen Burgen. In: Tiere auf Burgen und fr\u00fchen Schl\u00f6ssern, herausgegeben von Daniel Burger unter Mitarbeit von Armand Baeriswyl, G. Ulrich Gro\u00dfmann, Christine M\u00fcller und Guido von B\u00fcren (= Forschungen zu Burgen und Schl\u00f6ssern 16). Petersberg 2015, S. 211-218.<\/td>\n<\/tr>\n<tr class=\"row-101 odd\">\n\t<td class=\"column-1\">Dussler, Hildebrand: Von Jagd und wilden Tieren im alten Ettaler Klostergebiet. In: Oberbayerisches Archiv 77 (1952), S. 103-112.<\/td>\n<\/tr>\n<tr class=\"row-102 even\">\n\t<td class=\"column-1\">Eckardt, Hans Wilhelm: Herrschaftliche Jagd, b\u00e4uerliche Not und b\u00fcrgerliche Kritik: Zur Geschichte der f\u00fcrstlichen und adeligen Jagdprivilegien vornehmlich im s\u00fcdwestdeutschen Raum (= Ver\u00f6ffentlichungen des Max-Planck-Instituts f\u00fcr Geschichte 48). G\u00f6ttingen 1976.<\/td>\n<\/tr>\n<tr class=\"row-103 odd\">\n\t<td class=\"column-1\">Eckhardt, Klaus: Das Allend\u00f6rfer Jagdbuch: von 1467-1502 (= Germanenrechte, NF, Deutschrechtliches Archiv 15). Witzenhausen 1968.<\/td>\n<\/tr>\n<tr class=\"row-104 even\">\n\t<td class=\"column-1\">Egg, Konrad: Jagd und Fischerei am Ausgang des Mittelalters. In: Tiroler Heimatbl\u00e4tter Ser. NF 35 (1960), S. 5-7.<\/td>\n<\/tr>\n<tr class=\"row-105 odd\">\n\t<td class=\"column-1\">Einetter, Raphael: Die Jagd als Leidenschaft in den Briefen und Schriften Maximilians I. (BA-Arbeit). In: historia.scribere 6 (2014), S. 419-452.<\/td>\n<\/tr>\n<tr class=\"row-106 even\">\n\t<td class=\"column-1\">Eis, Gerhard: Ein Vogeljagdb\u00fcchlein vom Bodensee. In: Gerhard Eis: Forschungen zur Fachprosa: Ausgew\u00e4hlte Beitr\u00e4ge. Bern\/M\u00fcnchen 1971, S. 265-270. [Zuerst erschienen in: Beitr\u00e4ge zur Geschichte der deutschen Sprache und Literatur 78 (1956), S. 226-234.]<\/td>\n<\/tr>\n<tr class=\"row-107 odd\">\n\t<td class=\"column-1\">Eis, Gerhard: Wolfskugeln. In: Gerhard Eis: Forschungen zur Fachprosa: Ausgew\u00e4hlte Beitr\u00e4ge. Bern\/M\u00fcnchen 1971, S. 284-286. [Zuerst erschienen in drei Teilen in: Zeitschrift f\u00fcr deutsche Philologie 78 (1959), S. 204-206; Zeitschrift f\u00fcr Jagdwissenschaft 9 (1963), S. 63-64; 11 (1965), S. 106-107.]<\/td>\n<\/tr>\n<tr class=\"row-108 even\">\n\t<td class=\"column-1\">Eis, Gerhard: Alte J\u00e4gerkunstst\u00fccke aus unbekannten Handschriften. In: Gerhard Eis: Forschungen zur Fachprosa: Ausgew\u00e4hlte Beitr\u00e4ge. Bern\/M\u00fcnchen 1971, S. 271-283. [Zuerst erschienen in drei Teilen in: Zeitschrift f\u00fcr Jagdwissenschaft 7 (1961), S. 126-131; 9 (1963), S. 62-66; 11 (1965), S. 102-106.]<\/td>\n<\/tr>\n<tr class=\"row-109 odd\">\n\t<td class=\"column-1\">Eis, Gerhard: Die Stellung der Jagd im mittelalterlichen System der Wissenschaften. In: Gerhard Eis: Forschungen zur Fachprosa: Ausgew\u00e4hlte Beitr\u00e4ge. Bern\/M\u00fcnchen 1971, S. 260-264. [Zuerst erschienen in: Zeitschrift f\u00fcr Jagdwissenschaft 7 (1961), S. 25-28.]<\/td>\n<\/tr>\n<tr class=\"row-110 even\">\n\t<td class=\"column-1\">Eis, Gerhard: Fachrezepte f\u00fcr Fischer. In: Gerhard Eis: Forschungen zur Fachprosa: Ausgew\u00e4hlte Beitr\u00e4ge. Bern\/M\u00fcnchen 1971, S. 287-291. [Zuerst erschienen in zwei Teilen in: Zeitschrift f\u00fcr Jagdwissenschaft 9 (1963), S. 67-68; 11 (1965), S. 107-109.]<\/td>\n<\/tr>\n<tr class=\"row-111 odd\">\n\t<td class=\"column-1\">Eis, Gerhard: Altdeutsche Fachschriften als Urkunden des zivilisatorischen Fortschritts. In: Fachprosaforschung: Acht Vortr\u00e4ge zur mittelalterlichen Artesliteratur, herausgegeben von Gundolf Keil und Peter Assion. Berlin 1974, S. 9-23 [zuerst erschienen in ZfdPh 89 (1970) S. 89-104.]<\/td>\n<\/tr>\n<tr class=\"row-112 even\">\n\t<td class=\"column-1\">Ei\u00dfing, Thomas: Aussagen zur Nutzung der W\u00e4lder in Mitteleuropa f\u00fcr die Holzgewinnung, Fl\u00f6\u00dferei und Jagd im Mittelalter und in der Fr\u00fchen Neuzeit auf der Basis dendrochronologischer Datierungen. In: Jagdlandschaften in Mitteleuropa: Dietrich Denecke zum 80. Geburtstag: mit Beitr\u00e4gen der Jahrestagung 2014 in Bad Blankenburg, herausgegeben von Haik Thomas Porada, Martin Heinze und Winfried Schenk f\u00fcr den Arbeitskreis f\u00fcr historische Kulturlandschaftsforschung in Mitteleuropa ARKUM e.V. (= Siedlungsforschung 32). Bonn 2015, S. 239-265.<\/td>\n<\/tr>\n<tr class=\"row-113 odd\">\n\t<td class=\"column-1\">Ergert, Bernt: Die Jagd in Bayern von der Vorzeit bis zur Gegenwart. Rosenheim 1984.<\/td>\n<\/tr>\n<tr class=\"row-114 even\">\n\t<td class=\"column-1\">Esser, Hermann: Zur Geschichte der Limburger Jagd. In: Heimatbl\u00e4tter f\u00fcr Hohenlimburg und Umgegend 8 (1930), S. 113-128.<\/td>\n<\/tr>\n<tr class=\"row-115 odd\">\n\t<td class=\"column-1\">Eule, Hans Werner: Forst- und Jagdgeschichte Ostfrieslands. Diss. forstl. Fak. Universit\u00e4t G\u00f6ttingen 1953.<\/td>\n<\/tr>\n<tr class=\"row-116 even\">\n\t<td class=\"column-1\">Faassen, Dina van: Wald und Jagd im Hochstift Paderborn (= Themenhefte des Historischen Museums des Hochstifts Paderborn). B\u00fcren-Wewelsburg 2007.<\/td>\n<\/tr>\n<tr class=\"row-117 odd\">\n\t<td class=\"column-1\">F\u00e9aux de Lacroix, Karl: Geschichte der hohen Jagd im Sauerlande (Herzogtum Westfalen, F\u00fcrstent\u00fcmer Wittgenstein). Dortmund 1913.<\/td>\n<\/tr>\n<tr class=\"row-118 even\">\n\t<td class=\"column-1\">Feldner, Josef C.: Der Vogelfang: Ein kulturhistorischer \u00dcberblick von der Steinzeit bis zur Gegenwart. In: alles jagd ... eine kulturgeschichte: K\u00e4rtner Landesausstellung Ferlach 1997; Katalogbuch, herausgegeben vom Land K\u00e4rnten, Kulturabteilung - K\u00e4rtner Landesausstellung, unter der Leitung von G\u00fcnther H\u00f6dl und Hartwig Pucker [Gesamtredaktion: Gabriele Guntsche-Liessmann und Daniela Schurian]. Klagenfurt 1997, S. 199-206.<\/td>\n<\/tr>\n<tr class=\"row-119 odd\">\n\t<td class=\"column-1\">Fenske, Lutz: Jagd und J\u00e4ger im fr\u00fcheren Mittelalter: Aspekte ihres Verh\u00e4ltnisses. In: Jagd und h\u00f6fische Kultur im Mittelalter, herausgegeben von Werner R\u00f6sener (= Ver\u00f6ffentlichungen des Max-Planck-Instituts f\u00fcr Geschichte, Bd. 135). G\u00f6ttingen 1997, S. 29-93.<\/td>\n<\/tr>\n<tr class=\"row-120 even\">\n\t<td class=\"column-1\">Fisch Hartley, Adriana: La chasse invers\u00e9e dans les marges a dr\u00f4leries des manuscrits gothiques. In: La Chasse au Moyen Age: Soci\u00e9t\u00e9, trait\u00e9s, symboles, herausgegeben von Agostino Paravicini Bagliani und Baudouin Van den Abeele (= Micrologus' library 5). Florenz 2000, S. 111-128.<\/td>\n<\/tr>\n<tr class=\"row-121 odd\">\n\t<td class=\"column-1\">Fietze, Katharina: Im Gefolge Dianas: Frauen und h\u00f6fische Jagd im Mittelalter (1200-1500) (= Beihefte zum Archiv f\u00fcr Kulturgeschichte, H. 59). K\u00f6ln\/Weimar\/Wien 2005. <\/td>\n<\/tr>\n<tr class=\"row-122 even\">\n\t<td class=\"column-1\">Fisenne, Otto von: Altes Forst-, Jagd- und Fischereirecht im D\u00fcrener Bereich. In: Heimatjahrbuch des Kreises D\u00fcren (1966), S. 26-27.<\/td>\n<\/tr>\n<tr class=\"row-123 odd\">\n\t<td class=\"column-1\">Foelsch, Torsten: Forst und herrschaftliche Jagd auf dem Lande am Beispiel der Ritterg\u00fcter Wolfshagen und R\u00fchst\u00e4dt. In: Mitteilungen des Vereins f\u00fcr Geschichte der Prignitz, Bd. 12 (2012), S. 61-90.<\/td>\n<\/tr>\n<tr class=\"row-124 even\">\n\t<td class=\"column-1\">Franke, Birgit: Jagd und landesherrliche Dom\u00e4ne: Bilder h\u00f6fischer Repr\u00e4sentation in Sp\u00e4tmittelalter und Fr\u00fcher Neuzeit. In: Die Jagd der Eliten in den Erinnerungskulturen von der Antike bis in die Fr\u00fche Neuzeit, herausgegeben von Wolfram Martini (= Formen der Erinnerung 3). G\u00f6ttingen 2000, S. 189-218.<\/td>\n<\/tr>\n<tr class=\"row-125 odd\">\n\t<td class=\"column-1\">Freund, Stephan: \u201aJagdpfalzen' im Harz? Anmerkungen zur k\u00f6niglichen Jagd im (Fr\u00fch-)Mittelalter und zur Typologisierung der K\u00f6nigspfalzen. In: WegBegleiter: interdisziplin\u00e4re Beitr\u00e4ge zur Altwege- und Burgenforschung: Festschrift f\u00fcr Bernd W. Bahn zu seinem 80. Geburtstag, herausgegeben von Martin Freudenreich, Pierre F\u00fctterer und Anna Swieder. Langenwei\u00dfbach 2019, S. 299-312. <\/td>\n<\/tr>\n<tr class=\"row-126 even\">\n\t<td class=\"column-1\">Freundeskreis der Burg Sponheim (Hg.): Beschreibung des Closters Sponheim und wie ein Abt dem Andern gefolget: Chronicon Monasterii Sponheimensis; sambt bey gef\u00fcgten Jagd- und Fischerey-Gerechtigkeit (= Sponheim-Hefte 17). Sponheim 1997.<\/td>\n<\/tr>\n<tr class=\"row-127 odd\">\n\t<td class=\"column-1\">Fried, Johannes: \"... correptus est per ipsum imperatorem\". Das zweite Falkenbuch Friedrichs II. In: Mittelalterliche Texte: \u00dcberlieferung - Befunde - Deutungen; Kolloquium der Zentraldirektion der Monumenta Germaniae Historica am 28.\/29. Juni 1996, herausgegeben von Rudolf Schieffer (= Monumenta Germaniae Historica. Schriften 42). Hannover 1996, S. 93-124.<\/td>\n<\/tr>\n<tr class=\"row-128 even\">\n\t<td class=\"column-1\">Fried, Johannes: Kaiser Friedrich II. als J\u00e4ger oder ein zweites Falkenbuch Kaiser Friedrichs II.? (= Nachrichten der Akademie der Wissenschaften in G\u00f6ttingen, phil.-hist. Klasse 1996, 4). G\u00f6ttingen 1996.<\/td>\n<\/tr>\n<tr class=\"row-129 odd\">\n\t<td class=\"column-1\">Fried, Johannes: Kaiser Friedrich II. als J\u00e4ger. In: Jagd und h\u00f6fische Kultur im Mittelalter, herausgegeben von Werner R\u00f6sener (= Ver\u00f6ffentlichungen des Max-Planck-Instituts f\u00fcr Geschichte, Bd. 135). G\u00f6ttingen 1997, S. 149-166.<\/td>\n<\/tr>\n<tr class=\"row-130 even\">\n\t<td class=\"column-1\">Fried, Johannes: Kaiser Friedrich II. als J\u00e4ger oder ein zweites Falkenbuch Kaiser Friedrichs II.? In: Esculum e Federico II: L'imperatore e la citt\u00e0: per una rilettura dei percorsi della memoria; Atti del convegno di studio svoltosi in occasione della nona edizione del \"Premio internazionale Ascoli Piceno\", Ascoli Piceno, 14-16 dicembre 1995, herausgegeben von Enrico Menest\u00f2 (= Atti del Premio internazionale Ascoli Piceno 6). Spoleto 1998, S. 31-86.<\/td>\n<\/tr>\n<tr class=\"row-131 odd\">\n\t<td class=\"column-1\">Friske, Claudia: Landesherrliche Forsthoheit und adelige Markenherrschaft in der westf\u00e4lischen Grafschaft Limburg: Rechtsanspr\u00fcche und Rechtspositionen in Sp\u00e4tmittelalter und fr\u00fcher Neuzeit. Diss. Universit\u00e4t M\u00fcnster 2004.<\/td>\n<\/tr>\n<tr class=\"row-132 even\">\n\t<td class=\"column-1\">Fritz, Gerhard: Jagdstreitigkeiten in der Grafschaft L\u00f6wenstein in der Fr\u00fchen Neuzeit (16.-17. Jahrhundert): Wald, Forst und Jagd, Flora, Fauna und soziale Konflikte im Raum Murrhardt - Sulzbach - L\u00f6wenstein. In: Backnanger Jahrbuch: Beitr\u00e4ge zur Geschichte von Stadt und Umgebung 20 (2012), S. 103-123.<\/td>\n<\/tr>\n<tr class=\"row-133 odd\">\n\t<td class=\"column-1\">Gabathuler, Hansjakob: Jagd und Wildbann in Wartau, Werdenberg und Sax-Forstegg. In: Werdenberger Jahrbuch: Beitr\u00e4ge zu Geschichte und Kultur der Gemeinden Wartau, Sevelen, Buchs, Grabs, Gams und Sennwald 18 (2005), S. 148-163.<\/td>\n<\/tr>\n<tr class=\"row-134 even\">\n\t<td class=\"column-1\">Gahleitner, Nina: Jagd - Mensch - Natur: Ein Beitrag zur \u00f6sterreichischen Kultur- und Umweltgeschichte vom Mittelalter bis heute. Diplomarbeit Wien 2003.<\/td>\n<\/tr>\n<tr class=\"row-135 odd\">\n\t<td class=\"column-1\">Galler, Werner: Jagd in der Volkskunst. In: Jagd einst und jetzt: Nieder\u00f6sterreichische Landesausstellung im Schlo\u00df Marchegg (N.\u00d6.) vom 29. April bis 15. November 1978; Katalog, herausgegeben vom Amt d. Nieder\u00f6sterr. Landesregierung, Abt. III\/2, Kulturabteilung, bearbeitet von Gerhard Winkler (= Katalog des Nieder\u00f6sterreichischen Landesmuseums NF 77). Wien 1978, S. 85-89.<\/td>\n<\/tr>\n<tr class=\"row-136 even\">\n\t<td class=\"column-1\">Galler, Werner: Wilderer - Unter besonderer Ber\u00fccksichtigung Nieder\u00f6sterreichs. In: Jagd einst und jetzt: Nieder\u00f6sterreichische Landesausstellung im Schlo\u00df Marchegg (N.\u00d6.) vom 29. April bis 15. November 1978; Katalog, herausgegeben vom Amt d. Nieder\u00f6sterr. Landesregierung, Abt. III\/2, Kulturabteilung, bearbeitet von Gerhard Winkler (= Katalog des Nieder\u00f6sterreichischen Landesmuseums NF 77). Wien 1978, S. 91-110.<\/td>\n<\/tr>\n<tr class=\"row-137 odd\">\n\t<td class=\"column-1\">Galloni, Paolo: L'ambiguit\u00e0 culturale della caccia nel Medioevo. In: Quaderni medievali 27 (1989), S. 14-38.<\/td>\n<\/tr>\n<tr class=\"row-138 even\">\n\t<td class=\"column-1\">Galloni, Paolo: Il cervo e il lupo: Caccia e cultura nobiliare nel Medioevo (= Quadrante 60). Rom 1993.<\/td>\n<\/tr>\n<tr class=\"row-139 odd\">\n\t<td class=\"column-1\">Galloni, Paolo: Sant'Uberto: caccia e santit\u00e0: Consolidamento del potere carolingio e cristianizzazione delle campagne. In: La Chasse au Moyen Age: Soci\u00e9t\u00e9, trait\u00e9s, symboles, herausgegeben von Agostino Paravicini Bagliani und Baudouin Van den Abeele (= Micrologus' library 5). Florenz 2000, S. 33-53.<\/td>\n<\/tr>\n<tr class=\"row-140 even\">\n\t<td class=\"column-1\">Gamber, Ortwin: Die Jagdwaffe vom Mittelalter bis zum Biedermeier. In: Jagd einst und jetzt: Nieder\u00f6sterreichische Landesausstellung im Schlo\u00df Marchegg (N.\u00d6.) vom 29. April bis 15. November 1978; Katalog, herausgegeben vom Amt d. Nieder\u00f6sterr. Landesregierung, Abt. III\/2, Kulturabteilung, bearbeitet von Gerhard Winkler (= Katalog des Nieder\u00f6sterreichischen Landesmuseums NF 77). Wien 1978, S. 21-25.<\/td>\n<\/tr>\n<tr class=\"row-141 odd\">\n\t<td class=\"column-1\">Gasser, Christoph\/Stampfer, Helmut: Die Jagd in der Kunst Alttirols. Bozen 1994.<\/td>\n<\/tr>\n<tr class=\"row-142 even\">\n\t<td class=\"column-1\">Gasser, Christoph: Imago venationis: Jagd und Fischerei im Sp\u00e4tmittelalter zwischen Anspruch und Wirklichkeit. In: Schloss Runkelstein: die Bilderburg, herausgegeben von der Stadt Bozen unter Mitwirkung des S\u00fcdtiroler Kulturinstitutes [Wiss. Gesamtleitung: Andr\u00e9 Bechtold]. Bozen 2000, S. 411-430.<\/td>\n<\/tr>\n<tr class=\"row-143 odd\">\n\t<td class=\"column-1\">Gasser, Christoph: Jagd in der Kunst. Bedeutende Neufunde aus S\u00fcdtirol. In: Antiquitates Tyrolenses: Festschrift Hans Nothdurfter zum 75. Geburtstag, herausgegeben von Paul Gleirscher und Leo Andergassen (= Ver\u00f6ffentlichungen des S\u00fcdtiroler Landesmuseums Schloss Tirol 1). Innsbruck 2015, S. 349-362.<\/td>\n<\/tr>\n<tr class=\"row-144 even\">\n\t<td class=\"column-1\">Gast, Uwe: Willibald Pirckheimer in Neunhof, die Jagd und das Genre der Jagddarstellungen. In: Le vitrail dans la demeure, des origines \u00e0 nos jours: vitrer et orner la fen\u00eatre: actes du XXVIIIe colloque international du Corpus Vitrearum, Troyes, 4-8 juillet 2016, herausgegeben von Karine Boulanger. Gand 2018, S. 106-117.<\/td>\n<\/tr>\n<tr class=\"row-145 odd\">\n\t<td class=\"column-1\">Gehrig, Franz: Der Wildbannverkauf der Herren von Weinsberg im Jahr 1419. In: Zeitschrift f\u00fcr die Geschichte des Oberrheins 125 (1977), S. 389-392.<\/td>\n<\/tr>\n<tr class=\"row-146 even\">\n\t<td class=\"column-1\">Geringer, Hans Helmut: Kaiser Maximilian I. als J\u00e4ger und die Jagd seiner Zeit, Bd. 1-2. Diss. Universit\u00e4t Graz 1970.<\/td>\n<\/tr>\n<tr class=\"row-147 odd\">\n\t<td class=\"column-1\">Giese, Martina: Zu den Anf\u00e4ngen der deutschsprachigen Fachliteratur \u00fcber die Beizjagd. In: Beitr\u00e4ge zur Geschichte der deutschen Sprache und Literatur 125 (2003), S. 494-523.<\/td>\n<\/tr>\n<tr class=\"row-148 even\">\n\t<td class=\"column-1\">Giese, Martina: Zum Verkauf der Jagdbibliothek von Kurt Lindner im Jahr 2003: Ein Kurzbericht. In: W\u00fcrzburger medizinhistorische Mitteilungen 22 (2003), S. 532-537.<\/td>\n<\/tr>\n<tr class=\"row-149 odd\">\n\t<td class=\"column-1\">Giese, Martina: Das Fragment einer deutschsprachigen Falkenheilkunde in der Handschrift 10\/25 des K\u00e4rntner Landesarchivs Klagenfurt. In: Fachprosaforschung - Grenz\u00fcberschreitungen 2\/3 (2006\/07), S. 143-154.<\/td>\n<\/tr>\n<tr class=\"row-150 even\">\n\t<td class=\"column-1\">Giese, Martina: Graue Theorie und gr\u00fcnes Weidwerk? Die mittelalterliche Jagd zwischen Buchwissen und Praxis; Rudolf Schieffer zum 31. Januar 2007. In: Archiv f\u00fcr Kulturgeschichte 89\/1 (2007), S. 19-59.<\/td>\n<\/tr>\n<tr class=\"row-151 odd\">\n\t<td class=\"column-1\">Giese, Martina: Die \u201aHeidelberger Falkenheilkunde' des Codex Palatinus Germanicus 551. In: Beitr\u00e4ge zur Geschichte der deutschen Sprache und Literatur 130 (2008), S. 298-334.<\/td>\n<\/tr>\n<tr class=\"row-152 even\">\n\t<td class=\"column-1\">Giese, Martina: Das Internet als Weg zur Jagdkulturgeschichte: Die Digitalisierung der deutschsprachigen Handschriften der Heidelberger Bibliotheca Palatina. In: Greifv\u00f6gel und Falknerei. Jahrbuch des Deutschen Falkenordens (2008), S. 210-214.<\/td>\n<\/tr>\n<tr class=\"row-153 odd\">\n\t<td class=\"column-1\">Giese, Martina: Jagdhundehaltung und -zucht im Mittelalter. In: Die Pirsch 22 (2008), S. 102-106.<\/td>\n<\/tr>\n<tr class=\"row-154 even\">\n\t<td class=\"column-1\">Giese, Martina: Arzneien f\u00fcr Beizv\u00f6gel in der Handschrift M\u00fcnchen, Universit\u00e4tsbibliothek, 8\u00b0 Cod. ms. 354. In: Zeitschrift f\u00fcr deutsches Altertum und deutsche Literatur 138 (2009), S. 17-28.<\/td>\n<\/tr>\n<tr class=\"row-155 odd\">\n\t<td class=\"column-1\">Giese, Martina: \"Falkhen zu fahen, abzurichten vnd gesundt zu erhalten\": Ein jagdkundlicher Gebrauchstext des sp\u00e4ten 16. Jahrhunderts. In: Sudhoffs Archiv. Zeitschrift f\u00fcr Wissenschaftsgeschichte 93 (2009), S. 87-95.<\/td>\n<\/tr>\n<tr class=\"row-156 even\">\n\t<td class=\"column-1\">Giese, Martina: Tierische Jagdhelfer - einst und jetzt. In: Bericht \u00fcber die 15. \u00d6sterreichische J\u00e4gertagung 2009 zum Thema Hund &amp; Co - Tierische Helfer bei der Jagd: 10. und 11. Februar 2009, LFZ Raumberg-Gumpenstein, herausgegeben von Brundhilde Egger. Irdning 2009, S. 1-6.<\/td>\n<\/tr>\n<tr class=\"row-157 odd\">\n\t<td class=\"column-1\">Giese, Martina: Das \u203aAucupatorium herodiorum\u2039 des Eberhard Hicfelt: ein veterin\u00e4rmedizinisches Kompendium des 15. Jahrhunderts. In: Beitr\u00e4ge zur Geschichte der deutschen Sprache und Literatur 132 (2010), S. 407-438.<\/td>\n<\/tr>\n<tr class=\"row-158 even\">\n\t<td class=\"column-1\">Giese, Martina: Gebell im Kloster Tegernsee: Zur mittelalterlichen und fr\u00fchneuzeitlichen monastischen Hundehaltung samt einer Erstedition von Peter Zalers Anleitung zur Hundeaufzucht. In: Studien und Mitteilungen zur Geschichte des Benediktinerordens und seiner Zweige 121 (2010), S. 109-130.<\/td>\n<\/tr>\n<tr class=\"row-159 odd\">\n\t<td class=\"column-1\">Giese, Martina: Die Jagd zwischen h\u00f6fischem Zeitvertreib und Lebensnotwendigkeit. In: Die Staufer und Italien: Drei Innovationsregionen im mittelalterlichen Europa [Ausstellung der L\u00e4nder Baden-W\u00fcrttemberg, Rheinland-Pfalz und Hessen; Curt-Engelhorn-Stiftung f\u00fcr die Reiss-Engelhorn-Museen vom 19. September 2010 bis 20. Februar 2011], Bd. 1: Essays, herausgegeben von Alfried Wieczorek, Bernd Schneidm\u00fcller und Stefan Weinfurter (= Publikationen der Reiss-Engelhorn-Museen 37). Darmstadt 2010, S. 283-288.<\/td>\n<\/tr>\n<tr class=\"row-160 even\">\n\t<td class=\"column-1\">Giese, Martina: Kompetitive Aspekte h\u00f6fischer Jagdaktivit\u00e4ten im Fr\u00fchmittelalter. In: Streit am Hof im fr\u00fchen Mittelalter, herausgegeben von Matthias Becher und Alheydis Plassmann (= Super alta perennis: Studien zur Wirkung der Klassischen Antike 11). G\u00f6ttingen 2011, S. 263-284.<\/td>\n<\/tr>\n<tr class=\"row-161 odd\">\n\t<td class=\"column-1\">Giese, Martina: \"Zwey bucher des konigs Dagus, wie man die falcken ziehen, halten vnd artzeneyen sol\": Die falkenheilkundliche Kompilation im Heidelberger Codex Palatinus germanicus 496. In: Die neue Neudammerin. Zeitschrift f\u00fcr Jagd &amp; Natur. Sonderband Jagdliteratur [Festschrift f\u00fcr Rolf Schlenker, herausgegeben von Matthias Hartmann und Rolf Roosen] (2012), S. 58-75.<\/td>\n<\/tr>\n<tr class=\"row-162 even\">\n\t<td class=\"column-1\">Giese, Martina: Continental royal seats, royal hunting lodges and deer parks seen in the mirror of medieval written sources. In: Hunting in northern Europe until 1500 AD: Old traditions and regional developments, continental sources and continental influences; Papers presented at a workshop organized by the Centre for Baltic and Scandinavian Archaeology (ZBSA), Schleswig, June 16th and 17th, 2011, herausgegeben von Oliver Grimm und Ulrich Schm\u00f6lcke (= Schriften des Arch\u00e4ologischen Landesmuseums, Erg\u00e4nzungsreihe, Bd. 7). Neum\u00fcnster 2013, S. 387-396.<\/td>\n<\/tr>\n<tr class=\"row-163 odd\">\n\t<td class=\"column-1\">Giese, Martina: J\u00e4gerlatein und lateinische J\u00e4gersprache. In: Archivvm Latinitatis Medii Aevi: Consociatarvm Academiarvm Avspiciis Conditvm 71 (2013), S. 37-51.<\/td>\n<\/tr>\n<tr class=\"row-164 even\">\n\t<td class=\"column-1\">Giese, Martina: Legal regulations on hunting in the barbarian law codes of the Early Middle Ages. In: Hunting in northern Europe until 1500 AD: Old traditions and regional developments, continental sources and continental influences; Papers presented at a workshop organized by the Centre for Baltic and Scandinavian Archaeology (ZBSA), Schleswig, June 16th and 17th, 2011, herausgegeben von Oliver Grimm und Ulrich Schm\u00f6lcke (= Schriften des Arch\u00e4ologischen Landesmuseums, Erg\u00e4nzungsreihe, Bd. 7). Neum\u00fcnster 2013, S. 485-504.<\/td>\n<\/tr>\n<tr class=\"row-165 odd\">\n\t<td class=\"column-1\">Giese, Martina: Am Hof von K\u00f6nig Artus: Die Jagd im Spiegel der Korrespondenz von Markgraf Albrecht Achilles. In: Kurf\u00fcrst Albrecht Achilles (1414-1486), Kurf\u00fcrst von Brandenburg, Burggraf von N\u00fcrnberg, herausgegeben von Mario M\u00fcller (= Jahrbuch des Historischen Vereins f\u00fcr Mittelfranken 102 (2013\/2014)). Ansbach 2014, S. 173-194.<\/td>\n<\/tr>\n<tr class=\"row-166 even\">\n\t<td class=\"column-1\">Giese, Martina: Kaiser Friedrich II. als J\u00e4ger. In: Krivokl\u00e1t - P\u00fcrglitz: Jagd, Wald, Herrscherrepr\u00e4sentation, herausgegeben von Jir\u00ed Fajt, Markus H\u00f6rsch und Vladislav Raz\u00edm (= Studia Jagellonica Lipsiensia, Bd. 17). Ostfildern 2014, S. 289-303.<\/td>\n<\/tr>\n<tr class=\"row-167 odd\">\n\t<td class=\"column-1\">Giese, Martina: \"Ein Gleichnis der Schlachten\": Die Jagd im vormodernen Erziehungsdiskurs. In: Wege zur Bildung: Erziehung und Wissensvermittlung in Mitteleuropa im 13.-16. Jahrhundert, herausgegeben von Robert \u0160imunek und Uwe Tresp (= Ver\u00f6ffentlichungen des Collegium Carolinum, Bd. 135). G\u00f6ttingen 2016, S. 81-106.<\/td>\n<\/tr>\n<tr class=\"row-168 even\">\n\t<td class=\"column-1\">Girtler, Roland: Der noble J\u00e4ger und der Wildschutz: Zur Kultur- und Sozialgeschichte der Jagd. In: alles jagd ... eine kulturgeschichte: K\u00e4rtner Landesausstellung Ferlach 1997; Katalogbuch, herausgegeben vom Land K\u00e4rnten, Kulturabteilung - K\u00e4rtner Landesausstellung, unter der Leitung von G\u00fcnther H\u00f6dl und Hartwig Pucker [Gesamtredaktion: Gabriele Guntsche-Liessmann und Daniela Schurian]. Klagenfurt 1997, S. 223-233.<\/td>\n<\/tr>\n<tr class=\"row-169 odd\">\n\t<td class=\"column-1\">Glaser, Elvira: Das Beizb\u00fcchlein in der Abschrift der Clara H\u00e4tzlerin: ein Zeugnis Augsburger Schreibsprache im 15. Jahrhundert (Tonvokalismus). In: Sprachgeschichtliche Untersuchungen zum \u00e4lteren und neueren Deutsch: Festschrift f\u00fcr Hans Wellmann zum 60. Geburtstag, herausgegeben von Werner K\u00f6nig und Lorelies Ortner (= Germanische Bibliothek. Reihe 3, Untersuchungen, N.F., Bd. 23). Heidelberg 1996, S. 29-46.<\/td>\n<\/tr>\n<tr class=\"row-170 even\">\n\t<td class=\"column-1\">Glier, Ingeborg: Art. \"Jagd\". In: Verfasserlexikon, Tl. 4. 21983, Sp. 466-467.<\/td>\n<\/tr>\n<tr class=\"row-171 odd\">\n\t<td class=\"column-1\">Glier, Ingeborg: Art. \"Die Jagd der Minne\". In: Verfasserlexikon, Tl. 4. 21983, Sp. 467-468.<\/td>\n<\/tr>\n<tr class=\"row-172 even\">\n\t<td class=\"column-1\">Gn\u00e4dinger, Louise: Hiudan und Petitcreiu: Gestalt und Figur des Hundes in der mittelalterlichen Tristandichtung. Z\u00fcrich 1971.<\/td>\n<\/tr>\n<tr class=\"row-173 odd\">\n\t<td class=\"column-1\">Gn\u00e4ndinger, Hellmut: Die Jagd im Klosterwald Allerheiligen. In: Die Ortenau: Ver\u00f6ffentlichungen (Mitteilungen) des Historischen Vereins f\u00fcr Mittelbaden 67 (1987), S. 176-181.<\/td>\n<\/tr>\n<tr class=\"row-174 even\">\n\t<td class=\"column-1\">Gredig, Andreas: Jagd in Graub\u00fcnden, ein R\u00fcckblick. In: B\u00fcndnerwald 46 (1993), S. 91-94.<\/td>\n<\/tr>\n<tr class=\"row-175 odd\">\n\t<td class=\"column-1\">Grimm, Heinrich: Neue Beitr\u00e4ge zur \"Fisch-Literatur\" des XV. bis XVII. Jahrhunderts und \u00fcber deren Drucker und Buchf\u00fchrer. In: Archiv f\u00fcr Geschichte des Buchwesens, Bd. IX. Frankfurt am Main 1968, Sp. 1413-1446 [auch: B\u00f6rsenblatt f\u00fcr den Deutschen Buchhandel - Frankfurter Ausgabe 89 (1968), Sp. 2871-2887.]<\/td>\n<\/tr>\n<tr class=\"row-176 even\">\n\t<td class=\"column-1\">Grimm, Jacob: Waidspr\u00fcche und J\u00e4gerschreie. In: Altdeutsche W\u00e4lder 3\/3 (1816), S. 97-148.<\/td>\n<\/tr>\n<tr class=\"row-177 odd\">\n\t<td class=\"column-1\">G\u00fclsdorff, Friedrich-Wilhelm: Die Entwicklung des bayerischen Jagdrechts bis 1850 unter besonderer Beachtung der Diskussion um die Regalit\u00e4t. Diss. Universit\u00e4t W\u00fcrzburg 1975.<\/td>\n<\/tr>\n<tr class=\"row-178 even\">\n\t<td class=\"column-1\">Gurreau, Alain: Les structures de base de la chasse m\u00e9di\u00e9vale. In: La Chasse au Moyen Age: Soci\u00e9t\u00e9, trait\u00e9s, symboles, herausgegeben von Agostino Paravicini Bagliani und Baudouin Van den Abeele (= Micrologus' library 5). Florenz 2000, S. 25-32.<\/td>\n<\/tr>\n<tr class=\"row-179 odd\">\n\t<td class=\"column-1\">Gussone, Monika\/R\u00f6ssner-Richarz, Maria Barbara: Jagd. In: Adelige Lebenswelten im Rheinland: Kommentierte Quellen der Fr\u00fchen Neuzeit, herausgegeben von Gudrun Gersmann und Hans-Werner Langbrandtner (= Schriften. Vereinigte Adelsarchive im Rheinland 3). K\u00f6ln u.a. 2009, S. 292-299.<\/td>\n<\/tr>\n<tr class=\"row-180 even\">\n\t<td class=\"column-1\">Haas, Theodor: Alte Jagdarten: Aus Forstakten des Klosters Ebrach. In: Erlanger Bausteine zur fr\u00e4nkischen Heimatforschung 13 (1966), S. 7-12.<\/td>\n<\/tr>\n<tr class=\"row-181 odd\">\n\t<td class=\"column-1\">Hadjinicolaou, Yannis: \"Ich zog mir einen Falken\": das ikonische Nachleben der Falknerei. In: Pegasus-Onlinezeitschrift 18\/19 (2018), S. 163-193.<\/td>\n<\/tr>\n<tr class=\"row-182 even\">\n\t<td class=\"column-1\">H\u00e4ffner, Arnulf: Forst- und Jagdgeschichte der f\u00fcrstlichen Standesherrschaft Oettingen-Wallerstein. In: Jahrbuch Historischer Verein f\u00fcr N\u00f6rdlingen und Umgebung 16 (1932), S. 1-112 und 17 (1933), S. 1-120.<\/td>\n<\/tr>\n<tr class=\"row-183 odd\">\n\t<td class=\"column-1\">Hafke, Chr.: Art. \"Jagd- und Fischereirecht\". In: Handw\u00f6rterbuch zur deutschen Rechtsgeschichte, Bd. 2. 1978, Sp. 281-288.<\/td>\n<\/tr>\n<tr class=\"row-184 even\">\n\t<td class=\"column-1\">Hagenbach, Bernhard: Beitr\u00e4ge zur Geschichte des Jagdrechtes auf dem Gebiete der Schweiz. Diss. Rechts- u. staatswiss. Fakult\u00e4t Z\u00fcrich 1972.<\/td>\n<\/tr>\n<tr class=\"row-185 odd\">\n\t<td class=\"column-1\">Hahn, Rudolf: Jagd und Wild auf dem ehemaligen Gebiet von Zell am Harmersbach. Zell am Harmersbach 1979.<\/td>\n<\/tr>\n<tr class=\"row-186 even\">\n\t<td class=\"column-1\">Hakelberg, Dietrich: Das Bodensee-Fischbuch von Gregor Mangolt in einem Basler Nachdruck von 1612. In: Wolfenb\u00fctteler Barock-Nachrichten 36 (2009), S. 107-114.<\/td>\n<\/tr>\n<tr class=\"row-187 odd\">\n\t<td class=\"column-1\">Hartmann, Wolfgang: Eine Breubergsche Jagdordnung aus dem 16. Jahrhundert. In: Der Odenwald: Zeitschrift des Breuberg-Bundes 33 (1986), S. 60-61.<\/td>\n<\/tr>\n<tr class=\"row-188 even\">\n\t<td class=\"column-1\">Hartmann-Frick, Hanspeter: Zur mittelalterlichen Jagd- und Haustierwelt in Winterthur. In: Berichte der Kantonsarch\u00e4ologie Z\u00fcrich (1994), S. 208-226.<\/td>\n<\/tr>\n<tr class=\"row-189 odd\">\n\t<td class=\"column-1\">Hartmann-Frick, Hanspeter: Zur mittelalterlichen Jagd- und Haustierwelt (11.-13.Jh.) in Winterthur. In: Arch\u00e4ologie im Kanton Z\u00fcrich. 1987-1992, bearbeitet von Claire Hauser (= Z\u00fcrcher Denkmalpflege. Bericht 12, Teil 1). Z\u00fcrich 1994, S. 208-226.<\/td>\n<\/tr>\n<tr class=\"row-190 even\">\n\t<td class=\"column-1\">Hasel, Karl\/Schwartz, Ekkehard: Forstgeschichte: ein Grundriss f\u00fcr Studium und Praxis. Remagen 32006.<\/td>\n<\/tr>\n<tr class=\"row-191 odd\">\n\t<td class=\"column-1\">Hatto, Arthur Thomas: Wolfram von Eschenbach and the Chase. In: Et multum et multa: Beitr\u00e4ge zur Literatur, Geschichte und Kultur der Jagd; Festgabe f\u00fcr Kurt Lindner zum 27. November 1971, herausgegeben von Sigrid Schwenk, Gunnar Tilander und Carl Arnold Willemsen. Berlin\/New York 1971, S. 101-112. [auch in: Hatto, Arthur Thomas: Essays on Medieval German and Other Poetry (= Anglica germanica, series 2). Cambridge [u.a.] 1980, S. 200-217, 346-348.]<\/td>\n<\/tr>\n<tr class=\"row-192 even\">\n\t<td class=\"column-1\">Hatto, Arthur Thomas: Poetry and the Hunt in medieval Germany. In: Hatto, Arthur Thomas: Essays on Medieval German and Other Poetry (= Anglica germanica, series 2). Cambridge [u.a.] 1980, S. 298-322, 360-363.<\/td>\n<\/tr>\n<tr class=\"row-193 odd\">\n\t<td class=\"column-1\">Haubrichs, Wolfgang: Erz\u00e4hlter Wahnsinn. Zur Narration der Irrationalit\u00e4t in Chr\u00e9tiens 'Yvain' und Hartmanns 'Iwein'. In: Mittelhochdeutsch. Beitr\u00e4ge zur \u00dcberlieferung, Sprache und Literatur: Festschrift f\u00fcr Kurt G\u00e4rtner zum 75. Geburtstag, herausgegeben von Ralf Pate und Martin Schubert, zusammen mit Michael Embach, Martin Przybilski und Michael Trauth. Berlin\/New York 2011, S. 55-65.<\/td>\n<\/tr>\n<tr class=\"row-194 even\">\n\t<td class=\"column-1\">Heck, Karl: Bericht der Jagdgerechtigkeit des Amtes Angermund: Aus einer alten Handschrift. In: Monatsschrift des Bergischen Geschichtsvereins (1904), S. 185-187.<\/td>\n<\/tr>\n<tr class=\"row-195 odd\">\n\t<td class=\"column-1\">Heimpel, Hermann: Fischerei und Bauernkrieg. In: Festschrift Percy Ernst Schramm zu seinem siebzigsten Geburtstag von Sch\u00fclern und Freunden zugeeignet, Bd. 1, herausgegeben von Peter Classen und Peter Scheibert. Wiesbaden 1964, S. 353-372.<\/td>\n<\/tr>\n<tr class=\"row-196 even\">\n\t<td class=\"column-1\">Heinig, Dorothea: Die Jagd im \u201aParzival' Wolframs von Eschenbach: Stellenkommentar und Untersuchungen (= Zeitschrift f\u00fcr deutsches Altertum und deutsche Literatur, Beiheft 14). Stuttgart 2012 [zugleich Diss. Universit\u00e4t Marburg 2009].<\/td>\n<\/tr>\n<tr class=\"row-197 odd\">\n\t<td class=\"column-1\">Heinrich, Dirk: Scharstorf: Eine slawische Burg in Ostholstein; Haustierhaltung und Jagd (= Offa-B\u00fccher 59; Untersuchungen aus dem Schleswig-Holsteinischen Landesmuseum f\u00fcr Vor- und Fr\u00fchgeschichte NF 59). Neum\u00fcnster 1985.<\/td>\n<\/tr>\n<tr class=\"row-198 even\">\n\t<td class=\"column-1\">Henn, Henning: Durch Schein zum Sein: die Funktionalisierung des Jagdmotivs in der ersten L\u00fcgengeschichte Tristans bei Gottfried von Stra\u00dfburg. In: Variationen des Tristan-Stoffes in diachroner Darstellung: gesammelte Vortr\u00e4ge des Mainzer Tristan-Workshops, April 2011, herausgegeben von Caroline Kolisang und Stefan Hartmann, in Zusammenarbeit mit von Danielle Buschinger (= M\u00e9di\u00e9vales 52). Amiens 2012, S. 39-51.<\/td>\n<\/tr>\n<tr class=\"row-199 odd\">\n\t<td class=\"column-1\">Herrmann, Joachim\/M\u00fcller, Hanns-Hermann: Fischfang. In: Die Slawen in Deutschland: Geschichte und Kultur der slawischen St\u00e4mme westlich von Oder und Neisse vom VI. bis XII. Jahrhundert; Ein Handbuch, herausgegeben von Joachim Herrmann (= Ver\u00f6ffentlichungen des Zentralinstituts f\u00fcr Alte Geschichte und Arch\u00e4ologie der Akademie der Wissenschaften der DDR 14). 4Berlin 1985, S. 69-71.<\/td>\n<\/tr>\n<tr class=\"row-200 even\">\n\t<td class=\"column-1\">Herrmann, Joachim\/M\u00fcller, Hanns-Hermann: Jagd. In: Die Slawen in Deutschland: Geschichte und Kultur der slawischen St\u00e4mme westlich von Oder und Neisse vom VI. bis XII. Jahrhundert; Ein Handbuch, herausgegeben von Joachim Herrmann (= Ver\u00f6ffentlichungen des Zentralinstituts f\u00fcr Alte Geschichte und Arch\u00e4ologie der Akademie der Wissenschaften der DDR 14). Berlin 41985, S. 66-68.<\/td>\n<\/tr>\n<tr class=\"row-201 odd\">\n\t<td class=\"column-1\">Heuvel, Christine van den: Die f\u00fcrstliche Jagd. In: Stadt - Land - Schlo\u00df: Celle als Residenz; Begleitband zur Ausstellung, herausgegeben von Brigitte Streich (= Celler Beitr\u00e4ge zur Landes- und Kulturgeschichte 29). Bielefeld 2000, S. 163-168.<\/td>\n<\/tr>\n<tr class=\"row-202 even\">\n\t<td class=\"column-1\">Hiebeler, Josef: Die Entwicklungsgeschichte der Falknerei. In: alles jagd ... eine kulturgeschichte: K\u00e4rtner Landesausstellung Ferlach 1997; Katalogbuch, herausgegeben vom Land K\u00e4rnten, Kulturabteilung - K\u00e4rtner Landesausstellung, unter der Leitung von G\u00fcnther H\u00f6dl und Hartwig Pucker [Gesamtredaktion: Gabriele Guntsche-Liessmann und Daniela Schurian]. Klagenfurt 1997, S. 187-190.<\/td>\n<\/tr>\n<tr class=\"row-203 odd\">\n\t<td class=\"column-1\">Hilf, Richard B.\/R\u00f6hrig, Fritz: Wald- und Weidwerk in Geschichte und Gegenwart, Bd. 1: Der Wald, von Richard B. Hilf, Bd. 2: Das Weidwerk, von Fritz R\u00f6hrig. Potsdam 1938\/1933.<\/td>\n<\/tr>\n<tr class=\"row-204 even\">\n\t<td class=\"column-1\">Hlav\u00e1cek, Ivan: Wenzel IV. und das Jagdrecht des Zisterzienserklosters Pla\u00df: kleiner Beitrag zur sp\u00e4tmittelalterlichen Jagdgeschichte B\u00f6hmens. In: Vielfalt und Aktualit\u00e4t des Mittelalters. Festschrift f\u00fcr Wolfgang Petke zum 65. Geburtstag, herausgegeben von Sabine Arend und Daniel Berger. Bielefeld 2006, S. 27-37.<\/td>\n<\/tr>\n<tr class=\"row-205 odd\">\n\t<td class=\"column-1\">Hobusch, Erich: Von der edlen Kunst des Jagens: eine Kulturgeschichte der Jagd und der Hege der Tierwelt. Innsbruck 21983.<\/td>\n<\/tr>\n<tr class=\"row-206 even\">\n\t<td class=\"column-1\">Hocker, Rolf: Zur Jagdgeschichte der Kurf\u00fcrsten von K\u00f6ln. In: Bonner Geschichtsbl\u00e4tter: Jahrbuch des Bonner Heimat- und Geschichtsvereins 23 (1969), S. 23-50.<\/td>\n<\/tr>\n<tr class=\"row-207 odd\">\n\t<td class=\"column-1\">H\u00f6dl, G\u00fcnther: Die Dinge sichtbar machen, so wie sie sind! Kaiser Friedrich II., das Falkenbuch und die Wissenschaft. In: alles jagd ... eine kulturgeschichte: K\u00e4rtner Landesausstellung Ferlach 1997; Katalogbuch, herausgegeben vom Land K\u00e4rnten, Kulturabteilung - K\u00e4rtner Landesausstellung, unter der Leitung von G\u00fcnther H\u00f6dl und Hartwig Pucker [Gesamtredaktion: Gabriele Guntsche-Liessmann und Daniela Schurian]. Klagenfurt 1997, S. 191-197.<\/td>\n<\/tr>\n<tr class=\"row-208 even\">\n\t<td class=\"column-1\">Hoffer, Wilhelm: Erl\u00e4uterungen zum Historischen Atlas der \u00f6sterreichischen Alpenl\u00e4nder. 1. Abteilung: Die Landgerichtskarte. Teil 1, 1: Erl\u00e4uterungen zur Karte der Jagdgebiete Steiermarks. Wien 1929.<\/td>\n<\/tr>\n<tr class=\"row-209 odd\">\n\t<td class=\"column-1\">Hoffmann, J\u00f6rg: Von der Stammburg zum Jagdschloss: Aspekte des architektonisch-funktionellen Wandels. In: Die Schwarzburg: Kulturgeschichte des Schlosses, herausgegeben von Jens Henkel (= Beitr\u00e4ge zur schwarzburgischen Kunst- und Kulturgeschichte 9). Rudolstadt 2008, S. 45-76.<\/td>\n<\/tr>\n<tr class=\"row-210 even\">\n\t<td class=\"column-1\">Hoffmann, Richard C.: Fisher's Craft and Lettered Art: Tracts on Fishing from the End of the Middle Ages (= Toronto medieval texts and translations 12). Toronto\/Buffalo\/London 1997.<\/td>\n<\/tr>\n<tr class=\"row-211 odd\">\n\t<td class=\"column-1\">Hoffmeister, Gerhart: Fischer- und Tauchertexte vom Bodensee. In: Fachliteratur des Mittelalters: Festschrift f\u00fcr Gerhard Eis, herausgegeben von Gundolf Keil, Rainer Rudolf, Wolfram Schmitt und Hans J. Vermeer. Stuttgart 1968, S. 261-275.<\/td>\n<\/tr>\n<tr class=\"row-212 even\">\n\t<td class=\"column-1\">Holzapfl, Julian: Wald und Jagd in archivischen Urkundenbest\u00e4nden - Quellenkundliche \u00dcberlegungen und einige Beispiele. In: Archive in Bayern 7 (2012), S. 249-264.<\/td>\n<\/tr>\n<tr class=\"row-213 odd\">\n\t<td class=\"column-1\">Honsig-Erlenburg, Wolfgang: Fischfang. In: alles jagd ... eine kulturgeschichte: K\u00e4rtner Landesausstellung Ferlach 1997; Katalogbuch, herausgegeben vom Land K\u00e4rnten, Kulturabteilung - K\u00e4rtner Landesausstellung, unter der Leitung von G\u00fcnther H\u00f6dl und Hartwig Pucker [Gesamtredaktion: Gabriele Guntsche-Liessmann und Daniela Schurian]. Klagenfurt 1997, S. 343-351.<\/td>\n<\/tr>\n<tr class=\"row-214 even\">\n\t<td class=\"column-1\">Horstmann, Hans: Die Wolfsangel als Jagdger\u00e4t und Wappenbild. In: Vierteljahresbl\u00e4tter der Trierer Gesellschaft f\u00fcr n\u00fctzliche Forschungen 1 (1955), S. 17.<\/td>\n<\/tr>\n<tr class=\"row-215 odd\">\n\t<td class=\"column-1\">H\u00fcnem\u00f6rder, Christian: Die Geschichte der Fischb\u00fccher von Aristoteles bis zum Ende des 17. Jahrhunderts. In: Deutsches Schiffahrtsarchiv 1 (1975), S. 185-200.<\/td>\n<\/tr>\n<tr class=\"row-216 even\">\n\t<td class=\"column-1\">H\u00fcnem\u00f6rder, Christian: Fischfang und Fischkunde im Mittelalter. In: Deutsches Schiffahrtsarchiv 4 (1981), S. 183-190.<\/td>\n<\/tr>\n<tr class=\"row-217 odd\">\n\t<td class=\"column-1\">H\u00fcnem\u00f6rder, Christian: Fischerei im Mittelalter: wissenschafts-, wirtschafts- und technikhistorische Aspekte. In: Deutsches Schiffahrtsarchiv 9 (1986), 189-198.<\/td>\n<\/tr>\n<tr class=\"row-218 even\">\n\t<td class=\"column-1\">H\u00fcster Plogmann, Heidemarie\/Jordan, Paul\/Rehazek, Andr\u00e9\/Schibler, J\u00f6rg\/Veszeli, Marcel: Mittelalterliche Ern\u00e4hrungswirtschaft, Haustierhaltung und Jagd: Eine arch\u00e4ozoologische Untersuchung ausgew\u00e4hlter Fundensembles aus der Schweiz und dem angrenzenden Ausland. In: Beitr\u00e4ge zur Mittelalterarch\u00e4ologie in \u00d6sterreich 15 (1999), S. 223-240.<\/td>\n<\/tr>\n<tr class=\"row-219 odd\">\n\t<td class=\"column-1\">H\u00fcster Plogmann, Heide: ... der Mensch lebt nicht von Brot allein: Gesellschaftliche Normen und Fischkonsum. In: Fisch und Fischer aus zwei Jahrtausenden: eine fischereiwirtschaftliche Zeitreise durch die Nordwestschweiz, herausgegeben von Heidemarie H\u00fcster Plogmann (= Forschungen in Augst 39). Augst 2006, S. 187-199.<\/td>\n<\/tr>\n<tr class=\"row-220 even\">\n\t<td class=\"column-1\">Huhold, Karl: Das oldenburgische Jagdrecht: eine rechtsgeschichtliche Darstellung unter besonderer Ber\u00fccksichtigung der geltenden Jagdgesetzgebung. G\u00f6ttingen 1925.<\/td>\n<\/tr>\n<tr class=\"row-221 odd\">\n\t<td class=\"column-1\">Immler, Gerhard: Die Jagd als Objekt der herrschaftlichen Normsetzung und als repr\u00e4sentativer f\u00fcrstlicher Zeitvertreib. In: WaldGeschichten: Forst und Jagd in Bayern 811-2011; Ausstellung des Bayerischen Hauptstaatsarchivs, M\u00fcnchen, 31. M\u00e4rz bis 31. Mai 2011 und Freilichtmuseum Glentleiten, 3. Juli bis 11. November 2011, herausgegeben von Christian Kruse (= Ausstellungskataloge der staatlichen Archive Bayerns 54). M\u00fcnchen 2011, S. 37-53.<\/td>\n<\/tr>\n<tr class=\"row-222 even\">\n\t<td class=\"column-1\">Jacobs, Eduard: Die Jagd auf dem Harze, insbesondere dem werniger\u00f6dischen und elbinger\u00f6dischen, in der ersten H\u00e4lfte des sechszehnten Jahrhunderts. In: Zeitschrift des Harzvereins f\u00fcr Geschichte und Alterthumskunde 33 (1900), S. 1-91.<\/td>\n<\/tr>\n<tr class=\"row-223 odd\">\n\t<td class=\"column-1\">Janotta, Christine Edith: Der Hund im Mittelalter. In: Innsbrucker Historische Studien 14\/15 (1994), S. 13-32.<\/td>\n<\/tr>\n<tr class=\"row-224 even\">\n\t<td class=\"column-1\">Janson, Karl-Heinz: Die Nassau'schen Jagdfronen. In: Der K\u00f6llertaler Bote: Geschichte und Geschichten aus der Heimat 11 (2001), S. 20-21.<\/td>\n<\/tr>\n<tr class=\"row-225 odd\">\n\t<td class=\"column-1\">Jarnut, J\u00f6rg: Die fr\u00fchmittelalterliche Jagd unter rechts- und sozialgeschichtlichen Aspekten. In: J\u00f6rg Jarnut: Herrschaft und Ethnogenese im Fr\u00fchmittelalter; Gesammelte Aufs\u00e4tze von J\u00f6rg Jarnut, Festgabe zum 60. Geburtstag, herausgegeben von Matthias Becher unter Mitarbeit von Stefanie Dick und Nicola Karthaus. M\u00fcnster 2002, S. 375-418. [Erstdruck in: L'uomo di fronte al mondo animale nell'alto Medioevo. 7-13 aprile 1983, (Settimane di studio deI centro italiano di studi sull' alto medioevo, Bd. 31,1), Spoleto 1985, S. 765-808.]<\/td>\n<\/tr>\n<tr class=\"row-226 even\">\n\t<td class=\"column-1\">Jaschinski, Katharina: Hundedarstellungen in sp\u00e4tmittelalterlichen Jagdlehrb\u00fcchern. M.A. Universit\u00e4t Hamburg 2016.<\/td>\n<\/tr>\n<tr class=\"row-227 odd\">\n\t<td class=\"column-1\">Jeitler, Markus Friedrich: Wald und Waldnutzung im Fr\u00fchmittelalter. In: Der Wald im Mittelalter: Funktion - Nutzung - Deutung, herausgegeben von Elisabeth Vavra (= Das Mittelalter: Perspektiven medi\u00e4vistischer Forschung 13, 2). Berlin 2008, S. 12-27.<\/td>\n<\/tr>\n<tr class=\"row-228 even\">\n\t<td class=\"column-1\">J\u00f6rimann, Paul: Das Jagdrecht Gemeiner III B\u00fcnde: Ein Beitrag zur b\u00fcndnerischen Rechtsgeschichte. Chur 1926.<\/td>\n<\/tr>\n<tr class=\"row-229 odd\">\n\t<td class=\"column-1\">Jones, George: Oswald von Wolkenstein - Vogelsteller und J\u00e4ger. In: Et multum et multa: Beitr\u00e4ge zur Literatur, Geschichte und Kultur der Jagd; Festgabe f\u00fcr Kurt Lindner zum 27. November 1971, herausgegeben von Sigrid Schwenk, Gunnar Tilander und Carl Arnold Willemsen. Berlin\/New York 1971, S. 133-145.<\/td>\n<\/tr>\n<tr class=\"row-230 even\">\n\t<td class=\"column-1\">J\u00fcnemann, Joachim: Wald- und Jagdbr\u00e4uche um den Hohen Hagen. In. S\u00fcdhannoverscher Heimatkalender (1966), S. 121-123.<\/td>\n<\/tr>\n<tr class=\"row-231 odd\">\n\t<td class=\"column-1\">Just, Thomas: Kaiser Maximilian I. und die Wildschweine aus den Praterauen: Kaiserebersdorf als Jagdschloss und Tiergehege der Habsburger. In: Fundort Wien: Berichte zur Arch\u00e4ologie 3 (2000), S. 178-185.<\/td>\n<\/tr>\n<tr class=\"row-232 even\">\n\t<td class=\"column-1\">Jux, Anton: Das Jagdrecht des Turmhofs zu Z\u00fcndorf. In: Romerike Berge: Zeitschrift f\u00fcr Heimatpflege, Volkskunde, Kunst, Museumswesen, Denkmalpflege und Naturschutz im Bergischen Land 5 (1955), S. 54-62.<\/td>\n<\/tr>\n<tr class=\"row-233 odd\">\n\t<td class=\"column-1\">K\u00e4pplinger, Jakob: Die Jagd als Spiegel der Gesellschaft: Bemerkungen zum Raumprogramm des Rittersaals im Schloss Weikersheim. In: W\u00fcrttembergisch Franken 95 (2011), S. 73-93.<\/td>\n<\/tr>\n<tr class=\"row-234 even\">\n\t<td class=\"column-1\">Kapellari, Egon: Jagd und Kirche. In: alles jagd ... eine kulturgeschichte: K\u00e4rtner Landesausstellung Ferlach 1997; Katalogbuch, herausgegeben vom Land K\u00e4rnten, Kulturabteilung - K\u00e4rtner Landesausstellung, unter der Leitung von G\u00fcnther H\u00f6dl und Hartwig Pucker [Gesamtredaktion: Gabriele Guntsche-Liessmann und Daniela Schurian]. Klagenfurt 1997, S. 297-302.<\/td>\n<\/tr>\n<tr class=\"row-235 odd\">\n\t<td class=\"column-1\">Karajan, Theodor Georg von: Kaiser Maximilians I. geheimes Jagdbuch und von den Zeichen des Hirsches, eine Abhandlung des 14. Jahrhunderts. Wien 1858.<\/td>\n<\/tr>\n<tr class=\"row-236 even\">\n\t<td class=\"column-1\">Karajan, Theodor Georg von (Hg.): Kaiser Maximilians I. geheimes Jagdbuch und von den Zeichen des Hirsches: eine Abhandlung des 14. Jahrhunderts, beides zum ersten Male herausgegeben von Th. G. Karajan - 1859. Wien 21881.<\/td>\n<\/tr>\n<tr class=\"row-237 odd\">\n\t<td class=\"column-1\">Karbe, Walter: Frei ist der Fischfang, frei ist die Jagd. In: Heimatbuch des Kreises Neustrelitz: Einzeldarstellungen aus der Geschichte unseres Kreises, herausgegeben von Erwin Kasten. Neustrelitz 1954, S. 47-52.<\/td>\n<\/tr>\n<tr class=\"row-238 even\">\n\t<td class=\"column-1\">Kehr, Kurt: Quellen und Studien zur Geschichte der Jagd. In: Zeitschrift f\u00fcr Agrargeschichte und Agrarsoziologie 13 (1965), S. 35-43.<\/td>\n<\/tr>\n<tr class=\"row-239 odd\">\n\t<td class=\"column-1\">Keiper, Johann: Das Hochstift Speier, seine Forst- und Jagdverwaltung. In: Forstwissenschaftliches Centralblatt 34 (1912), S. 65-77, 118-134.<\/td>\n<\/tr>\n<tr class=\"row-240 even\">\n\t<td class=\"column-1\">Keiper, Johann: Pf\u00e4lzische Forst- und Jagdgeschichte (= Ver\u00f6ffentlichungen der Pf\u00e4lzischen Gesellschaft zur F\u00f6rderung der Wissenschaften in Speyer 13). Speyer 1930.<\/td>\n<\/tr>\n<tr class=\"row-241 odd\">\n\t<td class=\"column-1\">Kentenich, Gottfried: Beitr\u00e4ge zur Geschichte des Weinbaus und Weinhandels im Mosellande, 7: Die Weinberge als Jagdrevier in alter Zeit. In: Trierische Chronik: Zeitschrift der Gesellschaft f\u00fcr Trierische Geschichte und Denkmalpflege, Ser. NF 9 (1912\/13), S. 96.<\/td>\n<\/tr>\n<tr class=\"row-242 even\">\n\t<td class=\"column-1\">Kerscher, Hermann: Paul Pfinzing, die N\u00fcrnberger Reichsw\u00e4lder und der Vogelfang: Kurtzer Vnd Einfeltiger bericht Von Dem Vogelstellen (III). In: Das arch\u00e4ologische Jahr in Bayern (2014), S. 151-154.<\/td>\n<\/tr>\n<tr class=\"row-243 odd\">\n\t<td class=\"column-1\">Kerth, Klaus: Die Haustier- und Jagdwildreste von den fr\u00fchmittelalterlichen Burgen Oberammerthal, Bamberg und Burgkunstadt (Nordbayern). In: Bayerische Vorgeschichtsbl\u00e4tter 64 (1999), S. 327-342.<\/td>\n<\/tr>\n<tr class=\"row-244 even\">\n\t<td class=\"column-1\">Kerth, Klaus\/Landgraf, Ilona: Die Haustier- und Jagdwildreste auf der Burg Oberammerthal, Landkreis Amberg. In: Karlburg - Ro\u00dftal - Oberammerthal: Studien zum fr\u00fchmittelalterlichen Burgenbau in Nordbayern: Grabungen des Bayerischen Landesamtes f\u00fcr Denkmalpflege, Bd. 1, herausgegeben von Peter Ettel (= Fr\u00fchgeschichtliche und provinzialr\u00f6mische Arch\u00e4ologie 5,1). Rahden, Westf. 2001, S. 251-257.<\/td>\n<\/tr>\n<tr class=\"row-245 odd\">\n\t<td class=\"column-1\">Kie\u00df, Rudolf: Wildb\u00e4nne der Herren von Weinsberg. Folgerungen f\u00fcr die Stauferzeit. In: Zeitschrift f\u00fcr W\u00fcrttembergische Landesgeschichte 45 (1986), S. 137-166.<\/td>\n<\/tr>\n<tr class=\"row-246 even\">\n\t<td class=\"column-1\">Kie\u00dfling, Winfried: Das Jagdrecht der Deutschordenskommende Kapfenburg. In: Ostalb-Einhorn: Vierteljahreshefte f\u00fcr Heimat und Kultur im Ostalbkreis 17 (1990), S. 228-237.<\/td>\n<\/tr>\n<tr class=\"row-247 odd\">\n\t<td class=\"column-1\">Kisch, Guido: Forschungen und Quellen zur Rechts- und Sozialgeschichte des Deutschordenslandes 3: Das Fischereirecht im Deutschordensgebiet: Beitr\u00e4ge zu seiner Geschichte (= Schriften des Kopernikuskreises Freiburg im Breisgau 10). Sigmaringen 21978.<\/td>\n<\/tr>\n<tr class=\"row-248 even\">\n\t<td class=\"column-1\">Kisler, Karl Michael: Die Jagd in der Literatur. In: Jagd einst und jetzt: Nieder\u00f6sterreichische Landesausstellung im Schlo\u00df Marchegg (N.\u00d6.) vom 29. April bis 15. November 1978; Katalog, herausgegeben vom Amt d. Nieder\u00f6sterr. Landesregierung, Abt. III\/2, Kulturabteilung, bearbeitet von Gerhard Winkler (= Katalog des Nieder\u00f6sterreichischen Landesmuseums NF 77). Wien 1978, S. 57-70.<\/td>\n<\/tr>\n<tr class=\"row-249 odd\">\n\t<td class=\"column-1\">Kisler, Karl Michael: Die Jagd in der Literatur. In: alles jagd ... eine kulturgeschichte: K\u00e4rtner Landesausstellung Ferlach 1997; Katalogbuch, herausgegeben vom Land K\u00e4rnten, Kulturabteilung - K\u00e4rtner Landesausstellung, unter der Leitung von G\u00fcnther H\u00f6dl und Hartwig Pucker [Gesamtredaktion: Gabriele Guntsche-Liessmann und Daniela Schurian]. Klagenfurt 1997, S. 327-342.<\/td>\n<\/tr>\n<tr class=\"row-250 even\">\n\t<td class=\"column-1\">Klamt, Johann-Christian: Ein Jagdhorn in der Schatzkammer von Sankt Servatius in Maastricht. In: Wiener Jahrbuch f\u00fcr Kunstgeschichte 46\/47 (1993\/94), S. 275-287.<\/td>\n<\/tr>\n<tr class=\"row-251 odd\">\n\t<td class=\"column-1\">Klein, Hans-Georg: Anmerkungen zum Jagdrecht im alten Ahrweiler. In: Heimatjahrbuch Kreis Ahrweiler 74 (2017), S. 124-127.<\/td>\n<\/tr>\n<tr class=\"row-252 even\">\n\t<td class=\"column-1\">Klett, Bernhard: Die Geschichte der Jagd und der Fischerei im Gebiete der ehemaligen freien Reichsstadt M\u00fchlhausen. M\u00fchlhausen 1934.<\/td>\n<\/tr>\n<tr class=\"row-253 odd\">\n\t<td class=\"column-1\">Klingner, Jacob: Die Jagd, der Wein und die Liebe: Eine sp\u00e4tmittelalterliche Sammelhandschrift f\u00fcr die Staatsbibliothek zu Berlin. In: Bibliotheksmagazin: Mitteilungen aus den Staatsbibliotheken in Berlin und M\u00fcnchen (3\/2011), S. 26-30.<\/td>\n<\/tr>\n<tr class=\"row-254 even\">\n\t<td class=\"column-1\">Kl\u00f6tzer, Wolfgang: Jagdwesen im Kloster Eberbach. In: Die Br\u00fccke: Heimatbeilage f\u00fcr das Binger Land und den Rheingau; Allgemeine Zeitung\/Neuer Binger Anzeiger 156 vom 9. Juli 1953.<\/td>\n<\/tr>\n<tr class=\"row-255 odd\">\n\t<td class=\"column-1\">Knoll, Martin: Hofkultur und l\u00e4ndliche Welt: herrschaftliche Jagd in der Fr\u00fchen Neuzeit und ihre Bedeutung f\u00fcr Gesellschaft und Umwelt. In: Blick in die Wissenschaft: Forschungsmagazin der Universit\u00e4t Regensburg 17 (2005), S. 62-70.<\/td>\n<\/tr>\n<tr class=\"row-256 even\">\n\t<td class=\"column-1\">Koch, Bernhard: Jagddarstellungen auf M\u00fcnzen und Medaillen. In: Jagd einst und jetzt: Nieder\u00f6sterreichische Landesausstellung im Schlo\u00df Marchegg (N.\u00d6.) vom 29. April bis 15. November 1978; Katalog, herausgegeben vom Amt d. Nieder\u00f6sterr. Landesregierung, Abt. III\/2, Kulturabteilung, bearbeitet von Gerhard Winkler (= Katalog des Nieder\u00f6sterreichischen Landesmuseums NF 77). Wien 1978, S. 51-55.<\/td>\n<\/tr>\n<tr class=\"row-257 odd\">\n\t<td class=\"column-1\">Koch-Gr\u00fcnberg, Ernst: Die Jagd in der Gemarkung Echzell, fr\u00fcher und heute. In: 1200 Jahre Echzell 782-1982: Ursprung, Epochen und Strukturen einer D\u00f6rfergemeinschaft. Echzell 1982, S. 173-176.<\/td>\n<\/tr>\n<tr class=\"row-258 even\">\n\t<td class=\"column-1\">K\u00f6fler, Werner: Am Jagdtag ist um drei Uhr Wecken. In: Imagination: Aus der Welt des Mittelalters; Zeitschrift f\u00fcr Freunde des alten Buches 3\/3 (1988), S. 2-4.<\/td>\n<\/tr>\n<tr class=\"row-259 odd\">\n\t<td class=\"column-1\">K\u00f6gl, Maximilian: Herzog Tassilo III. (742-797) und die Jagd: ein Versuch, Fauna und Flora, Jagd und Geschichte aus der Zeit der Gr\u00fcndung des Klosters Wessobrunn zu reflektieren. In: Jahresschrift Wessofontanum (1997), S. 21-29.<\/td>\n<\/tr>\n<tr class=\"row-260 even\">\n\t<td class=\"column-1\">K\u00f6hler, Reinhold: Weidspr\u00fcche und J\u00e4gerschreie. In: Weimarisches Jahrbuch f\u00fcr deutsche Sprache, Literatur und Kunst 3 (1855), S. 329-358 [auch in: Kleinere Schriften zur neueren Litteraturgeschichte, Volkskunde und Wortforschung von Reinhold K\u00f6hler, herausgegeben von Johannes Bolte. Berlin 1900, S. 452-494.]<\/td>\n<\/tr>\n<tr class=\"row-261 odd\">\n\t<td class=\"column-1\">Kohl, Gerald: Art. \"Jagd- und Fischereirechte\". In: Handw\u00f6rterbuch zur deutschen Rechtsgeschichte, Bd. II. 22012, Sp. 1341-1348.<\/td>\n<\/tr>\n<tr class=\"row-262 even\">\n\t<td class=\"column-1\">Kohwagner-Nikolai, Tanja: Kloster Wienhausen, Bd. 3: Die gotischen Bildteppiche. Wienhausen 2013.<\/td>\n<\/tr>\n<tr class=\"row-263 odd\">\n\t<td class=\"column-1\">Knorr, Heinz Arno: Das mittelalterliche Jagdmesser mit Drachenornament aus Rogge, Kreis Grimmen. In: Greifswald-Stralsunder Jahrbuch 9 (1970\/71), S. 9-20.<\/td>\n<\/tr>\n<tr class=\"row-264 even\">\n\t<td class=\"column-1\">Koller, Erwin: Jagdszenen aus Tirol: Maximilian I. auf Pirsch im Schmirn und anderswo. In: Literatur und Sprachkultur in Tirol: Festschrift f\u00fcr Notburga Wolf, herausgegeben von Johann Holzner, Oskar Putzer und Max Siller (= Innsbrucker Beitr\u00e4ge zur Kulturwissenschaft. Germanistische Reihe 55). Innsbruck 1997, S. 265-271.<\/td>\n<\/tr>\n<tr class=\"row-265 odd\">\n\t<td class=\"column-1\">Korf, Winfried: Jagd und Jagdbauten im und am Harz. In: Harz-Zeitschrift 46\/47 (1994\/95), S. 39-52.<\/td>\n<\/tr>\n<tr class=\"row-266 even\">\n\t<td class=\"column-1\">Krasa, Selma: Romani imperii Supremus Venator - Kaiser Maximilian I. der Gro\u00dfm\u00e4chtigste Waidmann. In: Jagdzeit: \u00d6sterreichs Jagdgeschichte - Eine Pirsch; Ausstellung in der Hermesvilla im Lainzer Tiergarten vom 28. M\u00e4rz 1996 bis 16. Februar 1997 (= Sonderausstellung. Historisches Museum der Stadt Wien 209). Wien 1996, S. 41-42.<\/td>\n<\/tr>\n<tr class=\"row-267 odd\">\n\t<td class=\"column-1\">Kraus, Johann Adam: Freibirsch und zollerischer Forst. In: Hohenzollerische Jahreshefte 7 (1940), S. 1-56.<\/td>\n<\/tr>\n<tr class=\"row-268 even\">\n\t<td class=\"column-1\">Krause, Burkhardt: Die Jagd als Lebensform und h\u00f6fisches \u201aspil': Mit einer Interpretation des \u201abast' in Gottfrieds von Stra\u00dfburg Tristan (= Helfant Studien S 12). Stuttgart 1996.<\/td>\n<\/tr>\n<tr class=\"row-269 odd\">\n\t<td class=\"column-1\">Kroos, Renate: Art. \"Jagd\". In: Lexikon der christlichen Ikonographie, Tl. 2. 1970, Sp. 362-363.<\/td>\n<\/tr>\n<tr class=\"row-270 even\">\n\t<td class=\"column-1\">Kr\u00fcger, Lutz: Vom Jagdregal zur b\u00fcrgerlichen Jagd. In: Jagd in der L\u00fcneburger Heide: Beitr\u00e4ge zur Jagdgeschichte; Begleitpublikation zur Ausstellung, herausgegeben vom Bomann-Museum Celle (= Ver\u00f6ffentlichungen des Landwirtschaftsmuseums L\u00fcneburger Heide 15). Celle 2006, S. 51-84.<\/td>\n<\/tr>\n<tr class=\"row-271 odd\">\n\t<td class=\"column-1\">Kruggel, Otto: Der Jagdfries am \u201aKaiserdom' von K\u00f6nigslutter. In: Kreisbuch: Landkreis Helmstedt 20 (2013), S. 127-136.<\/td>\n<\/tr>\n<tr class=\"row-272 even\">\n\t<td class=\"column-1\">K\u00fchnert, Alfred: Herrschaftliche Jagd in der Obergrafschaft Hanau. In: Bergwinkel-Bote: Heimatkalender f\u00fcr den Kreis Schl\u00fcchtern 46 (1995), S. 99-103.<\/td>\n<\/tr>\n<tr class=\"row-273 odd\">\n\t<td class=\"column-1\">K\u00fcther, Waldemar: Lupnitz: Fiskus, Villa, Mark, Wildbann. In: Festschrift f\u00fcr Walter Schlesinger, Tl. 2, herausgegeben von Helmut Beumann (= Mitteldeutsche Forschungen 74,2). K\u00f6ln u.a. 1974, S. 162-237.<\/td>\n<\/tr>\n<tr class=\"row-274 even\">\n\t<td class=\"column-1\">Lampen, Angelika: Fischerei und Fischhandel im Mittelalter: wirtschafts- und sozialgeschichtliche Untersuchungen nach urkundlichen und arch\u00e4ologischen Quellen des 6. bis 14. Jahrhunderts im Gebiet des Deutschen Reiches (= Historische Studien 461). Husum 2000 [zugleich Diss. Universit\u00e4t Kassel 1997].<\/td>\n<\/tr>\n<tr class=\"row-275 odd\">\n\t<td class=\"column-1\">Landau, Georg: Die Geschichte der Jagd und der Falknerei in beiden Hessen: Beitr\u00e4ge zur Geschichte der Jagd und der Falknerei in Deutschland. Kassel 1849. [Nachdruck Kassel 21992]<\/td>\n<\/tr>\n<tr class=\"row-276 even\">\n\t<td class=\"column-1\">Langbrandtner, Hans-Werner\/Rosner, Kathrin: Fischerei. In: Adelige Lebenswelten im Rheinland: Kommentierte Quellen der Fr\u00fchen Neuzeit, herausgegeben von Gudrun Gersmann und Hans-Werner Langbrandtner (= Schriften. Vereinigte Adelsarchive im Rheinland 3). K\u00f6ln u.a. 2009, S. 300-305.<\/td>\n<\/tr>\n<tr class=\"row-277 odd\">\n\t<td class=\"column-1\">La\u00df, Heiko: Die Jagd, ein \"r\u00fchmlicher Krieg in Friedenszeiten\" - Einfl\u00fcsse der Milit\u00e4rarchitektur auf Jagdschl\u00f6sser und Jagdbauten in der Fr\u00fchen Neuzeit. In: Die wehrhafte Residenz. Zeughaus - Marstall - Milit\u00e4r, herausgegeben von Helmut-Eberhard Paulus (=Jahrbuch der Stiftung Th\u00fcringer Schl\u00f6sser und G\u00e4rten 12, 2008). Regensburg 2009, S. 41-54.<\/td>\n<\/tr>\n<tr class=\"row-278 even\">\n\t<td class=\"column-1\">La\u00df, Heiko: Tier, Troph\u00e4e, Tradition: Jagdwild und seine Darstellung auf mitteleurop\u00e4ischen Burgen und Schl\u00f6ssern im 15. und 16. Jahrhundert. In: Tiere auf Burgen und fr\u00fchen Schl\u00f6ssern, herausgegeben von Daniel Burger unter Mitarbeit von Armand Baeriswyl, G. Ulrich Gro\u00dfmann, Christine M\u00fcller und Guido von B\u00fcren (= Forschungen zu Burgen und Schl\u00f6ssern 16). Petersberg 2015, S. 97-109.<\/td>\n<\/tr>\n<tr class=\"row-279 odd\">\n\t<td class=\"column-1\">La\u00df, Heiko: Die Jagdburg im sp\u00e4ten Mittelalter: Erste Ann\u00e4herungen an eine herrschaftliche Bauaufgabe. In: Marburger Correspondenzblatt zur Burgenforschung 4 (2005), S. 5-22.<\/td>\n<\/tr>\n<tr class=\"row-280 even\">\n\t<td class=\"column-1\">La\u00df, Heiko: Begriffe erkunden: Jagdburg. In: Burgen und Schl\u00f6sser 59 (2018), S. 188-189.<\/td>\n<\/tr>\n<tr class=\"row-281 odd\">\n\t<td class=\"column-1\">Laval, Filip: Ansichten von Wald und Jagd im Westeuropa des Mittelalters. In: Krivokl\u00e1t - P\u00fcrglitz: Jagd, Wald, Herrscherrepr\u00e4sentation, herausgegeben von Jir\u00ed Fajt, Markus H\u00f6rsch und Vladislav Raz\u00edm (= Studia Jagellonica Lipsiensia, Bd. 17). Ostfildern 2014, S. 305-311.<\/td>\n<\/tr>\n<tr class=\"row-282 even\">\n\t<td class=\"column-1\">Layher, William: H\u00f6rbarkeit im Mittelalter: Ein auditiver \u00dcberblick. In: der \u00e2ventiuren d\u00f4n: Klang, H\u00f6ren und H\u00f6rgemeinschaften in der deutschen Literatur des Mittelalters, herausgegeben von Ingrid Bennewitz und William Layher (= Imagines Medii Aevi: Interdisziplin\u00e4re Beitr\u00e4ge zur Mittelalterforschung 31). Wiesbaden 2013, S. 9-29.<\/td>\n<\/tr>\n<tr class=\"row-283 odd\">\n\t<td class=\"column-1\">Leitner, Horst: Zur Geschichte der Jagd in der Marktgemeinde Maria Saal. In: Marktgemeinde Maria Saal: Geschichte, Kultur, Natur; Ein Gemeindebuch f\u00fcr alle, herausgegeben von Alfred Ogris und Wilhelm Wadl. Klagenfurt 2007, S. 615-620.<\/td>\n<\/tr>\n<tr class=\"row-284 even\">\n\t<td class=\"column-1\">Liebermann, Felix: Zu den Jagdlehrb\u00fcchern des Mittelalters. In: Archiv f\u00fcr das Studium der neueren Sprachen und Literaturen 143 (1922), S. 87.<\/td>\n<\/tr>\n<tr class=\"row-285 odd\">\n\t<td class=\"column-1\">Liessmann, Konrad Paul: Die Jagd nach dem Gl\u00fcck: Jagd und Jagen als Daseinsmetaphern. In: alles jagd ... eine kulturgeschichte: K\u00e4rtner Landesausstellung Ferlach 1997; Katalogbuch, herausgegeben vom Land K\u00e4rnten, Kulturabteilung - K\u00e4rtner Landesausstellung, unter der Leitung von G\u00fcnther H\u00f6dl und Hartwig Pucker [Gesamtredaktion: Gabriele Guntsche-Liessmann und Daniela Schurian]. Klagenfurt 1997, S. 17-27.<\/td>\n<\/tr>\n<tr class=\"row-286 even\">\n\t<td class=\"column-1\">Lindner, Kurt: Die Jagd im fr\u00fchen Mittelalter (= Geschichte des deutschen Weidwerks, Bd. 2). Berlin 1940.<\/td>\n<\/tr>\n<tr class=\"row-287 odd\">\n\t<td class=\"column-1\">Lindner, Kurt (Hg.): Die Lehre von den Zeichen des Hirsches (= Quellen und Studien zur Geschichte der Jagd III). Berlin 1956.<\/td>\n<\/tr>\n<tr class=\"row-288 even\">\n\t<td class=\"column-1\">Lindner, Kurt (Hg.): Das Jagdbuch des Petrus de Crescentiis: In deutschen \u00dcbersetzungen des 14. und 15. Jahrhunderts (= Quellen und Studien zur Geschichte der Jagd IV). Berlin 1957.<\/td>\n<\/tr>\n<tr class=\"row-289 odd\">\n\t<td class=\"column-1\">Lindner, Kurt (Hg.): Deutsche Jagdtraktate des 15. und 16. Jahrhunderts, Teil I (= Quellen und Studien zur Geschichte der Jagd V). Berlin 1959.<\/td>\n<\/tr>\n<tr class=\"row-290 even\">\n\t<td class=\"column-1\">Lindner, Kurt (Hg.): Deutsche Jagdtraktate des 15. und 16. Jahrhunderts, Teil II (= Quellen und Studien zur Geschichte der Jagd VI). Berlin 1959. <\/td>\n<\/tr>\n<tr class=\"row-291 odd\">\n\t<td class=\"column-1\">Lindner, Kurt (Hg.): Von Falken, Hunden und Pferden: Deutsche Albertus-Magnus-\u00dcbersetzungen aus der ersten H\u00e4lfte des 15. Jahrhunderts, Teil I (= Quellen und Studien zur Geschichte der Jagd VII). Berlin 1962.<\/td>\n<\/tr>\n<tr class=\"row-292 even\">\n\t<td class=\"column-1\">Lindner, Kurt (Hg.): Von Falken, Hunden und Pferden: Deutsche Albertus-Magnus-\u00dcbersetzungen aus der ersten H\u00e4lfte des 15. Jahrhunderts, Teil II (= Quellen und Studien zur Geschichte der Jagd VIII). Berlin 1962.<\/td>\n<\/tr>\n<tr class=\"row-293 odd\">\n\t<td class=\"column-1\">Lindner, Kurt: Die Anf\u00e4nge der deutschen Jagdliteratur: Ihre Entwicklung vom 14. Jahrhundert bis zur Zeit der Reformation. In: Zeitschrift f\u00fcr Jagdwissenschaft 10\/2 (1964), S. 41-51.<\/td>\n<\/tr>\n<tr class=\"row-294 even\">\n\t<td class=\"column-1\">Lindner, Kurt (Hg.): Die deutsche Habichtslehre: Das Beizb\u00fcchlein und seine Quellen (= Quellen und Studien zur Geschichte der Jagd II). Berlin 21964 [1. Ausg. Berlin 1955].<\/td>\n<\/tr>\n<tr class=\"row-295 odd\">\n\t<td class=\"column-1\">Lindner, Kurt: Deutsche Jagdschriftsteller: Biographische und bibliographische Studien, Teil 1 (= Quellen und Studien zur Geschichte der Jagd IX). Berlin 1964.<\/td>\n<\/tr>\n<tr class=\"row-296 even\">\n\t<td class=\"column-1\">Lindner, Kurt (Hg.): De arte bersandi: Ein Traktat des 13. Jahrhunderts \u00fcber die Jagd auf Rotwild und Neptalym cervus emissus: Eine Jagdpredigt des 14. Jahrhunderts, eingeleitet, herausgegeben und \u00fcbersetzt von Kurt Lindner (= Quellen und Studien zur Geschichte der Jagd I). Berlin 21966 [1. Aufl. 1954].<\/td>\n<\/tr>\n<tr class=\"row-297 odd\">\n\t<td class=\"column-1\">Lindner, Kurt: Zur Sprache der J\u00e4ger: Teil I-III. In: Zeitschrift f\u00fcr deutsche Philologie 85 (1966), S. 407-431.<\/td>\n<\/tr>\n<tr class=\"row-298 even\">\n\t<td class=\"column-1\">Lindner, Kurt: Zur Sprache der J\u00e4ger: Teil IV-VII. In: Zeitschrift f\u00fcr deutsche Philologie 86 (1967), S. 101-125.<\/td>\n<\/tr>\n<tr class=\"row-299 odd\">\n\t<td class=\"column-1\">Lindner, Kurt: Alte deutsche Weidspr\u00fcche. In: Fachliteratur des Mittelalters: Festschrift f\u00fcr Gerhard Eis, herausgegeben von Gundolf Keil, Rainer Rudolf, Wolfram Schmitt und Hans J. Vermeer. Stuttgart 1968, S. 245-258.<\/td>\n<\/tr>\n<tr class=\"row-300 even\">\n\t<td class=\"column-1\">Lindner, Kurt (Hg.): Beizb\u00fcchlein: Unver\u00e4nd. Nachdr. d. Ausg. Augsburg, Sorg, 1480. Hamburg u.a. 1972.<\/td>\n<\/tr>\n<tr class=\"row-301 odd\">\n\t<td class=\"column-1\">Lindner, Kurt: Beitr\u00e4ge zu Vogelfang und Falknerei im Altertum (= Quellen und Studien zur Geschichte der Jagd XII). Berlin\/New York 1973.<\/td>\n<\/tr>\n<tr class=\"row-302 even\">\n\t<td class=\"column-1\">Lindner, Kurt: Geschichte und Systematik der Wolfs- und Fuchsangeln (= Institutionen f\u00f6r allm\u00e4n och j\u00e4mf\u00f6rande etnografi vid Uppsala Universitet: Occasional Papers III). Uppsala 1975.<\/td>\n<\/tr>\n<tr class=\"row-303 odd\">\n\t<td class=\"column-1\">Lindner, Kurt: Bibliographie der deutschen und der niederl\u00e4ndischen Jagdliteratur von 1480 bis 1850. Berlin\/New York 1976.<\/td>\n<\/tr>\n<tr class=\"row-304 even\">\n\t<td class=\"column-1\">Lindner, Kurt: Weidgerecht: Herkunft, Geschichte und Inhalt (= Homo venator 2). Bonn 1979.<\/td>\n<\/tr>\n<tr class=\"row-305 odd\">\n\t<td class=\"column-1\">Loenertz, Elke Maria: Der Freisch\u00fctz - ein d\u00e4monischer Schurke auf Jagd. In: Verf\u00fchrer, Schurken, Magier, herausgegeben von Ulrich M\u00fcller (= Mittelaltermythen 3). St. Gallen 2001, S. 263-272.<\/td>\n<\/tr>\n<tr class=\"row-306 even\">\n\t<td class=\"column-1\">Lorenz, S\u00f6nke: Von der \"forestis\" zum \"Wildbann\": Die Forsten in der hochmittelalterlichen Geschichte S\u00fcdtirols. In: K\u00f6nig, Kirche, Adel: Herrschaftsstrukturen im mittleren Alpenraum und angrenzenden Gebieten; Vortr\u00e4ge der Wissenschaftlichen Tagung des S\u00fcdtiroler Kulturinstituts und des Instituts f\u00fcr Geschichtliche Landeskunde und Historische Hilfswissenschaften der Universit\u00e4t T\u00fcbingen im Bildungshaus Schlo\u00df Goldrain\/Vinschgau, 17. bis 21. Juni 1998, herausgegeben von Rainer Loose und S\u00f6nke Lorenz. Lana 1999, S. 151-169.<\/td>\n<\/tr>\n<tr class=\"row-307 odd\">\n\t<td class=\"column-1\">L\u00fcps, Peter: Die Jagd: \u00f6konomische Randerscheinung mit hohem Sozialprestige. In: Berns mutige Zeit: Das 13. und 14. Jahrhundert neu entdeckt, herausgegeben von Rainer Christoph Schwinges (= Berner Zeiten). Bern 2003, S. 384-388.<\/td>\n<\/tr>\n<tr class=\"row-308 even\">\n\t<td class=\"column-1\">Luh, Hans Kurt: Wo die Landgrafen gern zur Jagd gingen: Spazierg\u00e4nge durch Rotenburg an der Fulda. In: Hessische Heimat: Aus Natur und Geschichte (Beilage der Gie\u00dfener Allgemeinen) 39 (1988), S. 37-39.<\/td>\n<\/tr>\n<tr class=\"row-309 odd\">\n\t<td class=\"column-1\">Machwart, Fritz: Die Jagd und das Jagdrecht im ehemaligen Markgrafentum Ansbach. Diss. Universit\u00e4t Erlangen 1914.<\/td>\n<\/tr>\n<tr class=\"row-310 even\">\n\t<td class=\"column-1\">Mager, Friedrich: Wildbahn und Jagd Altpreu\u00dfens im Wandel der geschichtlichen Jahrhunderte. Neudamm 1941.<\/td>\n<\/tr>\n<tr class=\"row-311 odd\">\n\t<td class=\"column-1\">Maslo, Andr\u00e9: Die \"Habichtslehren\" des deutschen Sp\u00e4tmittelalters: eine Quellenstudie zu Sprache, Herkunft und Kulturgeschichte (= Imagines medii aevi: interdisziplin\u00e4re Beitr\u00e4ge zur Mittelalterforschung 38). Wiesbaden 2017 [zugleich Diss. Friedrich-Schiller-Universit\u00e4t Jena 2015].<\/td>\n<\/tr>\n<tr class=\"row-312 even\">\n\t<td class=\"column-1\">Masser, Achim\/Siller, Max: Der Kult des heiligen Oswald in Tirol und die \"Hirschjagd\" der Burgkapelle von Hocheppan. In: Der Schlern: S\u00fcdtiroler Monatsschrift f\u00fcr Heimatkunde und Heimatpflege (Zeitschrift f\u00fcr Heimat- und Volkskunde) 57 (1983), S. 55-91.<\/td>\n<\/tr>\n<tr class=\"row-313 odd\">\n\t<td class=\"column-1\">Matthes, Richard: Die Jagd im Odenwald und Ried in alter Zeit. In: Bergstr\u00e4sser Heimatbl\u00e4tter: Beitr\u00e4ge zur Heimatkunde von Bensheim und Umgebung (1977), S. 5-6. <\/td>\n<\/tr>\n<tr class=\"row-314 even\">\n\t<td class=\"column-1\">Matthias, E.: Die Jagd im Nibelungenliede. In: Zeitschrift f\u00fcr deutsche Philologie 15 (1883), S. 471-501.<\/td>\n<\/tr>\n<tr class=\"row-315 odd\">\n\t<td class=\"column-1\">Maylein, Klaus: Die Jagd - Bedeutung und Ziele: von den Treibjagden der Steinzeit bis ins 21. Jahrhundert (= Wissenschaftliche Beitr\u00e4ge aus dem Tectum-Verlag. Reihe Sozialwissenschaften 28). Marburg a. d. Lahn 2010.<\/td>\n<\/tr>\n<tr class=\"row-316 even\">\n\t<td class=\"column-1\">Mayer, Franz Martin: Zur Geschichte des Jagd- und Forstwesens Steiermarks in der Zeit Maximilians I. In: Mitteilungen des Historischen Vereins f\u00fcr Steiermark 28 (1880), S. 3-41.<\/td>\n<\/tr>\n<tr class=\"row-317 odd\">\n\t<td class=\"column-1\">Mayr, Michael: Das Jagdbuch Kaiser Maximilians I. Innsbruck 1901.<\/td>\n<\/tr>\n<tr class=\"row-318 even\">\n\t<td class=\"column-1\">Mayr-Melnhof: Die geschichtlichen Grundlagen der steierischen Jagd. In: Die Steiermark: Land, Leute, Leistung, herausgegeben von der Steierm\u00e4rkischen Landesregierung, zsgest. und unter Mithilfe von Gernot D. Hasiba red. von Berthold Sutter. Graz 1971, S. 1043-1044.<\/td>\n<\/tr>\n<tr class=\"row-319 odd\">\n\t<td class=\"column-1\">Medrow, Lisa Anna: Falkenjagd im Mittelalter. In: \"Von der Kunst mit V\u00f6geln zu jagen\": Das Falkenbuch Friedrichs II. - Kulturgeschichte und Ornithologie: Begleitband zur Sonderausstellung \"Kaiser Friedrich II. (1194-1250). Welt und Kultur des Mittelmeerraums\" im Landesmuseum f\u00fcr Natur und Mensch Oldenburg, herausgegeben von Mamoun Fansa und Carsten Ritzau (= Schriftenreihe des Landesmuseums f\u00fcr Natur und Mensch 56). Mainz 2008, S. 18-20.<\/td>\n<\/tr>\n<tr class=\"row-320 even\">\n\t<td class=\"column-1\">Menzel, Michael: Hugo von St. Viktor und die Jagd. In: Zeitschrift f\u00fcr Kirchengeschichte 125 (2014), S. 307-337.<\/td>\n<\/tr>\n<tr class=\"row-321 odd\">\n\t<td class=\"column-1\">Menzel, Michael: Die Jagd als Naturkunst: Zum Falkenbuch Kaiser Friedrichs II. In: Natur im Mittelalter: Konzepte - Erfahrungen - Wirkungen, herausgegeben von Peter Dilg. Berlin 2003, S. 342-359.<\/td>\n<\/tr>\n<tr class=\"row-322 even\">\n\t<td class=\"column-1\">Meyer, Johann Heinrich Dietrich: Die Grenzen der bisch\u00f6flichen Jagd im f\u00fcnfzehnten Jahrhundert. In: Mitteilungen des Historischen Vereins zu Osnabr\u00fcck 6 (1860), S. 326-332.<\/td>\n<\/tr>\n<tr class=\"row-323 odd\">\n\t<td class=\"column-1\">Meyer, Karoline: Jagd als Standesrecht und Mittel der Repr\u00e4sentation. In: Adlige Lebenswelten in Sachsen: Kommentierte Bild- und Schriftquellen, herausgegeben von Martina Schattkowsky. K\u00f6ln [u.a.] 2013, S. 388-393.<\/td>\n<\/tr>\n<tr class=\"row-324 even\">\n\t<td class=\"column-1\">Meyer, Werner: Jagd und Fischfang aus der Sicht der Burgenarch\u00e4ologie. In: Jagd und h\u00f6fische Kultur im Mittelalter, herausgegeben von Werner R\u00f6sener (= Ver\u00f6ffentlichungen des Max-Planck-Instituts f\u00fcr Geschichte, Bd. 135). G\u00f6ttingen 1997, S. 465-491.<\/td>\n<\/tr>\n<tr class=\"row-325 odd\">\n\t<td class=\"column-1\">Meyer, Werner: Burgherren und herrschaftliche Jagd. In: Adelskulturen auf Burgen: Kolloquium des Wissenschaftlichen Beirats der Deutschen Burgenvereinigung, Brixen 2017, herausgegeben von Joachim Zeune (= Ver\u00f6ffentlichungen der Deutschen Burgenvereinigung B 16). Braubach 2019, S. 122-131. <\/td>\n<\/tr>\n<tr class=\"row-326 even\">\n\t<td class=\"column-1\">Meyer, Wolfgang: Burg Forchtenstein und die herrschaftliche Jagd. In: Bollwerk Forchtenstein: Burgenl\u00e4ndische Landesausstellung auf Burg Forchtenstein vom 15. Mai bis 31. Oktober 1993, herausgegeben vom Amt der Burgenl\u00e4ndischen Landesregierung, Abt. XII\/2-Landesarchiv und -bibliothek (= Burgenl\u00e4ndische Forschungen. Sonderband 11). Eisenstadt 1993, S. 128-135.<\/td>\n<\/tr>\n<tr class=\"row-327 odd\">\n\t<td class=\"column-1\">Meyer-Immensen, Adolf: Von Krammetsv\u00f6geln, Dohnenstiegen und einem K\u00f6nig: Adlige Herren beanspruchten das Recht zum Vogelfang f\u00fcr sich. In: Der Heidewanderer: Nieders\u00e4chsische Heimatschrift der Allgemeinen Zeitung der L\u00fcneburger Heide 89, 23 (2013), S. 89-91.<\/td>\n<\/tr>\n<tr class=\"row-328 even\">\n\t<td class=\"column-1\">Michel, Fritz: Forst und Jagd im alten Erzstift Trier (= Schriftenreihe zur Trierer Landesgeschichte und Volkskunde 4). Trier 1958. <\/td>\n<\/tr>\n<tr class=\"row-329 odd\">\n\t<td class=\"column-1\">Michelsen, Andreas Ludwig Jakob: Landesherrliche Ertheilung einer pers\u00f6nlichen Jagdgerechtigkeit vom Jahre 1456. In: Zeitschrift des Vereins f\u00fcr Th\u00fcringische Geschichte und Altertumskunde 5 (1862\/63), S. 295.<\/td>\n<\/tr>\n<tr class=\"row-330 even\">\n\t<td class=\"column-1\">Miedel, Julius: Der Hochstift-Augsburgische Wildbann in Oberschwaben und die Schenkungsurkunde von 1059. In: Archiv f\u00fcr die Geschichte des Hochstifts Augsburg 4 (1912\/15), S. 85-128.<\/td>\n<\/tr>\n<tr class=\"row-331 odd\">\n\t<td class=\"column-1\">Mieles, Hans: Streitigkeiten um Jagd- und Fischereirechte in den kurk\u00f6lnischen \u00c4mtern Bilstein, Waldenburg und der freien Grafschaft Hundem. In: Heimatstimmen aus dem Kreis Olpe 74 (1969), S. 33-35.<\/td>\n<\/tr>\n<tr class=\"row-332 even\">\n\t<td class=\"column-1\">Militzer, Klaus: Jagd und Deutscher Orden. In: Jagd und h\u00f6fische Kultur im Mittelalter, herausgegeben von Werner R\u00f6sener (= Ver\u00f6ffentlichungen des Max-Planck-Instituts f\u00fcr Geschichte, Bd. 135). G\u00f6ttingen 1997, S. 325-363. [Auch in: Zentrale und Region: gesammelte Beitr\u00e4ge zur Geschichte des Deutschen Ordens in Preussen, Livland und im Deutschen Reich aus den Jahren 1968 bis 2008, herausgegeben von Klaus Militzer (= Quellen und Studien zur Geschichte des Deutschen Ordens 75; Ver\u00f6ffentlichungen der Internationalen Historischen Kommission zur Erforschung des Deutschen Ordens 13). Weimar 2015, S. 189-223.]<\/td>\n<\/tr>\n<tr class=\"row-333 odd\">\n\t<td class=\"column-1\">Mitterm\u00fcller, Franz: Jagd und Fischerei im Bezirk Voitsberg. In: Geschichte und Topographie des Bezirkes Voitsberg, Bd. 1: Allgemeiner Teil, herausgegeben von Walter Brunner (= Gro\u00dfe geschichtliche Landeskunde der Steiermark 5,1). Graz 2011, S. 495-518.<\/td>\n<\/tr>\n<tr class=\"row-334 even\">\n\t<td class=\"column-1\">Modlmayr, Helmut: Jagd und J\u00e4ger in der f\u00fcrstbisch\u00f6flichen Hofmark Ottenburg, 1 und 2: ein Beitrag zur Geschichte der Jagd in Altbayern. In: Amperland: Heimatkundliche Vierteljahresschrift f\u00fcr die Kreise Dachau, Freising und F\u00fcrstenfeldbruck 51 (2015) S. 406-410, 470-474.<\/td>\n<\/tr>\n<tr class=\"row-335 odd\">\n\t<td class=\"column-1\">Mone, Franz Joseph: \u00dcber die Flu\u00dffischerei und den Vogelfang vom 14. bis 16. Jahrhundert in Baden, Elsa\u00df und Hessen. In: Zeitschrift f\u00fcr die Geschichte des Oberrheins 4 (1853), S. 67-97.<\/td>\n<\/tr>\n<tr class=\"row-336 even\">\n\t<td class=\"column-1\">Moro, Pierandrea: La caccia in et\u00e0 carolingia: I vescovi tra divieti religiosi e doveri imperiali. In: La Chasse au Moyen Age: Soci\u00e9t\u00e9, trait\u00e9s, symboles, herausgegeben von Agostino Paravicini Bagliani und Baudouin Van den Abeele (= Micrologus' library 5). Florenz 2000, S. 55-61.<\/td>\n<\/tr>\n<tr class=\"row-337 odd\">\n\t<td class=\"column-1\">Morsel, Joseph: Jagd und Raum: \u00dcberlegungen \u00fcber den sozialen Sinn der Jagdpraxis am Beispiel des sp\u00e4tmittelalterlichen Franken. In: Jagd und h\u00f6fische Kultur im Mittelalter, herausgegeben von Werner R\u00f6sener (= Ver\u00f6ffentlichungen des Max-Planck-Instituts f\u00fcr Geschichte, Bd. 135). G\u00f6ttingen 1997, S. 255-287.<\/td>\n<\/tr>\n<tr class=\"row-338 even\">\n\t<td class=\"column-1\">Moser, Werner: Der Elmsteiner Wald: schon im 15. und 16. Jahrhundert beliebtes Jagdrevier. In: Heimatjahrbuch des Landkreises Bad D\u00fcrkheim 18 (2000), S. 214-215.<\/td>\n<\/tr>\n<tr class=\"row-339 odd\">\n\t<td class=\"column-1\">Moser, Werner: Das Hochwild geh\u00f6rte dem Landesherrn: Jagden im alten Elmsteiner Wald. In: Heimatjahrbuch des Landkreises Bad D\u00fcrkheim 19 (2001), S. 156-157.<\/td>\n<\/tr>\n<tr class=\"row-340 even\">\n\t<td class=\"column-1\">M\u00fcller, Dieter: \"... die Wolff mit der wolffs Gruben zu fahen, jst \u00fcberau\u00df gemein und sehr leichlich zu machen\": Wolfsgruben - Denkm\u00e4ler historischer Jagdaus\u00fcbung. In: Denkmalpflege in Baden-W\u00fcrttemberg, Ser. NF 24 (1995), S. 73-84.<\/td>\n<\/tr>\n<tr class=\"row-341 odd\">\n\t<td class=\"column-1\">M\u00fcller, Hanns-Hermann: Jagdwild aus mittelalterlichen Burgen Sachsens. In: Beitr\u00e4ge zur Ur- und Fr\u00fchgeschichte [Festgabe zum 30j\u00e4hrigen Direktorenjubil\u00e4um von Prof. Dr. sc. phil. Werner Coblenz], Bd. 2, herausgegeben von Hans Kaufmann (= Arbeits- und Forschungsberichte zur s\u00e4chsischen Bodendenkmalpflege, Beiheft 17). Berlin 1982, S. 239-258.<\/td>\n<\/tr>\n<tr class=\"row-342 even\">\n\t<td class=\"column-1\">M\u00fcller, Heinrich: Gewehre, Pistolen, Revolver: Europ\u00e4ische Jagd- und Kriegswaffen des 14. bis 19. Jahrhunderts; mit Aufnahmen von Gerd Platow. Berlin 21997.<\/td>\n<\/tr>\n<tr class=\"row-343 odd\">\n\t<td class=\"column-1\">M\u00fcller, Herbert: Der Binger Wald: Allgemeines, Forstgeschichte, Forstwirtschaft, Jagd, Umweltschutz und Wandern im und um den Binger Wald. Bingen 1986.<\/td>\n<\/tr>\n<tr class=\"row-344 even\">\n\t<td class=\"column-1\">M\u00fcnch, Walther: Das Fischereirecht des Bodensees im Mittelalter. Diss. Universit\u00e4t Graz 1943.<\/td>\n<\/tr>\n<tr class=\"row-345 odd\">\n\t<td class=\"column-1\">Nahrgang, Karl: Ein befestigter Jagdhof in ottonischer Zeit. In: Stadt- und Landkreis Offenbach a. M. Studien und Forschungen: Beihefte zum Atlas f\u00fcr Siedlungskunde, Verkehr, Verwaltung, Wirtschaft und Kultur 9 (1963), S. 243-263.<\/td>\n<\/tr>\n<tr class=\"row-346 even\">\n\t<td class=\"column-1\">Naupp, Thomas: Aus der Jagdgeschichte von St. Georgenberg-Fiecht. In: Tiroler Heimatbl\u00e4tter 63 (1988), S. 93-99.<\/td>\n<\/tr>\n<tr class=\"row-347 odd\">\n\t<td class=\"column-1\">Naupp, Thomas: St. Georgenberg-Fiecht: Zur Jagdgeschichte vom 14. bis zum 19. Jahrhundert. In: Tiroler Heimatbl\u00e4tter 64 (1989), S. 2-14.<\/td>\n<\/tr>\n<tr class=\"row-348 even\">\n\t<td class=\"column-1\">Naupp, Thomas: \"rei\u00dfgejaidt des closters und gotthau\u00df s. j\u00f6rgenperg\": Ein Beitrag zur Jagdgeschichte des Stiftes St. Georgenberg-Fiecht. In: Der Schlern: S\u00fcdtiroler Monatsschrift f\u00fcr Heimatkunde und Heimatpflege (Zeitschrift f\u00fcr Heimat- und Volkskunde) 76, 3 (2002), S. 45-54.<\/td>\n<\/tr>\n<tr class=\"row-349 odd\">\n\t<td class=\"column-1\">Neitmann, Klaus: Jagdbriefe im diplomatischen Verkehr des Deutschen Ordens mit Polen-Litauen um 1400. In: Preu\u00dfenland: Mitteilungen der Historischen Kommission f\u00fcr Ost- und Westpreussische Landesforschung und aus den Archiven der Stiftung Preussischer Kulturbesitz 24 (1986), S. 25-33.<\/td>\n<\/tr>\n<tr class=\"row-350 even\">\n\t<td class=\"column-1\">Neumann, Wilhelm: Zur Geschichte der Jagd in K\u00e4rnten. In: Die K\u00e4rntner Landsmannschaft: Mitteilungsblatt der Heimatverb\u00e4nde K\u00e4rntens 10 (1970), S. 106-107.<\/td>\n<\/tr>\n<tr class=\"row-351 odd\">\n\t<td class=\"column-1\">Neumann, Wilhelm: Zur Geschichte der Jagd in K\u00e4rnten. In: Bausteine zur Geschichte K\u00e4rntens: Festgabe f\u00fcr Wilhelm Neumann zum 70. Geburtstag, bearbeitet von Alfred Ogris (= Das K\u00e4rntner Landesarchiv 12). Klagenfurt 1985, S. 272-279.<\/td>\n<\/tr>\n<tr class=\"row-352 even\">\n\t<td class=\"column-1\">Neunteufl, Daniela: Die Darstellung der mittelalterlichen Jagdpraxis unter besonderer Ber\u00fccksichtigung der Partizipation \"adelig-jagender\" Frauen. Diplomarbeit Universit\u00e4t Wien 2014.<\/td>\n<\/tr>\n<tr class=\"row-353 odd\">\n\t<td class=\"column-1\">Niedermann, Christoph: Das Jagdwesen am Hofe Herzog Philipps des Guten von Burgund (= Archives et biblioth\u00e8ques de Belgique. Num\u00e9ro sp\u00e9cial 48). Br\u00fcssel 1995.<\/td>\n<\/tr>\n<tr class=\"row-354 even\">\n\t<td class=\"column-1\">Niedermann, Christoph: \"Je ne fois que chassier\": La chasse \u00e0 la cour de Philippe le Bon, duc de Bourgogne. In: La Chasse au Moyen Age: Soci\u00e9t\u00e9, trait\u00e9s, symboles, herausgegeben von Agostino Paravicini Bagliani und Baudouin Van den Abeele (= Micrologus' library 5). Florenz 2000, S. 175-185.<\/td>\n<\/tr>\n<tr class=\"row-355 odd\">\n\t<td class=\"column-1\">Niederwolfsgruber, Franz: Kaiser Maximilians I. Jagd- und Fischereib\u00fccher: Jagd und Fischerei in den Alpenl\u00e4ndern im 16. Jahrhundert. Innsbruck 1965.<\/td>\n<\/tr>\n<tr class=\"row-356 even\">\n\t<td class=\"column-1\">Niemann, Wilhelm: Die Jagdgerechtsame der Stadt Hildesheim. In: Alt-Hildesheim: Eine Zeitschrift (Jahrbuch) f\u00fcr Stadt und Stift Hildesheim 15 (1936), S. 18-22.<\/td>\n<\/tr>\n<tr class=\"row-357 odd\">\n\t<td class=\"column-1\">Nie\u00df, Walter: Die Forst- und Jagdgeschichte der Grafschaft Ysenburg und B\u00fcdingen vom ausgehenden Mittelalter bis zur Neuzeit (= Mitteilungen des Forstgeschichtlichen Instituts der Universit\u00e4t Freiburg i. Br.). B\u00fcdingen 1974.<\/td>\n<\/tr>\n<tr class=\"row-358 even\">\n\t<td class=\"column-1\">Nie\u00df, Walter: Das Jagdpersonal der Grafschaft Isenburg und B\u00fcdingen. In: Hessische Familienkunde 15 (1980\/81), Sp. 269-290, 321-328, 359-388, 423-430.<\/td>\n<\/tr>\n<tr class=\"row-359 odd\">\n\t<td class=\"column-1\">Nie\u00df, Walter: Der Streit um das Jagdregal zwischen der Stadt Gelnhausen und den Grafen von Ysenburg und B\u00fcdingen. In: Geschichtsbl\u00e4tter f\u00fcr Stadt und Altkreis Gelnhausen (1982\/84), S. 5-47.<\/td>\n<\/tr>\n<tr class=\"row-360 even\">\n\t<td class=\"column-1\">Nie\u00df, Walter: Der Streit um das Jagdregal zwischen der Familie Forstmeister von Gelnhausen und den Grafen von Ysenburg und B\u00fcdingen. In: Sammlungen zur Geschichte von W\u00e4chtersbach 1, 4.3.1.1 (1984\/89). S. 1-25.<\/td>\n<\/tr>\n<tr class=\"row-361 odd\">\n\t<td class=\"column-1\">Nie\u00df, Walter: Der Streit um das Jagdregal zwischen den Grafen von Ysenburg und B\u00fcdingen und den Herren von Hutten im Bereich des Rotzenhains. In: Sammlungen zur Geschichte von W\u00e4chtersbach 1, 4.3.1.2 (1984\/89), S. 1.<\/td>\n<\/tr>\n<tr class=\"row-362 even\">\n\t<td class=\"column-1\">Nie\u00df, Walter: Die Aufl\u00f6sung des Jagdregals in der Grafschaft Ysenburg und B\u00fcdingen. In: Sammlungen zur Geschichte von W\u00e4chtersbach 1, 4.3.1.5 (1984\/89), S. 1-2.<\/td>\n<\/tr>\n<tr class=\"row-363 odd\">\n\t<td class=\"column-1\">Nussbaumer, Norbert: Die Entwicklung des Schie\u00dfwesens. In: Jagd einst und jetzt: Nieder\u00f6sterreichische Landesausstellung im Schlo\u00df Marchegg (N.\u00d6.) vom 29. April bis 15. November 1978; Katalog, herausgegeben vom Amt d. Nieder\u00f6sterr. Landesregierung, Abt. III\/2, Kulturabteilung, bearbeitet von Gerhard Winkler (= Katalog des Nieder\u00f6sterreichischen Landesmuseums NF 77). Wien 1978, S. 189-205.<\/td>\n<\/tr>\n<tr class=\"row-364 even\">\n\t<td class=\"column-1\">Oberrauch, Heinrich: Tirols Wald und Waidwerk: Ein Beitrag zur Forst- und Jagdgeschichte (= Schlern-Schriften (Ver\u00f6ffentlichungen zur Landeskunde von S\u00fcdtirol) 88). Innsbruck 1952.<\/td>\n<\/tr>\n<tr class=\"row-365 odd\">\n\t<td class=\"column-1\">Obhof, Ute: Ein Haus- und Arzneibuch des 15. Jahrhunderts (\u201aBuch vom Menschen, Tier und Garten') aus der Bibliothek des Sammlers Joseph von La\u00dfberg: Der Codex Donaueschingen 792 der Badischen Landesbibliothek Karlsruhe. In: Fachprosaforschung - Grenz\u00fcberschreitungen 2\/3 (2006) S. 135-141.<\/td>\n<\/tr>\n<tr class=\"row-366 even\">\n\t<td class=\"column-1\">Ostrawsky, Karin: Das Fischereirecht an Binnengew\u00e4ssern in seiner historischen Entwicklung. Diss. Universit\u00e4t Wien 2009.<\/td>\n<\/tr>\n<tr class=\"row-367 odd\">\n\t<td class=\"column-1\">Ott, Wilfried: Ich bin ein freier Wildbretsch\u00fctz: Geschichte und Geschichten um die Wilderei. Leinfelden-Echterdingen 2000.<\/td>\n<\/tr>\n<tr class=\"row-368 even\">\n\t<td class=\"column-1\">Otto, Christoph: Onomatologia Forestalis-Piscatorio-Venatoria oder vollst\u00e4ndiges Forst-, Fisch- und Jagdlexicon, Teil I-IV. Frankfurt\/Leipzig 1772-1780.<\/td>\n<\/tr>\n<tr class=\"row-369 odd\">\n\t<td class=\"column-1\">Parzefall, Richard: \u00d6ttinger Forst und Jagd. In: Heimatbuch Alzgern: Heimatbuch f\u00fcr die ehemalige Gemeinde Alzgern, die 1971 in die Stadt Neu\u00f6tting eingegliedert wurde; zum Jubil\u00e4um \"700 Jahre Dorf Alzgern\", herausgegeben von den Kellersch\u00fctzen Alzgern e.V. M\u00fchldorf a. Inn 2000, S. 27-32.<\/td>\n<\/tr>\n<tr class=\"row-370 even\">\n\t<td class=\"column-1\">Pasda, Kerstin: Tierhaltung und Jagd der Burgherren von Vohburg im 12. und 13. Jahrhundert. In: Vohburg: Beitr\u00e4ge zur Natur- und Kulturgeschichte von Vohburg, herausgegeben von der Stadt Voburg [Gesamtkonzeption Karl Heinz Rieder]. Vohburg 2002, S. 160-168.<\/td>\n<\/tr>\n<tr class=\"row-371 odd\">\n\t<td class=\"column-1\">Pasda, Kerstin: Tierhaltung und Jagd auf der mittelalterlichen Burg Sulzbach. In: Burg Sulzbach in der Oberpfalz: Arch\u00e4ologisch-historische Forschungen zur Entwicklung eines Herrschaftszentrums des 8. bis 14. Jahrhunderts in Nordbayern, Bd. 1, herausgegeben vom Bayerisches Landesamt f\u00fcr Denkmalpflege (= Materialien zur Arch\u00e4ologie in der Oberpfalz 3). B\u00fcchenbach 2005, S. 247-260.<\/td>\n<\/tr>\n<tr class=\"row-372 even\">\n\t<td class=\"column-1\">Pastoureau, Michel: La chasse au sanglier: histoire d'une d\u00e9valorisation (IVe-XIVe si\u00e8cle). In: La Chasse au Moyen Age: Soci\u00e9t\u00e9, trait\u00e9s, symboles, herausgegeben von Agostino Paravicini Bagliani und Baudouin Van den Abeele (= Micrologus' library 5). Florenz 2000, S. 7-23. [auch in: Les signes et les songes: \u00e9tudes sur la symbolique et la sensibilit\u00e9 m\u00e9di\u00e9vales, herausgegeben von Michel Pastoureau (= Micrologus' library 53). Florenz 2013, S. 25-42.]<\/td>\n<\/tr>\n<tr class=\"row-373 odd\">\n\t<td class=\"column-1\">Paul, Bernhard: Musikalisches in der Jagd. In: alles jagd ... eine kulturgeschichte: K\u00e4rtner Landesausstellung Ferlach 1997; Katalogbuch, herausgegeben vom Land K\u00e4rnten, Kulturabteilung - K\u00e4rtner Landesausstellung, unter der Leitung von G\u00fcnther H\u00f6dl und Hartwig Pucker [Gesamtredaktion: Gabriele Guntsche-Liessmann und Daniela Schurian]. Klagenfurt 1997, S. 309-318.<\/td>\n<\/tr>\n<tr class=\"row-374 even\">\n\t<td class=\"column-1\">Paul, Ernst: Jagd und Musik. In: Jagd einst und jetzt: Nieder\u00f6sterreichische Landesausstellung im Schlo\u00df Marchegg (N.\u00d6.) vom 29. April bis 15. November 1978; Katalog, herausgegeben vom Amt d. Nieder\u00f6sterr. Landesregierung, Abt. III\/2, Kulturabteilung, bearbeitet von Gerhard Winkler (= Katalog des Nieder\u00f6sterreichischen Landesmuseums NF 77). Wien 1978, S. 71-83.<\/td>\n<\/tr>\n<tr class=\"row-375 odd\">\n\t<td class=\"column-1\">Perger, Anton: Studien \u00fcber die mittelalterliche Hirschjagd. In: Berichte und Mittheilungen des Alterthums-Vereines zu Wien 12 (1872), S. 27-43.<\/td>\n<\/tr>\n<tr class=\"row-376 even\">\n\t<td class=\"column-1\">Pesch, Heinrich: Die Jagd im Ulmer Land vom Ende des Mittelalters bis zum Jahr 1848\/49: ein Beitrag zur Jagdgeschichte des Schw\u00e4bischen Alb. Bermaringen 1995.<\/td>\n<\/tr>\n<tr class=\"row-377 odd\">\n\t<td class=\"column-1\">Pe\u0161ke, Lubom\u00edr: Dom\u00e1c\u00ed a lovn\u00e1 zv\u00edrata podle n\u00e1lezu na slovansk\u00fdch lokalit\u00e1ch v Cech\u00e1ch. [Haustiere und Jagdwild nach Funden in slawischen Lokalit\u00e4ten in B\u00f6hmen]. In: Sborn\u00edk N\u00e1rodn\u00edho Muzea v Praze A 39 (1985), S. 209-216.<\/td>\n<\/tr>\n<tr class=\"row-378 even\">\n\t<td class=\"column-1\">Peters, Heinz: Art \"Falke\", \"Falkenjagd\", \"Falkner und Falkenbuch\". In: Reallexikon zur deutschen Kunstgeschichte, Tl. 6. 1973, S. 1251-1366.<\/td>\n<\/tr>\n<tr class=\"row-379 odd\">\n\t<td class=\"column-1\">Petr\u00edckov\u00e1, Jitka: Dom\u00e1c\u00ed a lovn\u00e1 zv\u00edrata v dobe hradi\u0161tn\u00ed. Stav pozn\u00e1n\u00ed [Die Haustiere und das jagdbare Wild in der Burgwallzeit. Der Stand der Erkenntnis]. In: Archeologie ve stredn\u00edch Cech\u00e1ch 4 (2000), S. 485-488.<\/td>\n<\/tr>\n<tr class=\"row-380 even\">\n\t<td class=\"column-1\">Pfaffenbichler, Matthias: H\u00f6fische Jagdwaffen. In: Herrlich Wild: H\u00f6fische Jagd in Tirol, herausgegeben von Wilfried Seipel. Innsbruck 2004, S. 83-85.<\/td>\n<\/tr>\n<tr class=\"row-381 odd\">\n\t<td class=\"column-1\">Pfaffenbichler, Matthias: 'wie der jung [...] kunig [...] het hirschen, gembsen, stainp\u00f6ck, wiltswein und peren zu jagen' - Maximilian und die h\u00f6fische Jagd. In: Kaiser Maximilian I.: Der letzte Ritter und das h\u00f6fische Turnier, herausgegeben von Sabine Haag, Alfried Wieczorek und Hans-J\u00fcrgen Buderer (= Publikationen der Reiss-Engelhorn-Museen 61). Regensburg 2014, S. 63-65.<\/td>\n<\/tr>\n<tr class=\"row-382 even\">\n\t<td class=\"column-1\">Pieler, Franz Ignaz: Eine Jagd Karls des Gro\u00dfen. In: Bl\u00e4tter zur n\u00e4heren Kunde Westfalens (Historischer Verein zu Arnsberg) 3 (1863), S. 3-8.<\/td>\n<\/tr>\n<tr class=\"row-383 odd\">\n\t<td class=\"column-1\">Pongratz, Walter: Ein Beitrag zur Jagdgeschichte des oberen Waldviertels. In: Das Waldviertel: Zeitschrift f\u00fcr Heimat- und Regionalkunde des Waldviertels und der Wachau 34 (1985), S. 137-140.<\/td>\n<\/tr>\n<tr class=\"row-384 even\">\n\t<td class=\"column-1\">Post, Paul: Ein verschollenes Jagdbild Jan van Eycks. In: Jahrbuch der (k\u00f6niglich) Preu\u00dfischen Kunstsammlungen 52 (1931), S. 120-132.<\/td>\n<\/tr>\n<tr class=\"row-385 odd\">\n\t<td class=\"column-1\">Potier, Othmar: Waffengeschichtliches aus dem Wiener Jagdteppich. In: Zeitschrift f\u00fcr historische Waffen- und Kost\u00fcmkunde 9 (1921\/22), S. 4-10.<\/td>\n<\/tr>\n<tr class=\"row-386 even\">\n\t<td class=\"column-1\">Priller, Julia Maria: Die Jagd zu Zeiten der Fuldaer F\u00fcrst\u00e4bte. In: Buchenbl\u00e4tter: Beilage zur Fuldaer Zeitung 84 (2011), S. 21-23, 28.<\/td>\n<\/tr>\n<tr class=\"row-387 odd\">\n\t<td class=\"column-1\">Priller, Julia Maria\/Priller, Wendelin H.: Rasdorfer Jagdchronik. Fulda 2011.<\/td>\n<\/tr>\n<tr class=\"row-388 even\">\n\t<td class=\"column-1\">Priller, Wendelin H.: Bildst\u00f6cke mit Jagdheiligen im ehemals f\u00fcrstlich fuldischen Land. In: Buchenbl\u00e4tter: Beilage zur Fuldaer Zeitung 88 (2015), S. 25-26, 31.<\/td>\n<\/tr>\n<tr class=\"row-389 odd\">\n\t<td class=\"column-1\">Priller, Wendelin H.: Jagdsteine in ehemals f\u00fcrstlich fuldischen W\u00e4ldern: ein Beitrag zur fuldischen Jagdgeschichte. In: Buchenbl\u00e4tter: Beilage zur Fuldaer Zeitung 88 (2015), S. 3-4.<\/td>\n<\/tr>\n<tr class=\"row-390 even\">\n\t<td class=\"column-1\">Prilloff, Ralf-J\u00fcrgen: Huldigten die Bisch\u00f6fe aus Halberstadt der Jagd? In: Zwischen Harz und Bruch 3, 46 (2007), S. 44-47.<\/td>\n<\/tr>\n<tr class=\"row-391 odd\">\n\t<td class=\"column-1\">Prilloff, Ralf-J\u00fcrgen: Schweinefleisch und Jagdvergn\u00fcgen: arch\u00e4ozoologische Forschungen auf dem Burgplatz. In: Ans Tageslicht gebracht: Arch\u00e4ologie in der Essener City, herausgegeben von Detlef Hopp. Essen 2008, S. 44-46.<\/td>\n<\/tr>\n<tr class=\"row-392 even\">\n\t<td class=\"column-1\">Prochaska, Walter: Eichsfelder Jagd und Forst in fr\u00fcheren Jahrhunderten. In: Eichsfelder Heimathefte 8 (1968), S. 37-49, 113-118, 162-167; 9 (1969), S. 168-172, 291-302, 352-366; 10 (1970), S. 77-84, 166-171.<\/td>\n<\/tr>\n<tr class=\"row-393 odd\">\n\t<td class=\"column-1\">Prossinagg, Hermann: Wien und die Jagd. In: Jagdzeit: \u00d6sterreichs Jagdgeschichte - Eine Pirsch; Ausstellung in der Hermesvilla im Lainzer Tiergarten vom 28. M\u00e4rz 1996 bis 16. Februar 1997 (= Sonderausstellung. Historisches Museum der Stadt Wien 209). Wien 1996, S. 113-126.<\/td>\n<\/tr>\n<tr class=\"row-394 even\">\n\t<td class=\"column-1\">Puchert, Helmut: Der hessische Spessart: Beitr\u00e4ge zur Forst- und Jagdgeschichte. Frankfurt 1991.<\/td>\n<\/tr>\n<tr class=\"row-395 odd\">\n\t<td class=\"column-1\">Raab, Hubert: Mit dem Kloben voglen und Vogelherde stellen: eine kulturgeschichtliche und literarische Abhandlung \u00fcber den Vogelfang in fr\u00fcheren Zeiten mit besonderer Ber\u00fccksichtigung des Landkreises Aichach-Friedberg. In: Altbayern in Schwaben: Landkreis Aichach-Friedberg (2002), S. 76-96.<\/td>\n<\/tr>\n<tr class=\"row-396 even\">\n\t<td class=\"column-1\">R\u00e4tisches Museum: Die Jagd in Graub\u00fcnden vom Mittelalter bis 1913 (= Schriftenreihe des R\u00e4tischen Museums Chur 35). Chur 1989.<\/td>\n<\/tr>\n<tr class=\"row-397 odd\">\n\t<td class=\"column-1\">Ramminger, Eva: Die Hauptwerke J\u00f6rg K\u00f6lderers: Die Fresken am sog. \"Wappenturm\" der Innsbrucker Residenz - Die Fresken am Goldenen Dachl - Die sog. \"Mirakeltafel\" in der Pfarrkirche von Seefeld - Miniaturen zum Jagd- und Fischereibuch Kaiser Maximilians. In: J\u00f6rg K\u00f6lderer: Katalog zur Ausstellung vom 13. bis 22. November 1992 in Inzing, herausgegeben von der Universit\u00e4tsbibliothek Innsbruck und dem Verein Dorfmuseum Inzing. Innsbruck 1992, S. 35-50.<\/td>\n<\/tr>\n<tr class=\"row-398 even\">\n\t<td class=\"column-1\">Rapp Buri, Anna\/Stucky-Sch\u00fcrer, Monica: Der Flachsland-Teppich: wilde Leute auf der Hirschjagd; ein Basler Wirkteppich um 1468 (= Basler Kostbarkeiten 10). Basel 1989.<\/td>\n<\/tr>\n<tr class=\"row-399 odd\">\n\t<td class=\"column-1\">Rauch, Margot: Des Landesf\u00fcrsten Jagd. In: Herrlich Wild: H\u00f6fische Jagd in Tirol, herausgegeben von Wilfried Seipel. Innsbruck 2004, S. 15-19.<\/td>\n<\/tr>\n<tr class=\"row-400 even\">\n\t<td class=\"column-1\">Rauch, Margot: Troph\u00e4en und Mirabilien. In: Herrlich Wild: H\u00f6fische Jagd in Tirol, herausgegeben von Wilfried Seipel. Innsbruck 2004, S. 49-51.<\/td>\n<\/tr>\n<tr class=\"row-401 odd\">\n\t<td class=\"column-1\">Recker, Udo: Die Jagd im Spiegel ornamentierter Bodenfliesen des Mittelalters: Dargestellt an ausgew\u00e4hlten Beispielen aus dem deutschsprachigen und angrenzenden Raum. In: J\u00e4ger - Bergleute - Adelige: arch\u00e4ologische Schlaglichter aus vier Jahrtausenden; Festschrift f\u00fcr Claus Dobiat zum 65. Geburtstag, herausgegeben von Udo Recker (= Internationale Arch\u00e4ologie. Studia honoraria 33). Rahden, Westf. 2012, S. 183-200.<\/td>\n<\/tr>\n<tr class=\"row-402 even\">\n\t<td class=\"column-1\">Redolfi, Marco: Die mittelalterliche Jagd und ihre Darstellung im Codex Manesse. In: Mittelalter: Zeitschrift des Schweizerischen Burgenvereins 7 (2002), S. 61-70.<\/td>\n<\/tr>\n<tr class=\"row-403 odd\">\n\t<td class=\"column-1\">Reitenbach, Albert: Der Jagdbezirk der Herz\u00f6ge von Pfalz-Zweibr\u00fccken bei Nohfelden an der Nahe 1447-1790. In: Heimatbuch des Landkreises St. Wendel 9 (1961\/62), S. 70-76.<\/td>\n<\/tr>\n<tr class=\"row-404 even\">\n\t<td class=\"column-1\">Reitenbach, Albert: Der Jagdbezirk der Herz\u00f6ge von Pfalz-Zweibr\u00fccken im oberen Naheland 1477-1790. In: Landeskundliche Vierteljahrsbl\u00e4tter 8 (1962), S. 94-99.<\/td>\n<\/tr>\n<tr class=\"row-405 odd\">\n\t<td class=\"column-1\">Rempel, Heinrich: Ein ottonisch-salischer Jagdhof auf dem Th\u00fcringer Wald? In: Siedlung, Burg und Stadt: Studien zu ihren Anf\u00e4ngen; [Paul Grimm zum 60. Geburtstag], herausgegeben von Karl-Heinz Otto und Joachim Herrmann (= Schriften der Sektion f\u00fcr Vor- und Fr\u00fchgeschichte 25). Berlin 1969, S. 419-422.<\/td>\n<\/tr>\n<tr class=\"row-406 even\">\n\t<td class=\"column-1\">Riedenauer, Erwin: Jagdwesen und Jagdhoheit. In: Mainfr\u00e4nkisches Jahrbuch f\u00fcr Geschichte und Kunst 59 (2007), S. 167-181.<\/td>\n<\/tr>\n<tr class=\"row-407 odd\">\n\t<td class=\"column-1\">Ries, Heiko\/Sippel, Klaus: Eine Wolfsgrube im Seulingswald bei Heringen (Werra): fr\u00fchneuzeitliche Jagdeinrichtung in der Gemarkung Heringen, Lkr. Hersfeld-Rotenburg. In: Hessen-Arch\u00e4ologie: Jahrbuch f\u00fcr Arch\u00e4ologie und Pal\u00e4ontologie in Hessen (2017), S. 216-219.<\/td>\n<\/tr>\n<tr class=\"row-408 even\">\n\t<td class=\"column-1\">Rodt, Eduard von: Alt-Bernisches Jagdwesen. In: Neues Berner Taschenbuch 6 (1900), S. 18-59.<\/td>\n<\/tr>\n<tr class=\"row-409 odd\">\n\t<td class=\"column-1\">R\u00f6hl, Johannes: Ein kleiner Streifzug durch die Wald-, Forst- und Jagdgeschichte. In: Bad Berleburg - Die Stadtgeschichte, herausgegeben von Rikarde Riedesel, Johannes Burkardt und Ulf L\u00fcckel. Bad Berleburg 2009, S. 93-108.<\/td>\n<\/tr>\n<tr class=\"row-410 even\">\n\t<td class=\"column-1\">R\u00f6hl, Josef: Das Jagdrecht des Vestes Recklinghausen bis zum Beginn der preu\u00dfischen Zeit (21. Juni 1815). In: Vestische Zeitschrift 35 (1928), S. 1-94.<\/td>\n<\/tr>\n<tr class=\"row-411 odd\">\n\t<td class=\"column-1\">R\u00f6hrich, Lutz\/Meinel, Gertraud: Redensarten aus dem Bereich der Jagd und der Vogelstellerei. In: Et multum et multa: Beitr\u00e4ge zur Literatur, Geschichte und Kultur der Jagd; Festgabe f\u00fcr Kurt Lindner zum 27. November 1971, herausgegeben von Sigrid Schwenk, Gunnar Tilander und Carl Arnold Willemsen. Berlin\/New York 1971, S. 313-323. <\/td>\n<\/tr>\n<tr class=\"row-412 even\">\n\t<td class=\"column-1\">R\u00f6hrig, Floridus: St. Leopolds Jagdhunde. In: Festschrift zum 70. Geburtstag von Karl Lechner, herausgegeben vom Verein f\u00fcr Landeskunde von Nieder\u00f6sterreich und Wien (= Jahrbuch f\u00fcr Landeskunde von Nieder\u00f6sterreich NF 37). Wien 1967, S. 184-192. <\/td>\n<\/tr>\n<tr class=\"row-413 odd\">\n\t<td class=\"column-1\">R\u00f6sener, Werner: Ergebnisse und Fragen. In: Jagd und h\u00f6fische Kultur im Mittelalter, herausgegeben von Werner R\u00f6sener (= Ver\u00f6ffentlichungen des Max-Planck-Instituts f\u00fcr Geschichte, Bd. 135). G\u00f6ttingen 1997, S. 573-590.<\/td>\n<\/tr>\n<tr class=\"row-414 even\">\n\t<td class=\"column-1\">R\u00f6sener, Werner: Jagd, Rittertum und F\u00fcrstenhof im Hochmittelalter. In: Jagd und h\u00f6fische Kultur im Mittelalter, herausgegeben von Werner R\u00f6sener (= Ver\u00f6ffentlichungen des Max-Planck-Instituts f\u00fcr Geschichte, Bd. 135). G\u00f6ttingen 1997, S. 123-147.<\/td>\n<\/tr>\n<tr class=\"row-415 odd\">\n\t<td class=\"column-1\">R\u00f6sener, Werner: Jagd und h\u00f6fische Kultur als Gegenstand der Forschung. In: Jagd und h\u00f6fische Kultur im Mittelalter, herausgegeben von Werner R\u00f6sener (= Ver\u00f6ffentlichungen des Max-Planck-Instituts f\u00fcr Geschichte, Bd. 135). G\u00f6ttingen 1997, S. 11-28.<\/td>\n<\/tr>\n<tr class=\"row-416 even\">\n\t<td class=\"column-1\">R\u00f6sener, Werner: Adel und Jagd: Die Bedeutung der Jagd im Kontext der adeligen Mentalit\u00e4t. In: La Chasse au Moyen Age: Soci\u00e9t\u00e9, trait\u00e9s, symboles, herausgegeben von Agostino Paravicini Bagliani und Baudouin Van den Abeele (= Micrologus' library 5). Florenz 2000, S. 129-150.<\/td>\n<\/tr>\n<tr class=\"row-417 odd\">\n\t<td class=\"column-1\">R\u00f6sener, Werner: Der K\u00f6nig als J\u00e4ger: Antike Einfl\u00fcsse auf die herrschaftliche Jagd im Mittelalter. In: Die Jagd der Eliten in den Erinnerungskulturen von der Antike bis in die Fr\u00fche Neuzeit, herausgegeben von Wolfram Martini (= Formen der Erinnerung 3). G\u00f6ttingen 2000, S. 15-37.<\/td>\n<\/tr>\n<tr class=\"row-418 even\">\n\t<td class=\"column-1\">R\u00f6sener, Werner: Die Geschichte der Jagd: Kultur, Gesellschaft und Jagdwesen im Wandel der Zeit. D\u00fcsseldorf\/Z\u00fcrich 2004.<\/td>\n<\/tr>\n<tr class=\"row-419 odd\">\n\t<td class=\"column-1\">R\u00f6sener, Werner: Jagd und Tiere. In: H\u00f6fe und Residenzen im sp\u00e4tmittelalterlichen Reich: Bilder und Begriffe, Teilband I: Begriffe, herausgegeben von Werner Paravicini, bearbeitet von Jan Hirschbiegel und J\u00f6rg Wettlaufer (= Residenzenforschung, Bd. 15. II). Ostfildern 2005, S. 326-332.<\/td>\n<\/tr>\n<tr class=\"row-420 even\">\n\t<td class=\"column-1\">R\u00f6sener, Werner: Jagd und J\u00e4ger: Reflexionen zu einem Ph\u00e4nomen der europ\u00e4ischen Kulturgeschichte. In: Jagd in der L\u00fcneburger Heide: Beitr\u00e4ge zur Jagdgeschichte; Begleitpublikation zur Ausstellung, herausgegeben vom Bomann-Museum Celle (= Ver\u00f6ffentlichungen des Landwirtschaftsmuseums L\u00fcneburger Heide 15). Celle 2006, S. 13-24.<\/td>\n<\/tr>\n<tr class=\"row-421 odd\">\n\t<td class=\"column-1\">R\u00f6sener, Werner: Art. \"Jagd\". In: Enzyklop\u00e4die des Mittelalters, Bd. 1, herausgegeben von Gert Melville und Martial Staub. Darmstadt 2008, S. 283-284.<\/td>\n<\/tr>\n<tr class=\"row-422 even\">\n\t<td class=\"column-1\">R\u00f6sener, Werner: K\u00f6nigtum, Forst und Jagd in der Geschichte des Klosters Lorsch. In: Zeitschrift f\u00fcr die Geschichte des Oberrheins 163 (2015), S. 1-14.<\/td>\n<\/tr>\n<tr class=\"row-423 odd\">\n\t<td class=\"column-1\">R\u00f6sener, Werner: Forst- und Wildbannrechte als Herrschaftsinstrumente im Mittelalter: der Reichsforst Dreieich und der B\u00fcdinger Reichswald. In: Jagdlandschaften in Mitteleuropa: Dietrich Denecke zum 80. Geburtstag: mit Beitr\u00e4gen der Jahrestagung 2014 in Bad Blankenburg, herausgegeben von Haik Thomas Porada, Martin Heinze und Winfried Schenk f\u00fcr den Arbeitskreis f\u00fcr historische Kulturlandschaftsforschung in Mitteleuropa ARKUM e.V. (= Siedlungsforschung 32). Bonn 2015, S. 225-238.<\/td>\n<\/tr>\n<tr class=\"row-424 even\">\n\t<td class=\"column-1\">R\u00f6sener, Werner: Jagd und adelige Lebensformen an den F\u00fcrstenh\u00f6fen im \u00dcbergang vom Mittelalter zur Neuzeit. In: Bayerns Adel - Mikro- und Makrokosmos aristokratischer Lebensformen, herausgegeben von Wolfgang W\u00fcst. Frankfurt a. M. 2017, S. 143-159.<\/td>\n<\/tr>\n<tr class=\"row-425 odd\">\n\t<td class=\"column-1\">Rolfs, Peter August (1927): Eine herzogliche Jagd (1288). In: Unser Pommerland 12 (1927), S. 231-233.<\/td>\n<\/tr>\n<tr class=\"row-426 even\">\n\t<td class=\"column-1\">Roosen, Rolf: Jagdsprachlicher Sachwortschatz in gedruckten Landes-, Polizei-, Jagd- und Forstverordnungen des 15. und 16. Jahrhunderts - eine bibliographische, philologische und jagdhistorische Studie (= Europ\u00e4ische Hochschulschriften: Reihe XXI, Linguistik, Bd. 150). Frankfurt a. M.\/Berlin\/Bern\/New York\/Paris\/Wien 1995 [zugleich Diss. Universit\u00e4t G\u00f6ttingen 1993].<\/td>\n<\/tr>\n<tr class=\"row-427 odd\">\n\t<td class=\"column-1\">Roosen, Rolf: Vom Gedruckten zum Ungedruckten: Die J\u00e4gersprache und ihr Forschungsdesiderat. In: Jagdkultur: gestern - heute - morgen; Symposium des Landesjagdverbandes Bayern e.V. und der Bayerischen Akademie f\u00fcr Tierschutz, Umwelt- und Jagdwissenschaften, 18. und 19. Juni 2008 in Rosenheim (= Schriftenreihe des Landesjagdverbandes Bayern e.V. 17). Feldkirchen 2008, S. 89-98.<\/td>\n<\/tr>\n<tr class=\"row-428 even\">\n\t<td class=\"column-1\">Roth, Karl: Geschichte des Forst- und Jagdwesens in Deutschland. Berlin 1879.<\/td>\n<\/tr>\n<tr class=\"row-429 odd\">\n\t<td class=\"column-1\">Rubner, Heinrich: Der Tharandter Wald vor dem Hintergrund der mittelalterlichen Forst- und Jagdverfassung. In: S\u00e4chsische Heimatbl\u00e4tter 46 (2000), S. 180-184.<\/td>\n<\/tr>\n<tr class=\"row-430 even\">\n\t<td class=\"column-1\">Rubner, Heinrich: Die \u00e4lteste Forsturkunde in Bamberg und der Ausbau der Forst- und Jagdverfassung im Fr\u00e4nkischen Reich (648-1024). In: Forum Forstgeschichte; Lehrstuhl f\u00fcr Forstpolitik und Forstgeschichte der Technischen Universit\u00e4t M\u00fcnchen, herausgegeben von Egon Gundermann (= Forstliche Forschungsberichte M\u00fcnchen 191). Freising 2003, S. 99-106.<\/td>\n<\/tr>\n<tr class=\"row-431 odd\">\n\t<td class=\"column-1\">Sandbichler, Veronika: Vogeljagd und Vogelfang. In: Herrlich Wild: H\u00f6fische Jagd in Tirol, herausgegeben von Wilfried Seipel. Innsbruck 2004, S. 135-136.<\/td>\n<\/tr>\n<tr class=\"row-432 even\">\n\t<td class=\"column-1\">Sandbichler, Veronika: Jagdhunde. In: Herrlich Wild: H\u00f6fische Jagd in Tirol, herausgegeben von Wilfried Seipel. Innsbruck 2004, S. 151-152.<\/td>\n<\/tr>\n<tr class=\"row-433 odd\">\n\t<td class=\"column-1\">Sandbichler, Veronika: Jagdmythen, -feste und legenden. In: Herrlich Wild: H\u00f6fische Jagd in Tirol, herausgegeben von Wilfried Seipel. Innsbruck 2004, S. 161-163.<\/td>\n<\/tr>\n<tr class=\"row-434 even\">\n\t<td class=\"column-1\">Sauter, Gottfried: Jagdbarkeit, Jagd- und Wildsch\u00e4den in den alten \u00c4mtern Blumenfeld und Tengen. In: Hegau: Zeitschrift f\u00fcr Geschichte, Volkskunde und Naturgeschichte des Gebietes zwischen Rhein, Donau und Bodensee 25 (1968), S. 65-85.<\/td>\n<\/tr>\n<tr class=\"row-435 odd\">\n\t<td class=\"column-1\">Savage, Henry L.: Hunting in the Middle Ages. In: Speculum: A journal of medieval studies 8 (1933), S. 30-40.<\/td>\n<\/tr>\n<tr class=\"row-436 even\">\n\t<td class=\"column-1\">Sax, Julius: Forst- und Jagdwesen im Hochstift Eichst\u00e4tt bis 1803 resp. 1855. In: Forstwissenschaftliches Centralblatt 11 (1889), S. 329-352.<\/td>\n<\/tr>\n<tr class=\"row-437 odd\">\n\t<td class=\"column-1\">Schack, Gerhard: Der Kreis um Maximilian I. (= Die Jagd in der Kunst). Hamburg [u.a.] 1963.<\/td>\n<\/tr>\n<tr class=\"row-438 even\">\n\t<td class=\"column-1\">Sch\u00e4fer, Ingrid: Die Jagdleidenschaft des Landesherrn und die Not der Bauern. In: Geschichte der D\u00f6rfer Schlangen, Kohlst\u00e4dt, Oesterholz und Haustenbeck, Tl. 2, herausgegeben von Heinz Wiemann (= Sonderver\u00f6ffentlichungen des Naturwissenschaftlichen und Historischen Vereins f\u00fcr das Land Lippe 84). Bielefeld 2011, S. 434-440.<\/td>\n<\/tr>\n<tr class=\"row-439 odd\">\n\t<td class=\"column-1\">Sch\u00e4ffer, Roland: Maximilians I. Steigeisen f\u00fcr die Jagd in Obersteier (1506). In: Da schau her: Beitr\u00e4ge aus dem Kulturleben des Bezirkes Liezen, Arbeitskreis f\u00fcr Heimatpflege 13\/3 (1992), S. 6-8.<\/td>\n<\/tr>\n<tr class=\"row-440 even\">\n\t<td class=\"column-1\">Schausten, Monika: 'da hovet ir iuch selben mite': H\u00f6fische Jagdkunst im Spiegel klerikaler Kritik am Beispiel des \"Tristan\" Gottfrieds von Strassburg. In: Zeitschrift f\u00fcr Literaturwissenschaft und Linguistik 41, 161 (2011), S. 139-164.<\/td>\n<\/tr>\n<tr class=\"row-441 odd\">\n\t<td class=\"column-1\">Schenda, Rudolf: Art. \"Hund\". In: Enzyklop\u00e4die des M\u00e4rchens: Handw\u00f6rterbuch zur historischen und vergleichenden Erz\u00e4hlforschung, Bd. 6. 1990, Sp. 1317-1340.<\/td>\n<\/tr>\n<tr class=\"row-442 even\">\n\t<td class=\"column-1\">Schennach, Martin Paul: Jagdrecht, Wilderei und \"gute Policey\": Ordnungsvorstellungen in der Fr\u00fchen Neuzeit. In: \"Hund und Katz - Wolf und Spatz\" Tiere in der Rechtsgeschichte, herausgegeben von Markus Hirte und Andreas Deutsch (= Kataloge des Mittelalterlichen Kriminalmuseums in Rothenburg ob der Tauber 3). St. Ottilien 2020, S. 242-267. [auch in: Das Tier in der Rechtsgeschichte, herausgegeben von Andreas Deutsch und Peter K\u00f6nig (= Akademiekonferenzen. Schriftenreihe des Deutschen Rechtsw\u00f6rterbuchs 27). Heidelberg 2017, S. 309-340.]<\/td>\n<\/tr>\n<tr class=\"row-443 odd\">\n\t<td class=\"column-1\">Scherer, Wingolf: Starkenburgische Forst- und Jagdgeschichte (Nachtrag). In: Geschichtsbl\u00e4tter f\u00fcr den Kreis Bergstra\u00dfe 30 (1997), S. 83-89.<\/td>\n<\/tr>\n<tr class=\"row-444 even\">\n\t<td class=\"column-1\">Scherer, Wingolf: Unterdr\u00fcckte und sch\u00e4digte Kurmainz durch die Jagdaus\u00fcbung im Odenwald die Bev\u00f6lkerung? In: Geschichtsbl\u00e4tter f\u00fcr den Kreis Bergstra\u00dfe 33 (2000), S. 87-95.<\/td>\n<\/tr>\n<tr class=\"row-445 odd\">\n\t<td class=\"column-1\">Scherer, Wingolf: Jagd- und Forstgerechtsame in der Herrschaft Hirschhorn. In: Geschichtsbl\u00e4tter f\u00fcr den Kreis Bergstra\u00dfe 34 (2001), S. 35-52.<\/td>\n<\/tr>\n<tr class=\"row-446 even\">\n\t<td class=\"column-1\">Schlag, Wilhelm: Die Beizjagd. In: alles jagd ... eine kulturgeschichte: K\u00e4rtner Landesausstellung Ferlach 1997; Katalogbuch, herausgegeben vom Land K\u00e4rnten, Kulturabteilung - K\u00e4rtner Landesausstellung, unter der Leitung von G\u00fcnther H\u00f6dl und Hartwig Pucker [Gesamtredaktion: Gabriele Guntsche-Liessmann und Daniela Schurian]. Klagenfurt 1997, S. 181-186.<\/td>\n<\/tr>\n<tr class=\"row-447 odd\">\n\t<td class=\"column-1\">Schlag, Wilhelm: Geschichte des Jagdrechts - Jagdfrevel, Bauerntum und Jagd. In: alles jagd ... eine kulturgeschichte: K\u00e4rtner Landesausstellung Ferlach 1997; Katalogbuch, herausgegeben vom Land K\u00e4rnten, Kulturabteilung - K\u00e4rtner Landesausstellung, unter der Leitung von G\u00fcnther H\u00f6dl und Hartwig Pucker [Gesamtredaktion: Gabriele Guntsche-Liessmann und Daniela Schurian]. Klagenfurt 1997, S. 207-221.<\/td>\n<\/tr>\n<tr class=\"row-448 even\">\n\t<td class=\"column-1\">Schlag, Wilhelm: Jagdwaffen: Geschichte, Verwendung und Herstellung. In: alles jagd ... eine kulturgeschichte: K\u00e4rtner Landesausstellung Ferlach 1997; Katalogbuch, herausgegeben vom Land K\u00e4rnten, Kulturabteilung - K\u00e4rtner Landesausstellung, unter der Leitung von G\u00fcnther H\u00f6dl und Hartwig Pucker [Gesamtredaktion: Gabriele Guntsche-Liessmann und Daniela Schurian]. Klagenfurt 1997, S. 141-151.<\/td>\n<\/tr>\n<tr class=\"row-449 odd\">\n\t<td class=\"column-1\">Schlag, Wilhelm: Methoden und Technologie der Jagd. In: alles jagd ... eine kulturgeschichte: K\u00e4rtner Landesausstellung Ferlach 1997; Katalogbuch, herausgegeben vom Land K\u00e4rnten, Kulturabteilung - K\u00e4rtner Landesausstellung, unter der Leitung von G\u00fcnther H\u00f6dl und Hartwig Pucker [Gesamtredaktion: Gabriele Guntsche-Liessmann und Daniela Schurian]. Klagenfurt 1997, S. 153-173.<\/td>\n<\/tr>\n<tr class=\"row-450 even\">\n\t<td class=\"column-1\">Schlag, Wilhelm: Tiere als Helfer des J\u00e4gers. In: alles jagd ... eine kulturgeschichte: K\u00e4rtner Landesausstellung Ferlach 1997; Katalogbuch, herausgegeben vom Land K\u00e4rnten, Kulturabteilung - K\u00e4rtner Landesausstellung, unter der Leitung von G\u00fcnther H\u00f6dl und Hartwig Pucker [Gesamtredaktion: Gabriele Guntsche-Liessmann und Daniela Schurian]. Klagenfurt 1997, S. 175-180.<\/td>\n<\/tr>\n<tr class=\"row-451 odd\">\n\t<td class=\"column-1\">Schlenker, Rolf: Bibliographie der deutschen Fisch- und Fischereiliteratur von 1498 bis 1850: Mit 114 Abbildungen (= Hiersemanns Bibliographische Handb\u00fccher, Bd. 20). Stuttgart 2009.<\/td>\n<\/tr>\n<tr class=\"row-452 even\">\n\t<td class=\"column-1\">Schmid, Elisabeth: Natur und Kultur in der Jagdszene von Gottfrieds \u201aTristan'. In: Der \"Tristan\" Gottfrieds von Stra\u00dfburg: Symposion Santiago de Compostela 5. bis 8. April 2000, herausgegeben von Christoph Huber und Victor Millet. T\u00fcbingen 2002, S. 153-166.<\/td>\n<\/tr>\n<tr class=\"row-453 odd\">\n\t<td class=\"column-1\">Schmidt, Antonella Maria: Die Jagddarstellungen Lucas Cranach des \u00c4lteren und des J\u00fcngeren. Diplomarbeit Universit\u00e4t Wien 2013.<\/td>\n<\/tr>\n<tr class=\"row-454 even\">\n\t<td class=\"column-1\">Schmidt, Heinrich: Beschreibung des K\u00f6nigsforstes Burgbernheim-Leutershausen in der Wildbannverleihung am 1. Mai 1000 durch Kaiser Otto III. an das Bistum W\u00fcrzburg. In: Jahrbuch des Vereins \"Alt-Rothenburg\" (1954\/55), S. 43-72.<\/td>\n<\/tr>\n<tr class=\"row-455 odd\">\n\t<td class=\"column-1\">Schmidt, Willibald: Klessing und Vogelweid: ein Beitrag zur bayerischen Jagd- und Siedlungsgeschichte (= Straubinger Hefte 20). Straubing 1970.<\/td>\n<\/tr>\n<tr class=\"row-456 even\">\n\t<td class=\"column-1\">Schm\u00f6lcke, Ulrich: Tierhaltung und Jagd im Mittelalter in Mecklenburg-Vorpommern. In: Arch\u00e4ologie unter dem Stra\u00dfenpflaster: 15 Jahre Stadtkernarch\u00e4ologie in Mecklenburg-Vorpommern, herausgegeben von Hauke J\u00f6ns, Friedrich L\u00fcth und Heiko Sch\u00e4fer (= Beitr\u00e4ge zur Ur- und Fr\u00fchgeschichte Mecklenburg-Vorpommerns 39). Schwerin 2005, S. 41-46.<\/td>\n<\/tr>\n<tr class=\"row-457 odd\">\n\t<td class=\"column-1\">Schneider, Ernst: Jagd- und Fischereirechte im Buseckertal. In: Heimat im Bild: Beilage des Gie\u00dfener Anzeiger (1973), S. 34. <\/td>\n<\/tr>\n<tr class=\"row-458 even\">\n\t<td class=\"column-1\">Schnell, R\u00fcdiger: Vogeljagd und Liebe im 8. Buch von Wolframs \u201aParzival'. In: Beitr\u00e4ge zur Geschichte der deutschen Sprache und Literatur 96 (1974), S. 246-269.<\/td>\n<\/tr>\n<tr class=\"row-459 odd\">\n\t<td class=\"column-1\">Sch\u00f6nberg-Diener, Alfons: Kaiser Maximilians I. geheimes Jagdbuch. In: Zeitschrift f\u00fcr historische Waffen- und Kost\u00fcmkunde 2 (1900\/02), S. 433-435.<\/td>\n<\/tr>\n<tr class=\"row-460 even\">\n\t<td class=\"column-1\">Sch\u00f6pffer, H.: Des Hohenstaufen-Kaisers Friedrich II B\u00fccher von der Natur der V\u00f6gel und der Falknerei mit den Zus\u00e4tzen des K\u00f6nigs Manfred, aus dem Lateinischen \u00fcbers. und vers. mit Original-Zeichn. sowie einem W\u00f6rterbuch der Falknereisprache. Berlin 1896.<\/td>\n<\/tr>\n<tr class=\"row-461 odd\">\n\t<td class=\"column-1\">Schoon, R.\/Hanik, Susanne: Haustierzucht und Hohe Jagd: Untersuchungen an Tierknochen von der Burg Lenzen, Lkr. Prignitz. In: Arch\u00e4ologie in Berlin und Brandenburg (2008), S. 67-69.<\/td>\n<\/tr>\n<tr class=\"row-462 even\">\n\t<td class=\"column-1\">Schopp, Joseph: Seligenstadt und der Wildbann Dreieich: ein Beitrag zur Geschichte der Jagd, der Waldweide und der Wildbannbereiter-Tagungen mit Mahl und H\u00e4nselei in Seligenstadt. Seligenstadt 1986.<\/td>\n<\/tr>\n<tr class=\"row-463 odd\">\n\t<td class=\"column-1\">Schreiber, Jennifer: Das \u201aBeizb\u00fcchlein' (Cod. Donaueschingen 830) in der \u00dcberlieferung durch die Lohnschreiberin Clara H\u00e4tzlerin: Mehrschichtige Edition, kulturgeschichtlicher Kommentar und Glossar. Diplomarbeit Universit\u00e4t Graz 2010.<\/td>\n<\/tr>\n<tr class=\"row-464 even\">\n\t<td class=\"column-1\">Schreiber, Jennifer: Gef\u00e4hrte, Freund, Symboltr\u00e4ger: Aspekte der Mensch-Hund-Beziehung im Mittelalter. Diplomarbeit, Universit\u00e4t Graz 2017.<\/td>\n<\/tr>\n<tr class=\"row-465 odd\">\n\t<td class=\"column-1\">Schr\u00f6der, G. F.: Steinerne Zeugen nieders\u00e4chsischer Jagdliebe. In: Braunschweigische Heimat: Zeitschrift des Landesvereins f\u00fcr Heimatschutz im Herzogtum Braunschweig 23 (1933), S. 111-112.<\/td>\n<\/tr>\n<tr class=\"row-466 even\">\n\t<td class=\"column-1\">Sch\u00fclin, Fritz: Die Jagd um R\u00f6tteln: Bannforst Mittelalter. In: Das Markgr\u00e4flerland 26, 1 (1964), S. 48-50.<\/td>\n<\/tr>\n<tr class=\"row-467 odd\">\n\t<td class=\"column-1\">Schultz-Balluff, Simone: Mit Geselle Hund aus einem Trog gegessen: \u00dcberlegungen zur Rekonstruktion von Wissensbereichen \u00fcber Textsortengrenzen hinweg am Beispiel des \u201aLeithundes'. In: Perspektivwechsel. Oder: Die Wiederentdeckung der Philologie, Bd. 2: Grenzg\u00e4nge und Grenz\u00fcberschreitungen: Zusammenspiele von Sprache und Literatur in Mittelalter und Fr\u00fcher Neuzeit, herausgegeben von Nina Bartsch und Simone Schultz-Balluff [zugleich Festschrift Klaus-Peter Wegera]. Berlin 2016, S. 201-221.<\/td>\n<\/tr>\n<tr class=\"row-468 even\">\n\t<td class=\"column-1\">Schultz-Balluff, Simone: Konstanz und Varianz in der Fachsprache: Ein Modell zur Erschlie\u00dfung des fachsprachlichen Gehalts am Beispiel der Waidmannssprache. In: Sprachwandel im Deutschen, herausgegeben von Luise Czajkowski, Sabrina Ulbrich und Christina Waldvogel (= Lingua Historica Germanica. Studien und Quellen zur Geschichte der deutschen Sprache und Literatur 19). Berlin\/Boston 2018, S. 253-269.<\/td>\n<\/tr>\n<tr class=\"row-469 odd\">\n\t<td class=\"column-1\">Schultz-Balluff, Simone: Es sint dreyerley ha\u00dfen: Von herabh\u00e4ngenden L\u00f6ffeln, erstarrten Hasen und dem Klopfen auf den Busch. In: HALALI 02\/2021 (2021), S. 143-149.<\/td>\n<\/tr>\n<tr class=\"row-470 even\">\n\t<td class=\"column-1\">Schultz-Balluff, Simone: Hoppa waidman, frisch und hayl, so wirt dir auch dein tayl! Tipps aus der Satteltasche? Ein handliches Jagdbuch aus dem 15. Jahrhundert im Einsatz. In: HALALI 01\/2021 (2021), S. 144-151.<\/td>\n<\/tr>\n<tr class=\"row-471 odd\">\n\t<td class=\"column-1\">Schultz-Balluff, Simone: Ein jagdlicher \u201aAllrounder' im Sp\u00e4tmittelalter? \u00dcberlegungen zum Benutzungsprofil des M\u00fcnchener Jagdbuchs (UB M\u00fcnchen, 8\u00b0 Cod. ms. 354). Blogbeitrag \"Netzwerk Historische Wissens- und Gebrauchsliteratur\", 20.04.2021 (https:\/\/hwgl.hypotheses.org\/1397).<\/td>\n<\/tr>\n<tr class=\"row-472 even\">\n\t<td class=\"column-1\">Schumacher, Meinolf: \u00c4rzte mit der Zunge: Leckende Hunde in der europ\u00e4ischen Literatur; Von der patristischen Exegese des Lazarus-Gleichnisses (Lk. 16) bis zum Romanzero Heinrich Heines (= Aisthesis Essay, Bd. 16). Bielefeld 2003.<\/td>\n<\/tr>\n<tr class=\"row-473 odd\">\n\t<td class=\"column-1\">Schwappach, Adam: Handbuch der Jagd- und Forstgeschichte Deutschlands, Bd. 1-2. Berlin 1886\/1888.<\/td>\n<\/tr>\n<tr class=\"row-474 even\">\n\t<td class=\"column-1\">Schwedler, Gerald: Ritualisiertes Beutemachen: Das Jagdzeremoniell Karls des Gro\u00dfen. In: Die Welt der Rituale: Von der Antike bis heute, herausgegeben von Claus Ambos, Stephan Hotz, Gerald Schwedler, Stefan Weinfurter. Darmstadt 2005, S. 181-189.<\/td>\n<\/tr>\n<tr class=\"row-475 odd\">\n\t<td class=\"column-1\">Schwenk, Sigrid: Schweinhaz vff den N\u00fcrnbergischen walden: Ein Text des fr\u00fchen 17. Jahrhunderts. In: Et multum et multa: Beitr\u00e4ge zur Literatur, Geschichte und Kultur der Jagd; Festgabe f\u00fcr Kurt Lindner zum 27. November 1971, herausgegeben von Sigrid Schwenk, Gunnar Tilander und Carl Arnold Willemsen. Berlin\/New York 1971, S. 351-384. <\/td>\n<\/tr>\n<tr class=\"row-476 even\">\n\t<td class=\"column-1\">Schwenk, Sigrid: Art. \"B\u00e4r, 2. Jagdwesen\". In: Lexikon des Mittelalters, Tl. 1. 1980, Sp. 1432.<\/td>\n<\/tr>\n<tr class=\"row-477 odd\">\n\t<td class=\"column-1\">Schwenk, Sigrid: Das W\u00f6rterbuch der deutschen J\u00e4gersprache als Hilfsmittel bei der Erforschung mittelalterlicher Jagd. In: La Chasse au Moyen Age: Actes du Colloque de Nice (22-24 juin 1979), ouvrage publi\u00e9 avec le concours du Comit\u00e9 Doyen-Jean-Lepine de la Ville de Nice (= Publications de la facult\u00e9 des lettres et des siences humaines de Nice 20). Paris 1980, S. 443-446.<\/td>\n<\/tr>\n<tr class=\"row-478 even\">\n\t<td class=\"column-1\">Schwenk, Sigrid: Art. \"Dogge, 2. Jagdwesen\". In: Lexikon des Mittelalters, Tl. 3. 1986, Sp. 1162-1163.<\/td>\n<\/tr>\n<tr class=\"row-479 odd\">\n\t<td class=\"column-1\">Schwenk, S.: Art. \"Jagd\". In: Lexikon des Mittelalters, Tl.. 5. 1991, Sp. 270.<\/td>\n<\/tr>\n<tr class=\"row-480 even\">\n\t<td class=\"column-1\">Schwenk, S.: Art. \"Jagdhunde\". In: Lexikon des Mittelalters, Tl. 5. 1991, Sp. 270-272.<\/td>\n<\/tr>\n<tr class=\"row-481 odd\">\n\t<td class=\"column-1\">Schwenk, S.: Art. \"Jagdtraktate\". In: Lexikon des Mittelalters, Tl. 5. 1991, Sp. 272-274.<\/td>\n<\/tr>\n<tr class=\"row-482 even\">\n\t<td class=\"column-1\">Schwenk, Sigrid: Art. \"Pfeil (Jagdgeschichte)\". In: Lexikon des Mittelalters, Tl. 6. 1993, Sp. 2027.<\/td>\n<\/tr>\n<tr class=\"row-483 odd\">\n\t<td class=\"column-1\">Schwenk, Sigrid: Art. \"Speer, Jagdwesen\". In: Lexikon des Mittelalters, Tl. 7. 1995, Sp. 2091.<\/td>\n<\/tr>\n<tr class=\"row-484 even\">\n\t<td class=\"column-1\">Schwenk, Sigrid: Art. \"Spie\u00df, Jagdwesen\". In: Lexikon des Mittelalters, Tl. 7. 1995, Sp. 2117.<\/td>\n<\/tr>\n<tr class=\"row-485 odd\">\n\t<td class=\"column-1\">Schwenk, Sigrid: Die Jagd im Spiegel mittelalterlicher Literatur und Jagdb\u00fccher. In: Jagd und h\u00f6fische Kultur im Mittelalter, herausgegeben von Werner R\u00f6sener (= Ver\u00f6ffentlichungen des Max-Planck-Instituts f\u00fcr Geschichte, Bd. 135). G\u00f6ttingen 1997, S. 407-464.<\/td>\n<\/tr>\n<tr class=\"row-486 even\">\n\t<td class=\"column-1\">Schwenk, Sigrid: Jagd als Erfahrungswissenschaft - ein Blick in alte Jagdb\u00fccher. In: alles jagd ... eine kulturgeschichte: K\u00e4rtner Landesausstellung Ferlach 1997; Katalogbuch, herausgegeben vom Land K\u00e4rnten, Kulturabteilung - K\u00e4rtner Landesausstellung, unter der Leitung von G\u00fcnther H\u00f6dl und Hartwig Pucker [Gesamtredaktion: Gabriele Guntsche-Liessmann und Daniela Schurian]. Klagenfurt 1997, S. 319-325.<\/td>\n<\/tr>\n<tr class=\"row-487 odd\">\n\t<td class=\"column-1\">Schwenk, Sigrid: Art. \"Wildbann\". In: Lexikon des Mittelalters, Tl. 9. 1998, Sp. 113-114.<\/td>\n<\/tr>\n<tr class=\"row-488 even\">\n\t<td class=\"column-1\">Schwenk, Sigrid: Art. \"Wolf, 2. Jagdwesen\". In: Lexikon des Mittelalters, Tl. 9. 1998, Sp. 303.<\/td>\n<\/tr>\n<tr class=\"row-489 odd\">\n\t<td class=\"column-1\">Schwenk, Sigrid: Art. \"Wildschwein, 1. Jagdwesen\". In: Lexikon des Mittelalters, Tl. 9. 1998, Sp. 121-122.<\/td>\n<\/tr>\n<tr class=\"row-490 even\">\n\t<td class=\"column-1\">Schwenk, Sigrid: H\u00f6fische Jagd. In: \"Uns ist in alten M\u00e4ren ...\": Das Nibelungenlied und seine Welt; Ausstellung im Badischen Landesmuseum Schloss Karlsruhe, 13.12.2003-14.03.2004, herausgegeben von der Badischen Landesbibliothek Karlsruhe und dem Badischen Landesmuseum Karlsruhe, Red. J\u00fcrgen Kr\u00fcger. Darmstadt 2003, S. 110-118.<\/td>\n<\/tr>\n<tr class=\"row-491 odd\">\n\t<td class=\"column-1\">Schwenk, Sigrid: Die \u00e4ltere deutsche J\u00e4gersprache bis zum Ende des 17. Jahrhunderts und ihre Erforschung: eine \u00dcbersicht. In: Fachsprachen: Ein internationales Handbuch zur Fachsprachenforschung und Terminologiewissenschaft 2 (= Handb\u00fccher zur Sprach- und Kommunikationswissenschaft 14\/2). Berlin\/New York 2008, S. 2383-2392.<\/td>\n<\/tr>\n<tr class=\"row-492 even\">\n\t<td class=\"column-1\">Schwerdt, Carl Franz Georg Richard: Hunting, Hawking, Shooting illustrated in a catalogue of books, manuscripts, prints and drawings, Bd. 1-4. London 1928-1937.<\/td>\n<\/tr>\n<tr class=\"row-493 odd\">\n\t<td class=\"column-1\">Seidl, Katharina: Ger\u00e4te zur Jagd. In: Herrlich Wild: H\u00f6fische Jagd in Tirol, herausgegeben von Wilfried Seipel. Innsbruck 2004, S. 119-120.<\/td>\n<\/tr>\n<tr class=\"row-494 even\">\n\t<td class=\"column-1\">Selzer, Stephan: Jagdszenen aus Sachsen: Die Jagd als h\u00f6fisches Fest auf einem Tafelgem\u00e4lde vom ernestinischen Hof (1540). In: H\u00f6fische Feste im Sp\u00e4tmittelalter, herausgegeben von Gerhard Fouquet, Harm von Seggern und Gabriel Zeilinger (= Mitteilungen der Residenzen-Kommission. Sonderheft 6). Kiel 2003, S. 73-90.<\/td>\n<\/tr>\n<tr class=\"row-495 odd\">\n\t<td class=\"column-1\">Semrau, Arthur: Das Jagdgebiet der Hochmeister am Partentschin-See (Kulmerland). In: Mitteilungen des Copernicus-Vereins f\u00fcr Wissenschaft und Kunst zu Thorn 40 (1933), S. 132-135. <\/td>\n<\/tr>\n<tr class=\"row-496 even\">\n\t<td class=\"column-1\">Sesar, Julius: Jagdz\u00fcge des K\u00f6nigs Maximilian I. in Bayerisch-Schwaben. In: Schw\u00e4bische Bl\u00e4tter f\u00fcr Volksbildung und Heimatpflege 13 (1962), S. 109-118.<\/td>\n<\/tr>\n<tr class=\"row-497 odd\">\n\t<td class=\"column-1\">Siebert, Gisela: Jagd und Jagdh\u00e4user in Hessen-Darmstadt. Stuttgart 1972.<\/td>\n<\/tr>\n<tr class=\"row-498 even\">\n\t<td class=\"column-1\">Snethlage, Karl: Wild und Jagd in der Eifel. In: Die Eifel: Geschichte, Geologie, Mineralquellen, Kur- und Badeorte, Burgen, Eifeler Bauweise, Wild und Jagd, Talsperrenbauten, Elztalwanderung, herausgegeben vom Eifelverein mit Unterst\u00fctzung des Landschaftsverbandes Rheinland. Monschau 1956, S. 114-120.<\/td>\n<\/tr>\n<tr class=\"row-499 odd\">\n\t<td class=\"column-1\">Spiess, Karl-Heinz: Herrschaftliche Jagd und b\u00e4uerliche Bev\u00f6lkerung im Mittelalter. In: Jagd und h\u00f6fische Kultur im Mittelalter, herausgegeben von Werner R\u00f6sener (= Ver\u00f6ffentlichungen des Max-Planck-Instituts f\u00fcr Geschichte, Bd. 135). G\u00f6ttingen 1997, S. 231-254.<\/td>\n<\/tr>\n<tr class=\"row-500 even\">\n\t<td class=\"column-1\">Spindler, Konrad: Falknerei in Arch\u00e4ologie und Geschichte: Unter besonderer Ber\u00fccksichtigung der Beizjagd in Tirol (= Nearchos. Sonderheft 3). Innsbruck 1998.<\/td>\n<\/tr>\n<tr class=\"row-501 odd\">\n\t<td class=\"column-1\">Sporer-Heis, Claudia: Die Jagd - ein f\u00fcrstliches Vergn\u00fcgen um 1500. In: Circa 1500: Leonhard und Paola \"Ein ungleiches Paar\", De ludo globi \"Vom Spiel der Welt\"; An der Grenze des Reiches, Landesausstellung 2000, herausgegeben von Marco Abate. Milano 2000, S. 176-181.<\/td>\n<\/tr>\n<tr class=\"row-502 even\">\n\t<td class=\"column-1\">Springer, Elisabeth: Laxenburg als habsburgische Jagdresidenz. In: Jagdzeit: \u00d6sterreichs Jagdgeschichte - Eine Pirsch; Ausstellung in der Hermesvilla im Lainzer Tiergarten vom 28. M\u00e4rz 1996 bis 16. Februar 1997 (= Sonderausstellung. Historisches Museum der Stadt Wien 209). Wien 1996, S. 158-160, 177-178.<\/td>\n<\/tr>\n<tr class=\"row-503 odd\">\n\t<td class=\"column-1\">Stach, Walter: Jagd und Jagdhunde in den Volksrechten: Ein Beitrag zur Germanischen Altertumskunde. In: Historische Vierteljahrsschrift 21 (1922\/23), S. 257-281.<\/td>\n<\/tr>\n<tr class=\"row-504 even\">\n\t<td class=\"column-1\">Stadie, K.: Jagdliches aus Ostpreu\u00dfens Vorzeit. In: Prussia: Zeitschrift f\u00fcr Heimatkunde (und Heimatschutz) 26 (1926), S. 111-189. <\/td>\n<\/tr>\n<tr class=\"row-505 odd\">\n\t<td class=\"column-1\">Stadler, Harald\/McGlynn, George: Geschichte einer Wolfsgrube: ein arch\u00e4ologisch-zoologischer Beitrag zu einem Denkmal historischer Jagdaus\u00fcbung in Oberlienz, Osttirol. In: Zwischen Schriftquelle und Mauerwerk: Festschrift f\u00fcr Martin Bitschnau, herausgegeben von Harald Stadler (= Nearchos 20). Innsbruck 2012, S. 26-51.<\/td>\n<\/tr>\n<tr class=\"row-506 even\">\n\t<td class=\"column-1\">Stampfer, Helmut: Die Hirschjagd von Totschling. In: Romanische Wandmalerei im Alpenraum: Referate der wissenschaftlichen Tagung, veranstaltet vom S\u00fcdtiroler Kulturinstitut in Zusammenarbeit mit dem Landesdenkmalamt und dem Landesarchiv der Autonomen Provinz Bozen-S\u00fcdtirol; Schloss Goldrain, 16. bis 20. Oktober 2001, herausgegeben von Helmut Stampfer (= Ver\u00f6ffentlichungen des S\u00fcdtiroler Kulturinstitutes 4). Bozen 2004, S. 89-106.<\/td>\n<\/tr>\n<tr class=\"row-507 odd\">\n\t<td class=\"column-1\">Stapff, Ilse-Sibylle: Jagd im weimarischen Land: Vom Mittelalter bis ins 19. Jh. (= Weimarer Schriften 47). Weimar 1992.<\/td>\n<\/tr>\n<tr class=\"row-508 even\">\n\t<td class=\"column-1\">Staudacher, Karl: Die Pustertaler Grafschaftsgrenze und der L\u00fcsner Jagdbrief. In: Der Schlern: S\u00fcdtiroler Monatsschrift f\u00fcr Heimatkunde und Heimatpflege (Zeitschrift f\u00fcr Heimat- und Volkskunde) 13 (1932), S. 43-51, 120.<\/td>\n<\/tr>\n<tr class=\"row-509 odd\">\n\t<td class=\"column-1\">Staudacher, Karl: Erg\u00e4nzungen \u00fcber die Pustertaler Grafschaftsgrenze und den L\u00fcsner Jagdbrief. In: Der Schlern: S\u00fcdtiroler Monatsschrift f\u00fcr Heimatkunde und Heimatpflege (Zeitschrift f\u00fcr Heimat- und Volkskunde) 13 (1932), S. 472-480.<\/td>\n<\/tr>\n<tr class=\"row-510 even\">\n\t<td class=\"column-1\">Steinbach, Sebastian: Jagdhelfer und Standessymbol - Die Falkenjagd auf M\u00fcnzen des Hochmittelalters. In: Greifv\u00f6gel und Falknerei: Jahrbuch des Deutschen Falkenordens (2008), S. 199-204.<\/td>\n<\/tr>\n<tr class=\"row-511 odd\">\n\t<td class=\"column-1\">Stepan, Eduard: Das Ybbstal: Heimatkunde der Gemeinden Opponitz, Hollenstein, St. Georgen a. R. G\u00f6stling, Lunz am See, Waldamt, Lackenhof, Neuhaus, Bd 2: Geschichte, Land- und Forstwirtschaft, Jagd, Fischerei. Wien 1951.<\/td>\n<\/tr>\n<tr class=\"row-512 even\">\n\t<td class=\"column-1\">Stephani, Andreas: Die Jagd als Ph\u00e4nomen adligen Selbstverst\u00e4ndnisses. In: Die F\u00fcrstenberger: 800 Jahre Herrschaft und Kultur in Mitteleuropa; Nieder\u00f6sterreichische Landesausstellung, Schlo\u00df Weitra 1994, herausgegeben von Erwein H. Eltz und Arno Strohmeyer (= Katalog des Nieder\u00f6sterreichischen Landesmuseums NF342). Korneuburg 1994, S. 167-176.<\/td>\n<\/tr>\n<tr class=\"row-513 odd\">\n\t<td class=\"column-1\">Stephani, Kurt: Geschichte der Jagd in den schw\u00e4bischen Gebieten der f\u00fcrstenbergischen Standesherrschaft, herausgegeben vom Verein der Geschichte und Naturgeschichte d. Baar. Donaueschingen 1938.<\/td>\n<\/tr>\n<tr class=\"row-514 even\">\n\t<td class=\"column-1\">St\u00f6rmer, Wilhelm: Hofjagd der K\u00f6nige und der Herz\u00f6ge im mittelalterlichen Bayern. In: Jagd und h\u00f6fische Kultur im Mittelalter, herausgegeben von Werner R\u00f6sener (= Ver\u00f6ffentlichungen des Max-Planck-Instituts f\u00fcr Geschichte, Bd. 135). G\u00f6ttingen 1997, S. 289-324.<\/td>\n<\/tr>\n<tr class=\"row-515 odd\">\n\t<td class=\"column-1\">Strukat, Albert: Das Jagdwesen der Deutsch-Ordensritter. In: Ostdeutsche Monatshefte: Kulturzeitschrift f\u00fcr den Osten 10 (1929), S. 293-295.<\/td>\n<\/tr>\n<tr class=\"row-516 even\">\n\t<td class=\"column-1\">Studberg, Joachim: Historische Betrachtung zur Jagd im Bergischen Land. In: Romerike Berge: Zeitschrift f\u00fcr Heimatpflege, Volkskunde, Kunst, Museumswesen, Denkmalpflege und Naturschutz im Bergischen Land 44, 4 (1994), S. 1-9.<\/td>\n<\/tr>\n<tr class=\"row-517 odd\">\n\t<td class=\"column-1\">Szab\u00f3, Thomas: Die Kritik der Jagd: Von der Antike zum Mittelalter. In: Jagd und h\u00f6fische Kultur im Mittelalter, herausgegeben von Werner R\u00f6sener (= Ver\u00f6ffentlichungen des Max-Planck-Instituts f\u00fcr Geschichte, Bd. 135). G\u00f6ttingen 1997, S. 167-229.<\/td>\n<\/tr>\n<tr class=\"row-518 even\">\n\t<td class=\"column-1\">Szklenar, Hans: Die Jagdszene von Hocheppan - ein Zeugnis der Dietrichsage? In: Deutsche Heldenepik in Tirol: K\u00f6nig Laurin und Dietrich von Bern in der Dichtung des Mittelalters, herausgegeben von Egon K\u00fchebacher (= Schriftenreihe des S\u00fcdtiroler Kulturinstituts 7). Bozen 1979, S. 407-465.<\/td>\n<\/tr>\n<tr class=\"row-519 odd\">\n\t<td class=\"column-1\">Teuscher, Simon: Hunde am F\u00fcrstenhof: K\u00f6ter und \"edle wind\" als Medien sozialer Beziehungen vom 14. bis 16. Jahrhundert. In: Historische Anthropologie 6 (1998), S. 347-369.<\/td>\n<\/tr>\n<tr class=\"row-520 even\">\n\t<td class=\"column-1\">Thaler, Dietrich: Beitr\u00e4ge zur Geschichte der Jagd und Fischerei im \"Landgericht Sterzing\". In: Der Schlern: S\u00fcdtiroler Monatsschrift f\u00fcr Heimatkunde und Heimatpflege (Zeitschrift f\u00fcr Heimat- und Volkskunde) 72 (1998), S. 203-234.<\/td>\n<\/tr>\n<tr class=\"row-521 odd\">\n\t<td class=\"column-1\">Thi\u00e9baux, Marcelle: The Mediaeval Chase. In: Speculum: A journal of medieval studies 42 (1967), S. 260-274.<\/td>\n<\/tr>\n<tr class=\"row-522 even\">\n\t<td class=\"column-1\">Thi\u00e9baux, Marcelle: The Stag of Love: The Chase in Medieval Literature. Ithaca 1974.<\/td>\n<\/tr>\n<tr class=\"row-523 odd\">\n\t<td class=\"column-1\">Th\u00fcrer, Elisabeth: Geschichte des Jagdwesens und der Jagdbanngebiete im Kanton Glarus. Glarus 1979 [Diss. Z\u00fcrich 1979].<\/td>\n<\/tr>\n<tr class=\"row-524 even\">\n\t<td class=\"column-1\">Thumm, Gustav Adolf: Die \"Freie P\u00fcrsch\" - ein Jagdrecht besonderer Art im Bottwartal. In: Geschichtsbl\u00e4tter aus dem Bottwartal, Bd. 10 (2006), S. 146-167.<\/td>\n<\/tr>\n<tr class=\"row-525 odd\">\n\t<td class=\"column-1\">Thurre, Daniel: La ch\u00e2sse de l'abb\u00e9 Nantelme du tr\u00e9sor de l'abbaye de Saint-Maurice. In: Annales valaisannes, Ser. 2, 62 (1987), S. 161-227.<\/td>\n<\/tr>\n<tr class=\"row-526 even\">\n\t<td class=\"column-1\">Tiefenbacher, Thomas: Das Jagdwesen im Lesachtal in alter und neuer Zeit. In: Carinthia I. Mitteilungen des Geschichtsvereins f\u00fcr K\u00e4rnten 143 (1953), S. 953-958. <\/td>\n<\/tr>\n<tr class=\"row-527 odd\">\n\t<td class=\"column-1\">Tilander, Gunnar: \"De arte bersandi\", le plus ancien trait\u00e9 cyn\u00e9g\u00e9tique de l'Occident. In: Studia neophilologica: a journal of Germanic and Romance languages and literature 27 (1955), S. 195-210.<\/td>\n<\/tr>\n<tr class=\"row-528 even\">\n\t<td class=\"column-1\">Tresp, Uwe: Die Kurzweil der F\u00fcrsten: Beobachtungen zum Verh\u00e4ltnis von Funktionalit\u00e4t und Vergn\u00fcgen bei Geselligkeit, Jagd und Ritterspiel in Korrespondenzen der Hohenzollern aus dem 15. Jahrhundert. In: Weltbilder des mittelalterlichen Menschen, herausgegeben von Heinz-Dieter Heimann, Martin-Maximilian Langner, Mario M\u00fcller und Birgit Zacke (= Studium litterarum: Studien und Texte zur deutschen Literaturgeschichte 12). Berlin 2007, S. 257-299.<\/td>\n<\/tr>\n<tr class=\"row-529 odd\">\n\t<td class=\"column-1\">Trost, Julius: Landes- und Jagdgrenzsteine zwischen Pfalz-Neuburg und Bayern in Weichering. In: Neuburger Kollektaneenblatt 105 (1951), S. 33-36.<\/td>\n<\/tr>\n<tr class=\"row-530 even\">\n\t<td class=\"column-1\">Ungern-Sternberg, Walther von: Ein Jagdtag zur Ordenszeit. In: Der ostpreu\u00dfische Erzieher (1937), S. 35-37.<\/td>\n<\/tr>\n<tr class=\"row-531 odd\">\n\t<td class=\"column-1\">Urban, Hartmut-Georg: Ramstein: ein exklusiver Jagdsitz der Trierer Erzbisch\u00f6fe. In: Burgen und Befestigungen in der Eifel: Von der Antike bis ins 20. Jahrhundert; Akten der 8. wissenschaftlichen Tagung in Oberfell an der Mosel, herausgegeben von Olaf Wagener. Petersberg 2013, S. 166-184.<\/td>\n<\/tr>\n<tr class=\"row-532 even\">\n\t<td class=\"column-1\">Urbanek, Erich: Eine fr\u00fchmittelalterliche Jagdszene am Ofenauerberg in Golling. In: Pallasch: Zeitschrift f\u00fcr Milit\u00e4rgeschichte; Organ der \u00d6sterreichischen Gesellschaft f\u00fcr Heereskunde 39 (2011), S. 53-55.<\/td>\n<\/tr>\n<tr class=\"row-533 odd\">\n\t<td class=\"column-1\">Vavra, Elisabeth: Der Wald im Mittelalter: Funktion - Nutzung - Deutung; Einf\u00fchrung. In: Der Wald im Mittelalter: Funktion - Nutzung - Deutung, herausgegeben von Elisabeth Vavra (= Das Mittelalter: Perspektiven medi\u00e4vistischer Forschung 13, 2). Berlin 2008, S. 3-7.<\/td>\n<\/tr>\n<tr class=\"row-534 even\">\n\t<td class=\"column-1\">Viebig, Joachim: Wildmauern im Raume Eberbach: Ein jagdgeschichtlicher R\u00fcckblick. In: Eberbacher Geschichtsblatt 88 (1989), S. 184-197.<\/td>\n<\/tr>\n<tr class=\"row-535 odd\">\n\t<td class=\"column-1\">Villani, Carla: Il bosco del re: consuetudini di caccia negli Annales Regni Francorum. In: Il bosco nel medioevo, herausgegeben von Bruno Andreolli und Mirella Montanari (= Biblioteca di storia agraria medievale 4). Bologna 1988.<\/td>\n<\/tr>\n<tr class=\"row-536 even\">\n\t<td class=\"column-1\">Voll, Thomas: \"Allen hilft der Wald\": Wald und Jagd auf der Gemarkung Obermoschel. In: 650 Jahre Stadt Obermoschel 1349-1999: Beitr\u00e4ge zur Geschichte und Gegenwart, herausgegeben von Rainer Schlundt. Otterbach 1999, S. 380-403.<\/td>\n<\/tr>\n<tr class=\"row-537 odd\">\n\t<td class=\"column-1\">Voth, Dieter: Zur Entwicklung der deutschen Jagdliteratur: Ein literaturhistorischer Entwurf. In: Librarium: Zeitschrift der Schweizerischen Bibliophilen-Gesellschaft 38 (1995), S. 2-25.<\/td>\n<\/tr>\n<tr class=\"row-538 even\">\n\t<td class=\"column-1\">Voth, Dieter: H\u00f6fische Jagdszenen der Karolingerzeit. In: Heimatjahrbuch Landkreis Mainz-Bingen 48 (2004), S. 49-53. <\/td>\n<\/tr>\n<tr class=\"row-539 odd\">\n\t<td class=\"column-1\">Vo\u00df, Eberhard\/Hoyer, Erich: 1000 Jahre Forst- und Jagdgeschichte Mecklenburgs. Rostock 1993.<\/td>\n<\/tr>\n<tr class=\"row-540 even\">\n\t<td class=\"column-1\">Wadl, Wilhelm: Jagdaus\u00fcbung im Zeitalter der Grundherrschaft. In: Carinthia I. Mitteilungen des Geschichtsvereins f\u00fcr K\u00e4rnten 186 (1996), S. 353-367.<\/td>\n<\/tr>\n<tr class=\"row-541 odd\">\n\t<td class=\"column-1\">Wadl, Wilhelm: Jagdaus\u00fcbung im Zeitalter der Grundherrschaft am Beispiel der Herrschaft Hollenburg. In: alles jagd ... eine kulturgeschichte: K\u00e4rtner Landesausstellung Ferlach 1997; Katalogbuch, herausgegeben vom Land K\u00e4rnten, Kulturabteilung - K\u00e4rtner Landesausstellung, unter der Leitung von G\u00fcnther H\u00f6dl und Hartwig Pucker [Gesamtredaktion: Gabriele Guntsche-Liessmann und Daniela Schurian]. Klagenfurt 1997, S. 409-413.<\/td>\n<\/tr>\n<tr class=\"row-542 even\">\n\t<td class=\"column-1\">Wadlinger, Wilhelm: Der Tatbestand der Jagdwilderei als Gegenstand der Strafgesetzgebung vom r\u00f6mischen Recht bis zur Gegenwart (Eine historisch-rechtsvergleichende Betrachtung). Diss. Jur. Universit\u00e4t Heidelberg 1948.<\/td>\n<\/tr>\n<tr class=\"row-543 odd\">\n\t<td class=\"column-1\">Wagner, J. M.: Weidspr\u00fcche und J\u00e4gerschreie. In: Archiv f\u00fcr die Geschichte deutscher Sprache und Dichtung (Januarheft 1873), S. 133-160. (Text nur bis 140)<\/td>\n<\/tr>\n<tr class=\"row-544 even\">\n\t<td class=\"column-1\">Wagner, Hans: Zur Geschichte der Fischerei und der Jagd in K\u00e4rnten. In: Carinthia I. Mitteilungen des Geschichtsvereins f\u00fcr K\u00e4rnten 145 (1955), S. 622-647 und Bd. 147 (1957), S. 635-639. <\/td>\n<\/tr>\n<tr class=\"row-545 odd\">\n\t<td class=\"column-1\">Wagner, Michael Karlheinz: Die deutsche \"J\u00e4gersprache\" aus variationslinguistischer und soziopragmatischer Sicht. Diplomarbeit Universit\u00e4t Graz 2014.<\/td>\n<\/tr>\n<tr class=\"row-546 even\">\n\t<td class=\"column-1\">Wagner, Rudolf (Freiherr v.): Das Jagdwesen in W\u00fcrttemberg unter den Herzogen: Ein Beitrag zur deutschen Kultur- und Rechtsgeschichte. T\u00fcbingen 1876.<\/td>\n<\/tr>\n<tr class=\"row-547 odd\">\n\t<td class=\"column-1\">Waller, Renz: Die Falknerei auf mittelalterlichen Burgen. In: Burgen und Schl\u00f6sser 8 (1967), S. 18-20.<\/td>\n<\/tr>\n<tr class=\"row-548 even\">\n\t<td class=\"column-1\">Walz, Dorothea: Das Falkenbuch Friedrichs II. In: Micrologus 2 (1994), S. 161-184.<\/td>\n<\/tr>\n<tr class=\"row-549 odd\">\n\t<td class=\"column-1\">Walz, Dorothea: Falkenjagd - Falkensymbolik. In: Codex Manesse: Ausstellung der Universit\u00e4t Heidelberg; Katalog zur Ausstellung vom 12. Juni bis 2. Oktober 1988, Universit\u00e4tsbibliothek Heidelberg (Heidelberger Bibliotheksschriften 30). Heidelberg 21988, S. 350-371, 644-653.<\/td>\n<\/tr>\n<tr class=\"row-550 even\">\n\t<td class=\"column-1\">Warmbier, J\u00fcrgen: Der Zusammenhang zwischen Falknerei und Reiterkultur. Berlin 1958.<\/td>\n<\/tr>\n<tr class=\"row-551 odd\">\n\t<td class=\"column-1\">Weber, Friedrich Wilhelm: Die Herrschaftsgeschichte von Sippersfeld in der Nordpfalz. In: Sippersfeld-Pfrimmerhof und Breunigweiler, herausgegeben von Rudolf Gillmann. Heidelberg 1968, S. 61-136, speziell \"Die herrschaftliche Jagd und die Fischerei\", S. 94-97.<\/td>\n<\/tr>\n<tr class=\"row-552 even\">\n\t<td class=\"column-1\">Weber, Otmar: Grenzbezeichnungen in alten Salzburger Jagd- und Waldgebieten. In: Mitteilungen der Gesellschaft f\u00fcr Salzburger Landeskunde 132 (1992), S. 129-142.<\/td>\n<\/tr>\n<tr class=\"row-553 odd\">\n\t<td class=\"column-1\">Wedler, Roswitha: Ein neuer Handschriftenfund zur deutschen Bearbeitung von Petrus de Crescentiis \"Opus ruralium commodorum\". In: Zeitschrift f\u00fcr Agrargeschichte und Agrarsoziologie 18 (1970), S. 153-158.<\/td>\n<\/tr>\n<tr class=\"row-554 even\">\n\t<td class=\"column-1\">Wegner, Wolfgang: Tiere und Jagd. In: Deutsche Fachliteratur der Artes in Mittelalter und Fr\u00fcher Neuzeit, herausgegeben von Bernhard Dietrich Haage und Wolfgang Wegner, unter Mitarbeit von Gundolf Keil und Helga Haage-Naber (= Grundlagen der Germanistik 43). Berlin 2007, S. 166-175.<\/td>\n<\/tr>\n<tr class=\"row-555 odd\">\n\t<td class=\"column-1\">Wei\u00df, Dieter J.: Die Wittelsbacher und die Jagd: Acht Jahrhunderte Kulturgeschichte. In: Sch\u00e4tze der Welt aus landeshistorischer Perspektive: Festschrift zum 65. Geburtstag von Wolfgang W\u00fcst, herausgegeben von Sabine W\u00fcst. St. Ottilien 2018, S. 401-411. <\/td>\n<\/tr>\n<tr class=\"row-556 even\">\n\t<td class=\"column-1\">Wendt, Ulrich: Kultur und Jagd: Ein Birschgang durch die Geschichte, 1. Bd.: Das Mittelalter. Berlin 1907.<\/td>\n<\/tr>\n<tr class=\"row-557 odd\">\n\t<td class=\"column-1\">Werth, Hermann: Altfranz\u00f6sische Jagdlehrb\u00fccher nebst Handschriftenbibliographie der abendl\u00e4ndischen Jagdliteratur \u00fcberhaupt. Halle a. d. Saale 1889.<\/td>\n<\/tr>\n<tr class=\"row-558 even\">\n\t<td class=\"column-1\">Wessel, Klaus: Langobardische Jagdfriese aus S\u00fcdtirol. In: Karolingische und ottonische Kunst: Werden, Wesen, Wirkung; 6. Internationaler Kongre\u00df f\u00fcr Fr\u00fchmittelalterforschung, Deutschland, 31 Aug. - 9. Sept. 1954 (= Forschungen zur Kunstgeschichte und christlichen Arch\u00e4ologie 3). Wiesbaden 1957, S. 253-261.<\/td>\n<\/tr>\n<tr class=\"row-559 odd\">\n\t<td class=\"column-1\">Westphalen, Thomas: Zum arch\u00e4ologischen Nachweis von Jagd und ihren Folgen f\u00fcr die Kulturlandschaft in Mittelalter und Neuzeit. In: Jagdlandschaften in Mitteleuropa: Dietrich Denecke zum 80. Geburtstag: mit Beitr\u00e4gen der Jahrestagung 2014 in Bad Blankenburg, herausgegeben von Haik Thomas Porada, Martin Heinze und Winfried Schenk f\u00fcr den Arbeitskreis f\u00fcr historische Kulturlandschaftsforschung in Mitteleuropa ARKUM e.V. (= Siedlungsforschung 32). Bonn 2015, S. 201-224.<\/td>\n<\/tr>\n<tr class=\"row-560 even\">\n\t<td class=\"column-1\">Wiesner, Gabriele: Pharmakologische Studien zur Falkenheilkunde: Mitte des 13. bis Ende des 16. Jahrhunderts. M\u00fcnchen 1975.<\/td>\n<\/tr>\n<tr class=\"row-561 odd\">\n\t<td class=\"column-1\">Wichner, Jakob: Jagd und Fischerei des Stiftes Admont bis zur 2. H\u00e4lfte des 18. Jahrhunderts nach archivalischen Quellen bearbeitet. Graz 1890.<\/td>\n<\/tr>\n<tr class=\"row-562 even\">\n\t<td class=\"column-1\">Wilhelm, Gustav: Das Jagdgebiet der Herren von Sulz und Brandis. In: Jahrbuch des Historischen Vereins f\u00fcr das F\u00fcrstentum Liechtenstein 38 (1938), S. 95-106<\/td>\n<\/tr>\n<tr class=\"row-563 odd\">\n\t<td class=\"column-1\">Wilhelmi, Thomas: \"Vogel vahens halbenn zu vnzytenn\": ein von Sebastian Brant mitformuliertes Stra\u00dfburger Mandat zum Vogelfang. In: Von lon der wisheit: Gedenkschrift f\u00fcr Manfred Lemmer, herausgegeben von Kurt G\u00e4rtner und Hans-Joachim Solms. Sandersdorf 2009, S. 242-249.<\/td>\n<\/tr>\n<tr class=\"row-564 even\">\n\t<td class=\"column-1\">Willemsen, Carl Arnold: \u00dcber mittelalterliche Quellen zur Geschichte der Jagd. In: Archiv f\u00fcr Kulturgeschichte 39 (1957), S. 228-231.<\/td>\n<\/tr>\n<tr class=\"row-565 odd\">\n\t<td class=\"column-1\">Willemsen, Carl Arnold: Die Beize ist die edelste aller Jagdarten: Das Falkenbuch Kaiser Friedrichs des Zweiten. In: Imagination: Aus der Welt des Mittelalters; Zeitschrift f\u00fcr Freunde des alten Buches 3\/3 (1988), S. 13-15.<\/td>\n<\/tr>\n<tr class=\"row-566 even\">\n\t<td class=\"column-1\">Willoweit, Dietmar: Die Rechte des gemeinen Mannes: Fischerei und Waldnutzung im Entstehungsprozess der alteurop\u00e4ischen Rechtsordnung. In: Recht im Wandel - Wandel des Rechts: Festschrift f\u00fcr J\u00fcrgen Weitzel zum 70. Geburtstag, herausgegeben von Ignacio Czeguhn. K\u00f6ln u.a. 2014, S. 205-224.<\/td>\n<\/tr>\n<tr class=\"row-567 odd\">\n\t<td class=\"column-1\">Wilson, Gale Louise: Epic and symbolic functions of the hunt in five medieval German epics. Diss. University of North Carolina at Chapel Hill 1981.<\/td>\n<\/tr>\n<tr class=\"row-568 even\">\n\t<td class=\"column-1\">Winkler, Gerhard: Zur Kulturgeschichte der Jagd in \u00d6sterreich unter besonderer Ber\u00fccksichtigung Nieder\u00f6sterreichs. In: Jagd einst und jetzt: Nieder\u00f6sterreichische Landesausstellung im Schlo\u00df Marchegg (N.\u00d6.) vom 29. April bis 15. November 1978; Katalog, herausgegeben vom Amt d. Nieder\u00f6sterr. Landesregierung, Abt. III\/2, Kulturabteilung, bearbeitet von Gerhard Winkler (= Katalog des Nieder\u00f6sterreichischen Landesmuseums NF 77). Wien 1978, S. 111-125.<\/td>\n<\/tr>\n<tr class=\"row-569 odd\">\n\t<td class=\"column-1\">Wirth, Janina: Der N\u00fcrnberger Reichswald zwischen Nutzung und Repr\u00e4sentation. Mit einem Schwerpunkt auf der Jagd. In: Krivokl\u00e1t - P\u00fcrglitz: Jagd, Wald, Herrscherrepr\u00e4sentation, herausgegeben von Jir\u00ed Fajt, Markus H\u00f6rsch und Vladislav Raz\u00edm (= Studia Jagellonica Lipsiensia, Bd. 17). Ostfildern 2014, S. 313-354.<\/td>\n<\/tr>\n<tr class=\"row-570 even\">\n\t<td class=\"column-1\">Witzmann, Johann: Der Wald - Forstwesen, Jagd, Fischerei. In: Beitr\u00e4ge zur Heimatkunde des Bezirkes Waidhofen an der Thaya, zusammengestellt von einem Arbeitskreis der Lehrerarbeitsgemeinschaft des Bezirkes Waidhofen an der Thaya. Waidhofen a. d. Thaya 1970, S. 37-41.<\/td>\n<\/tr>\n<tr class=\"row-571 odd\">\n\t<td class=\"column-1\">Woellwarth, Christoph Frhr. von: Jagd in Essingen einst und jetzt. In: Essingen: Geschichte einer Gemeinde zwischen Albuch, Rems und Welland, herausgegeben von Rainer L\u00e4chele. Filderstadt 2008, S. 244-251.<\/td>\n<\/tr>\n<tr class=\"row-572 even\">\n\t<td class=\"column-1\">Woeste, Dietrich: Die Jagd des adeligen Hauses Pungelscheid bei Werdohl. In: Der M\u00e4rker: Landeskundliche Zeitschrift f\u00fcr den Bereich der ehem. Grafschaft Mark und den M\u00e4rkischen Kreis 36 (1987), S. 119-128.<\/td>\n<\/tr>\n<tr class=\"row-573 odd\">\n\t<td class=\"column-1\">Wolf, Manfred: Drolshagen in den Auseinandersetzungen um die Anspr\u00fcche der M\u00e4rkischen auf eine Jagdberechtigung im Kurk\u00f6lnischen. In: Heimatstimmen aus dem Kreis Olpe 54 (1983), S. 147-151.<\/td>\n<\/tr>\n<tr class=\"row-574 even\">\n\t<td class=\"column-1\">Wolter-von dem Knesebeck, Harald: Aspekte der h\u00f6fischen Jagd und ihrer Kritik in Bildzeugnissen des Hochmittelalters. In: Jagd und h\u00f6fische Kultur im Mittelalter, herausgegeben von Werner R\u00f6sener (= Ver\u00f6ffentlichungen des Max-Planck-Instituts f\u00fcr Geschichte, Bd. 135). G\u00f6ttingen 1997, S. 493-572.<\/td>\n<\/tr>\n<tr class=\"row-575 odd\">\n\t<td class=\"column-1\">Wolter-von dem Knesebeck, Harald: Bildliche Darstellungen der Jagd zwischen Antike und Mittelalter als Teil der Erinnerungskultur und Repr\u00e4sentation von Eliten. In: Die Jagd der Eliten in den Erinnerungskulturen von der Antike bis in die Fr\u00fche Neuzeit, herausgegeben von Wolfram Martini (= Formen der Erinnerung 3). G\u00f6ttingen 2000, S. 39-78.<\/td>\n<\/tr>\n<tr class=\"row-576 even\">\n\t<td class=\"column-1\">Wolter-von dem Knesebeck, Harald: Jagd. In: Handbuch der politischen Ikonographie, Tl. 2, herausgegeben von Martin Warnke, Uwe Fleckner und Hendrik Ziegler. M\u00fcnchen 2008, S. 20-25.<\/td>\n<\/tr>\n<tr class=\"row-577 odd\">\n\t<td class=\"column-1\">W\u00fcst, Wolfgang: Schloss Hirschberg und die Jagdleidenschaft der Eichst\u00e4tter F\u00fcrstbisch\u00f6fe. In: Altfr\u00e4nkische Bilder Ser. NF 3 (2008), S. 14-17.<\/td>\n<\/tr>\n<tr class=\"row-578 even\">\n\t<td class=\"column-1\">Zahn, Joseph von: Notizen zur Geschichte der Jagden auf den Gr\u00fcnden des ehemaligen Klosters Neuberg. In: Mitteilungen des Historischen Vereins f\u00fcr Steiermark 36 (1888), S. 205-216.<\/td>\n<\/tr>\n<tr class=\"row-579 odd\">\n\t<td class=\"column-1\">\u017d\u00e1kovsk\u00fd, Petr: Tes\u00e1ky s clunkovit\u00fdmi z\u00e1\u0161titami a jejich postaven\u00ed ve v\u00fdvoji chladn\u00fdch zbran\u00ed [Jagdschwerter mit bootf\u00f6rmigen Parierstangen und ihre Stellung in der Entwicklung kalter Waffen]. In: Archaeologia historica 37 (2012), S. 691-732.<\/td>\n<\/tr>\n<tr class=\"row-580 even\">\n\t<td class=\"column-1\">Zarncke, Friedrich: Die Jagd im Nibelungenliede. In: Beitr\u00e4ge zur Geschichte der deutschen Sprache und Literatur 10 (1885), S. 384-402.<\/td>\n<\/tr>\n<tr class=\"row-581 odd\">\n\t<td class=\"column-1\">Zaunick, Rudolph: Die Fischerei-Tollk\u00f6der in Europa vom Altertum bis zur Neuzeit; geschichtliche Studien zur angewandten Naturwissenschaft. In: Archiv f\u00fcr Hydrobiologie, Supplementband 4 (1928), S. 527-736.<\/td>\n<\/tr>\n<tr class=\"row-582 even\">\n\t<td class=\"column-1\">Ziskovsky, Walter: Die Jagd in Rottenmann einst und jetzt. In: 700 Jahre Stadt Rottenmann: 1279-1979; Ein Heimatbuch, Festschrift, herausgegeben von der Stadtgemeinde Rottenmann, zusammengestellt von Franz Stockinger unter Mitarbeit von Gerhard Pferschy. Rottenmann 1979, S. 76-78.<\/td>\n<\/tr>\n<tr class=\"row-583 odd\">\n\t<td class=\"column-1\">Zitzen, Emil: Die Eifeler Jagd in geschichtlicher Schau. In: Die Eifel: Zeitschrift des Eifelvereins 47 (1952), S. 130-131.<\/td>\n<\/tr>\n<tr class=\"row-584 even\">\n\t<td class=\"column-1\">Zotz, Thomas: Beobachtungen zu K\u00f6nigtum und Forst im fr\u00fcheren Mittelalter. In: Jagd und h\u00f6fische Kultur im Mittelalter, herausgegeben von Werner R\u00f6sener (= Ver\u00f6ffentlichungen des Max-Planck-Instituts f\u00fcr Geschichte, Bd. 135). G\u00f6ttingen 1997, S. 95-122.<\/td>\n<\/tr>\n<\/tbody>\n<\/table>\n<!-- #tablepress-5 from cache -->\n\n\n\n<p style=\"text-align: left;\">Die Bibliographie wurde von Lukas Orfgen erstellt.<\/p>\n\n\n","protected":false},"excerpt":{"rendered":"<p>Die Literaturverzeichnisse zu den Beitr\u00e4gen Schultz-Balluff, Simone: Hoppa waidman, frisch und hayl, so wirt dir auch dein tayl! Tipps aus der Satteltasche? Ein handliches Jagdbuch aus dem 15. Jahrhundert im Einsatz. In: HALALI, 1\/2021, S. 144-151, Schultz-Balluff, Simone: Es sint dreyerley ha\u00dfen. Von herabh\u00e4ngenden L\u00f6ffeln, erstarrten Hasen und dem Klopfen auf den Busch. In: HALALI,&#8230;<\/p>\n","protected":false},"author":1,"featured_media":0,"parent":0,"menu_order":0,"comment_status":"closed","ping_status":"closed","template":"","meta":{"_links_to":"","_links_to_target":""},"_links":{"self":[{"href":"http:\/\/jagd-im-mittelalter.de\/index.php?rest_route=\/wp\/v2\/pages\/1061"}],"collection":[{"href":"http:\/\/jagd-im-mittelalter.de\/index.php?rest_route=\/wp\/v2\/pages"}],"about":[{"href":"http:\/\/jagd-im-mittelalter.de\/index.php?rest_route=\/wp\/v2\/types\/page"}],"author":[{"embeddable":true,"href":"http:\/\/jagd-im-mittelalter.de\/index.php?rest_route=\/wp\/v2\/users\/1"}],"replies":[{"embeddable":true,"href":"http:\/\/jagd-im-mittelalter.de\/index.php?rest_route=%2Fwp%2Fv2%2Fcomments&post=1061"}],"version-history":[{"count":39,"href":"http:\/\/jagd-im-mittelalter.de\/index.php?rest_route=\/wp\/v2\/pages\/1061\/revisions"}],"predecessor-version":[{"id":1247,"href":"http:\/\/jagd-im-mittelalter.de\/index.php?rest_route=\/wp\/v2\/pages\/1061\/revisions\/1247"}],"wp:attachment":[{"href":"http:\/\/jagd-im-mittelalter.de\/index.php?rest_route=%2Fwp%2Fv2%2Fmedia&parent=1061"}],"curies":[{"name":"wp","href":"https:\/\/api.w.org\/{rel}","templated":true}]}}